{"id":13150,"date":"2026-06-15T10:09:06","date_gmt":"2026-06-15T08:09:06","guid":{"rendered":"https:\/\/www.lesseps.net\/mencions-legals\/"},"modified":"2026-08-31T11:19:52","modified_gmt":"2026-08-31T09:19:52","slug":"mencions-legals","status":"publish","type":"page","link":"https:\/\/www.lesseps.net\/ca\/mencions-legals\/","title":{"rendered":"Mencions Legals"},"content":{"rendered":"\t\t<div data-elementor-type=\"wp-page\" data-elementor-id=\"13150\" class=\"elementor elementor-13150 elementor-12565\" data-elementor-post-type=\"page\">\n\t\t\t\t<div class=\"elementor-element elementor-element-90ecad9 e-flex e-con-boxed e-con e-parent\" data-id=\"90ecad9\" data-element_type=\"container\" data-e-type=\"container\">\n\t\t\t\t\t<div class=\"e-con-inner\">\n\t\t\t\t<div class=\"elementor-element elementor-element-831fa1a elementor-widget elementor-widget-heading\" data-id=\"831fa1a\" data-element_type=\"widget\" data-e-type=\"widget\" data-widget_type=\"heading.default\">\n\t\t\t\t<div class=\"elementor-widget-container\">\n\t\t\t\t\t<h1 class=\"elementor-heading-title elementor-size-default\">Mencions Legals<\/h1>\t\t\t\t<\/div>\n\t\t\t\t<\/div>\n\t\t\t\t\t<\/div>\n\t\t\t\t<\/div>\n\t\t\t\t<section class=\"elementor-section elementor-top-section elementor-element elementor-element-8e65101 l-margin-lg section-color-blue .false-acordeon elementor-section-boxed elementor-section-height-default elementor-section-height-default\" data-id=\"8e65101\" data-element_type=\"section\" data-e-type=\"section\">\n\t\t\t\t\t\t<div class=\"elementor-container elementor-column-gap-default\">\n\t\t\t\t\t<div class=\"elementor-column elementor-col-100 elementor-top-column elementor-element elementor-element-f4e703b\" data-id=\"f4e703b\" data-element_type=\"column\" data-e-type=\"column\">\n\t\t\t<div class=\"elementor-widget-wrap elementor-element-populated\">\n\t\t\t\t\t\t<div class=\"elementor-element elementor-element-364869b elementor-widget elementor-widget-toggle\" data-id=\"364869b\" data-element_type=\"widget\" data-e-type=\"widget\" data-widget_type=\"toggle.default\">\n\t\t\t\t<div class=\"elementor-widget-container\">\n\t\t\t\t\t\t\t<div class=\"elementor-toggle\">\n\t\t\t\t\t\t\t<div class=\"elementor-toggle-item\">\n\t\t\t\t\t<h2 id=\"elementor-tab-title-5691\" class=\"elementor-tab-title\" data-tab=\"1\" role=\"button\" aria-controls=\"elementor-tab-content-5691\" aria-expanded=\"false\">\n\t\t\t\t\t\t\t\t\t\t\t\t<span class=\"elementor-toggle-icon elementor-toggle-icon-left\" aria-hidden=\"true\">\n\t\t\t\t\t\t\t\t\t\t\t\t\t\t\t<span class=\"elementor-toggle-icon-closed\"><svg xmlns=\"http:\/\/www.w3.org\/2000\/svg\" id=\"Capa_2\" data-name=\"Capa 2\" viewBox=\"0 0 47 47\"><g id=\"copy\"><g><line x1=\"23.5\" y1=\"12.5\" x2=\"23.5\" y2=\"34.5\" fill=\"none\" stroke=\"#1c355e\" stroke-miterlimit=\"10\"><\/line><line x1=\"34.5\" y1=\"23.5\" x2=\"12.5\" y2=\"23.5\" fill=\"none\" stroke=\"#1c355e\" stroke-miterlimit=\"10\"><\/line><circle cx=\"23.5\" cy=\"23.5\" r=\"23\" fill=\"none\" stroke=\"#1c355e\" stroke-miterlimit=\"10\"><\/circle><\/g><\/g><\/svg><\/span>\n\t\t\t\t\t\t\t\t<span class=\"elementor-toggle-icon-opened\"><svg xmlns=\"http:\/\/www.w3.org\/2000\/svg\" id=\"Capa_2\" data-name=\"Capa 2\" viewBox=\"0 0 47 47\"><g id=\"copy\"><g><line x1=\"34.5\" y1=\"23.5\" x2=\"12.5\" y2=\"23.5\" fill=\"none\" stroke=\"#1c355e\" stroke-miterlimit=\"10\"><\/line><circle cx=\"23.5\" cy=\"23.5\" r=\"23\" fill=\"none\" stroke=\"#1c355e\" stroke-miterlimit=\"10\"><\/circle><\/g><\/g><\/svg><\/span>\n\t\t\t\t\t\t\t\t\t\t\t\t\t<\/span>\n\t\t\t\t\t\t\t\t\t\t\t\t<a class=\"elementor-toggle-title\" tabindex=\"0\"><span class=\"colorize-yellow\">Informaci\u00f3 identificativa<\/span><\/a>\n\t\t\t\t\t<\/h2>\n\n\t\t\t\t\t<div id=\"elementor-tab-content-5691\" class=\"elementor-tab-content elementor-clearfix\" data-tab=\"1\" role=\"region\" aria-labelledby=\"elementor-tab-title-5691\"><p><span style=\"font-weight: 400;\" data-mce-style=\"font-weight: 400;\">En virtut de l&#8217;obligaci\u00f3 d&#8217;informaci\u00f3 prevista a l&#8217;article 10 de la Llei 34\/2002, d&#8217;11 de juliol, de serveis de la societat de la informaci\u00f3 i de comer\u00e7 electr\u00f2nic (LSSI-CE), es comuniquen les dades seg\u00fcents:<\/span><\/p>\n<p><\/p>\n<ul>\n<li><span style=\"font-weight: 400;\" data-mce-style=\"font-weight: 400;\"> Titular: Fundaci\u00f3n Privada \u00c9cole Fran\u00e7aise Ferdinand de Lesseps<\/span><\/li>\n<li><span style=\"font-weight: 400;\" data-mce-style=\"font-weight: 400;\"> NIF (N\u00famero de identificaci\u00f3n fiscal): G65048076<\/span><\/li>\n<li><span style=\"font-weight: 400;\" data-mce-style=\"font-weight: 400;\"> Domicili social: Gran Via de Les Corts Catalanes 707 &#8211; 08013 Barcelona (Espa\u00f1a)<\/span><\/li>\n<li><span style=\"font-weight: 400;\" data-mce-style=\"font-weight: 400;\"> Tel\u00e8fon: (+34) 932 321 612<\/span><\/li>\n<li><span style=\"font-weight: 400;\" data-mce-style=\"font-weight: 400;\"> Domini d\u2019internet: https:\/\/www.lesseps.net<\/span><\/li>\n<li><span style=\"font-weight: 400;\" data-mce-style=\"font-weight: 400;\"> Dades registrals: <\/span><span style=\"font-weight: 400;\" data-mce-style=\"font-weight: 400;\">Inscrita en<\/span><span style=\"font-weight: 400;\" data-mce-style=\"font-weight: 400;\"> Registre de Fundacions de la Generalitat de Catalunya amb el n\u00famero 2585<\/span><\/li>\n<\/ul>\n<\/div>\n\t\t\t\t<\/div>\n\t\t\t\t\t\t\t<div class=\"elementor-toggle-item\">\n\t\t\t\t\t<h2 id=\"elementor-tab-title-5692\" class=\"elementor-tab-title\" data-tab=\"2\" role=\"button\" aria-controls=\"elementor-tab-content-5692\" aria-expanded=\"false\">\n\t\t\t\t\t\t\t\t\t\t\t\t<span class=\"elementor-toggle-icon elementor-toggle-icon-left\" aria-hidden=\"true\">\n\t\t\t\t\t\t\t\t\t\t\t\t\t\t\t<span class=\"elementor-toggle-icon-closed\"><svg xmlns=\"http:\/\/www.w3.org\/2000\/svg\" id=\"Capa_2\" data-name=\"Capa 2\" viewBox=\"0 0 47 47\"><g id=\"copy\"><g><line x1=\"23.5\" y1=\"12.5\" x2=\"23.5\" y2=\"34.5\" fill=\"none\" stroke=\"#1c355e\" stroke-miterlimit=\"10\"><\/line><line x1=\"34.5\" y1=\"23.5\" x2=\"12.5\" y2=\"23.5\" fill=\"none\" stroke=\"#1c355e\" stroke-miterlimit=\"10\"><\/line><circle cx=\"23.5\" cy=\"23.5\" r=\"23\" fill=\"none\" stroke=\"#1c355e\" stroke-miterlimit=\"10\"><\/circle><\/g><\/g><\/svg><\/span>\n\t\t\t\t\t\t\t\t<span class=\"elementor-toggle-icon-opened\"><svg xmlns=\"http:\/\/www.w3.org\/2000\/svg\" id=\"Capa_2\" data-name=\"Capa 2\" viewBox=\"0 0 47 47\"><g id=\"copy\"><g><line x1=\"34.5\" y1=\"23.5\" x2=\"12.5\" y2=\"23.5\" fill=\"none\" stroke=\"#1c355e\" stroke-miterlimit=\"10\"><\/line><circle cx=\"23.5\" cy=\"23.5\" r=\"23\" fill=\"none\" stroke=\"#1c355e\" stroke-miterlimit=\"10\"><\/circle><\/g><\/g><\/svg><\/span>\n\t\t\t\t\t\t\t\t\t\t\t\t\t<\/span>\n\t\t\t\t\t\t\t\t\t\t\t\t<a class=\"elementor-toggle-title\" tabindex=\"0\"><span class=\"colorize-yellow\">Objecte i \u00e0mbit d'aplicaci\u00f3<\/span><\/a>\n\t\t\t\t\t<\/h2>\n\n\t\t\t\t\t<div id=\"elementor-tab-content-5692\" class=\"elementor-tab-content elementor-clearfix\" data-tab=\"2\" role=\"region\" aria-labelledby=\"elementor-tab-title-5692\"><p>Les presents Condicions Legals regulen l&#8217;acc\u00e9s, la navegaci\u00f3 i l&#8217;\u00fas del lloc web. L&#8217;acc\u00e9s, la navegaci\u00f3 o l&#8217;\u00fas d&#8217;aquest portal atribueixen la condici\u00f3 d&#8217;USUARI, la qual cosa implica l&#8217;acceptaci\u00f3 plena i sense reserves de totes les condicions incloses en aquest document des de l&#8217;inici de la navegaci\u00f3.<\/p>\n<\/div>\n\t\t\t\t<\/div>\n\t\t\t\t\t\t\t<div class=\"elementor-toggle-item\">\n\t\t\t\t\t<h2 id=\"elementor-tab-title-5693\" class=\"elementor-tab-title\" data-tab=\"3\" role=\"button\" aria-controls=\"elementor-tab-content-5693\" aria-expanded=\"false\">\n\t\t\t\t\t\t\t\t\t\t\t\t<span class=\"elementor-toggle-icon elementor-toggle-icon-left\" aria-hidden=\"true\">\n\t\t\t\t\t\t\t\t\t\t\t\t\t\t\t<span class=\"elementor-toggle-icon-closed\"><svg xmlns=\"http:\/\/www.w3.org\/2000\/svg\" id=\"Capa_2\" data-name=\"Capa 2\" viewBox=\"0 0 47 47\"><g id=\"copy\"><g><line x1=\"23.5\" y1=\"12.5\" x2=\"23.5\" y2=\"34.5\" fill=\"none\" stroke=\"#1c355e\" stroke-miterlimit=\"10\"><\/line><line x1=\"34.5\" y1=\"23.5\" x2=\"12.5\" y2=\"23.5\" fill=\"none\" stroke=\"#1c355e\" stroke-miterlimit=\"10\"><\/line><circle cx=\"23.5\" cy=\"23.5\" r=\"23\" fill=\"none\" stroke=\"#1c355e\" stroke-miterlimit=\"10\"><\/circle><\/g><\/g><\/svg><\/span>\n\t\t\t\t\t\t\t\t<span class=\"elementor-toggle-icon-opened\"><svg xmlns=\"http:\/\/www.w3.org\/2000\/svg\" id=\"Capa_2\" data-name=\"Capa 2\" viewBox=\"0 0 47 47\"><g id=\"copy\"><g><line x1=\"34.5\" y1=\"23.5\" x2=\"12.5\" y2=\"23.5\" fill=\"none\" stroke=\"#1c355e\" stroke-miterlimit=\"10\"><\/line><circle cx=\"23.5\" cy=\"23.5\" r=\"23\" fill=\"none\" stroke=\"#1c355e\" stroke-miterlimit=\"10\"><\/circle><\/g><\/g><\/svg><\/span>\n\t\t\t\t\t\t\t\t\t\t\t\t\t<\/span>\n\t\t\t\t\t\t\t\t\t\t\t\t<a class=\"elementor-toggle-title\" tabindex=\"0\"><span class=\"colorize-yellow\">Condicions d'\u00fas<\/span><\/a>\n\t\t\t\t\t<\/h2>\n\n\t\t\t\t\t<div id=\"elementor-tab-content-5693\" class=\"elementor-tab-content elementor-clearfix\" data-tab=\"3\" role=\"region\" aria-labelledby=\"elementor-tab-title-5693\"><p>L&#8217;USUARI es compromet a fer un \u00fas apropiat, l\u00edcit i diligent dels continguts, eines i serveis d&#8217;informaci\u00f3 que la Fundaci\u00f3n Privada \u00c9cole Fran\u00e7aise Ferdinand de Lesseps ofereix al seu lloc web, de conformitat amb la legislaci\u00f3 vigent, la bona fe, els usos generalment acceptats i l&#8217;ordre p\u00fablic. Queda expressament prohibit l&#8217;\u00fas del lloc web amb finalitats il\u00b7l\u00edcites, perjudicials, o que de qualsevol altra manera puguin causar danys, sobrecarregar o impedir el funcionament normal dels sistemes inform\u00e0tics del centre educatiu o de la seva fundaci\u00f3.<\/p>\n<\/div>\n\t\t\t\t<\/div>\n\t\t\t\t\t\t\t<div class=\"elementor-toggle-item\">\n\t\t\t\t\t<h2 id=\"elementor-tab-title-5694\" class=\"elementor-tab-title\" data-tab=\"4\" role=\"button\" aria-controls=\"elementor-tab-content-5694\" aria-expanded=\"false\">\n\t\t\t\t\t\t\t\t\t\t\t\t<span class=\"elementor-toggle-icon elementor-toggle-icon-left\" aria-hidden=\"true\">\n\t\t\t\t\t\t\t\t\t\t\t\t\t\t\t<span class=\"elementor-toggle-icon-closed\"><svg xmlns=\"http:\/\/www.w3.org\/2000\/svg\" id=\"Capa_2\" data-name=\"Capa 2\" viewBox=\"0 0 47 47\"><g id=\"copy\"><g><line x1=\"23.5\" y1=\"12.5\" x2=\"23.5\" y2=\"34.5\" fill=\"none\" stroke=\"#1c355e\" stroke-miterlimit=\"10\"><\/line><line x1=\"34.5\" y1=\"23.5\" x2=\"12.5\" y2=\"23.5\" fill=\"none\" stroke=\"#1c355e\" stroke-miterlimit=\"10\"><\/line><circle cx=\"23.5\" cy=\"23.5\" r=\"23\" fill=\"none\" stroke=\"#1c355e\" stroke-miterlimit=\"10\"><\/circle><\/g><\/g><\/svg><\/span>\n\t\t\t\t\t\t\t\t<span class=\"elementor-toggle-icon-opened\"><svg xmlns=\"http:\/\/www.w3.org\/2000\/svg\" id=\"Capa_2\" data-name=\"Capa 2\" viewBox=\"0 0 47 47\"><g id=\"copy\"><g><line x1=\"34.5\" y1=\"23.5\" x2=\"12.5\" y2=\"23.5\" fill=\"none\" stroke=\"#1c355e\" stroke-miterlimit=\"10\"><\/line><circle cx=\"23.5\" cy=\"23.5\" r=\"23\" fill=\"none\" stroke=\"#1c355e\" stroke-miterlimit=\"10\"><\/circle><\/g><\/g><\/svg><\/span>\n\t\t\t\t\t\t\t\t\t\t\t\t\t<\/span>\n\t\t\t\t\t\t\t\t\t\t\t\t<a class=\"elementor-toggle-title\" tabindex=\"0\"><span class=\"colorize-yellow\">Propietat intel\u00b7lectual i industrial<\/span><\/a>\n\t\t\t\t\t<\/h2>\n\n\t\t\t\t\t<div id=\"elementor-tab-content-5694\" class=\"elementor-tab-content elementor-clearfix\" data-tab=\"4\" role=\"region\" aria-labelledby=\"elementor-tab-title-5694\"><p>La Fundaci\u00f3n Privada \u00c9cole Fran\u00e7aise Ferdinand de Lesseps \u00e9s titular o disposa de les llic\u00e8ncies corresponents sobre tots els drets de propietat intel\u00b7lectual i industrial del seu lloc web, aix\u00ed com dels elements que hi s\u00f3n continguts (a t\u00edtol enunciatiu: imatges, fotografies d&#8217;activitats escolars, logotips, marques, textos, v\u00eddeos, estructures, dissenys, codi font i elements gr\u00e0fics). Queda expressament prohibida la reproducci\u00f3, distribuci\u00f3, transformaci\u00f3 i comunicaci\u00f3 p\u00fablica de la totalitat o part dels continguts d&#8217;aquest lloc web amb finalitats comercials, en qualsevol suport i per qualsevol mitj\u00e0 t\u00e8cnic, sense l&#8217;autoritzaci\u00f3 pr\u00e8via, expressa i escrita de l&#8217;entitat.<\/p>\n<\/div>\n\t\t\t\t<\/div>\n\t\t\t\t\t\t\t<div class=\"elementor-toggle-item\">\n\t\t\t\t\t<h2 id=\"elementor-tab-title-5695\" class=\"elementor-tab-title\" data-tab=\"5\" role=\"button\" aria-controls=\"elementor-tab-content-5695\" aria-expanded=\"false\">\n\t\t\t\t\t\t\t\t\t\t\t\t<span class=\"elementor-toggle-icon elementor-toggle-icon-left\" aria-hidden=\"true\">\n\t\t\t\t\t\t\t\t\t\t\t\t\t\t\t<span class=\"elementor-toggle-icon-closed\"><svg xmlns=\"http:\/\/www.w3.org\/2000\/svg\" id=\"Capa_2\" data-name=\"Capa 2\" viewBox=\"0 0 47 47\"><g id=\"copy\"><g><line x1=\"23.5\" y1=\"12.5\" x2=\"23.5\" y2=\"34.5\" fill=\"none\" stroke=\"#1c355e\" stroke-miterlimit=\"10\"><\/line><line x1=\"34.5\" y1=\"23.5\" x2=\"12.5\" y2=\"23.5\" fill=\"none\" stroke=\"#1c355e\" stroke-miterlimit=\"10\"><\/line><circle cx=\"23.5\" cy=\"23.5\" r=\"23\" fill=\"none\" stroke=\"#1c355e\" stroke-miterlimit=\"10\"><\/circle><\/g><\/g><\/svg><\/span>\n\t\t\t\t\t\t\t\t<span class=\"elementor-toggle-icon-opened\"><svg xmlns=\"http:\/\/www.w3.org\/2000\/svg\" id=\"Capa_2\" data-name=\"Capa 2\" viewBox=\"0 0 47 47\"><g id=\"copy\"><g><line x1=\"34.5\" y1=\"23.5\" x2=\"12.5\" y2=\"23.5\" fill=\"none\" stroke=\"#1c355e\" stroke-miterlimit=\"10\"><\/line><circle cx=\"23.5\" cy=\"23.5\" r=\"23\" fill=\"none\" stroke=\"#1c355e\" stroke-miterlimit=\"10\"><\/circle><\/g><\/g><\/svg><\/span>\n\t\t\t\t\t\t\t\t\t\t\t\t\t<\/span>\n\t\t\t\t\t\t\t\t\t\t\t\t<a class=\"elementor-toggle-title\" tabindex=\"0\"><span class=\"colorize-yellow\">Exclusi\u00f3 de responsabilitat<\/span><\/a>\n\t\t\t\t\t<\/h2>\n\n\t\t\t\t\t<div id=\"elementor-tab-content-5695\" class=\"elementor-tab-content elementor-clearfix\" data-tab=\"5\" role=\"region\" aria-labelledby=\"elementor-tab-title-5695\"><p>La informaci\u00f3 publicada en aquest lloc web (calendaris escolars, informaci\u00f3 sobre inscripcions, activitats o projectes pedag\u00f2gics) t\u00e9 car\u00e0cter merament informatiu. La fundaci\u00f3 no podr\u00e0 ser considerada responsable en cap cas dels danys i perjudicis de qualsevol naturalesa que poguessin derivar-se de, a t\u00edtol enunciatiu: errors o omissions en els continguts, manca de disponibilitat del portal, o la transmissi\u00f3 de virus o programes maliciosos, malgrat haver adoptat totes les mesures tecnol\u00f2giques necess\u00e0ries per evitar-ho.<\/p>\n<\/div>\n\t\t\t\t<\/div>\n\t\t\t\t\t\t\t<div class=\"elementor-toggle-item\">\n\t\t\t\t\t<h2 id=\"elementor-tab-title-5696\" class=\"elementor-tab-title\" data-tab=\"6\" role=\"button\" aria-controls=\"elementor-tab-content-5696\" aria-expanded=\"false\">\n\t\t\t\t\t\t\t\t\t\t\t\t<span class=\"elementor-toggle-icon elementor-toggle-icon-left\" aria-hidden=\"true\">\n\t\t\t\t\t\t\t\t\t\t\t\t\t\t\t<span class=\"elementor-toggle-icon-closed\"><svg xmlns=\"http:\/\/www.w3.org\/2000\/svg\" id=\"Capa_2\" data-name=\"Capa 2\" viewBox=\"0 0 47 47\"><g id=\"copy\"><g><line x1=\"23.5\" y1=\"12.5\" x2=\"23.5\" y2=\"34.5\" fill=\"none\" stroke=\"#1c355e\" stroke-miterlimit=\"10\"><\/line><line x1=\"34.5\" y1=\"23.5\" x2=\"12.5\" y2=\"23.5\" fill=\"none\" stroke=\"#1c355e\" stroke-miterlimit=\"10\"><\/line><circle cx=\"23.5\" cy=\"23.5\" r=\"23\" fill=\"none\" stroke=\"#1c355e\" stroke-miterlimit=\"10\"><\/circle><\/g><\/g><\/svg><\/span>\n\t\t\t\t\t\t\t\t<span class=\"elementor-toggle-icon-opened\"><svg xmlns=\"http:\/\/www.w3.org\/2000\/svg\" id=\"Capa_2\" data-name=\"Capa 2\" viewBox=\"0 0 47 47\"><g id=\"copy\"><g><line x1=\"34.5\" y1=\"23.5\" x2=\"12.5\" y2=\"23.5\" fill=\"none\" stroke=\"#1c355e\" stroke-miterlimit=\"10\"><\/line><circle cx=\"23.5\" cy=\"23.5\" r=\"23\" fill=\"none\" stroke=\"#1c355e\" stroke-miterlimit=\"10\"><\/circle><\/g><\/g><\/svg><\/span>\n\t\t\t\t\t\t\t\t\t\t\t\t\t<\/span>\n\t\t\t\t\t\t\t\t\t\t\t\t<a class=\"elementor-toggle-title\" tabindex=\"0\"><span class=\"colorize-yellow\">Protecci\u00f3 de dades personals<\/span><\/a>\n\t\t\t\t\t<\/h2>\n\n\t\t\t\t\t<div id=\"elementor-tab-content-5696\" class=\"elementor-tab-content elementor-clearfix\" data-tab=\"6\" role=\"region\" aria-labelledby=\"elementor-tab-title-5696\"><p>Tot tractament de dades personals realitzat durant l&#8217;\u00fas d&#8217;aquest lloc web es regeix pel que disposa la nostra Pol\u00edtica de Privacitat, de conformitat amb el Reglament (UE) 2016\/679 (RGPD) i la LOPDGDD 3\/2018. Per a qualsevol consulta o aclariment t\u00e8cnic al respecte, podeu posar-vos en contacte amb el nostre gabinet assessor extern a l&#8217;adre\u00e7a seg\u00fcent: lopd@msanchez.cat.<\/p>\n<\/div>\n\t\t\t\t<\/div>\n\t\t\t\t\t\t\t<div class=\"elementor-toggle-item\">\n\t\t\t\t\t<h2 id=\"elementor-tab-title-5697\" class=\"elementor-tab-title\" data-tab=\"7\" role=\"button\" aria-controls=\"elementor-tab-content-5697\" aria-expanded=\"false\">\n\t\t\t\t\t\t\t\t\t\t\t\t<span class=\"elementor-toggle-icon elementor-toggle-icon-left\" aria-hidden=\"true\">\n\t\t\t\t\t\t\t\t\t\t\t\t\t\t\t<span class=\"elementor-toggle-icon-closed\"><svg xmlns=\"http:\/\/www.w3.org\/2000\/svg\" id=\"Capa_2\" data-name=\"Capa 2\" viewBox=\"0 0 47 47\"><g id=\"copy\"><g><line x1=\"23.5\" y1=\"12.5\" x2=\"23.5\" y2=\"34.5\" fill=\"none\" stroke=\"#1c355e\" stroke-miterlimit=\"10\"><\/line><line x1=\"34.5\" y1=\"23.5\" x2=\"12.5\" y2=\"23.5\" fill=\"none\" stroke=\"#1c355e\" stroke-miterlimit=\"10\"><\/line><circle cx=\"23.5\" cy=\"23.5\" r=\"23\" fill=\"none\" stroke=\"#1c355e\" stroke-miterlimit=\"10\"><\/circle><\/g><\/g><\/svg><\/span>\n\t\t\t\t\t\t\t\t<span class=\"elementor-toggle-icon-opened\"><svg xmlns=\"http:\/\/www.w3.org\/2000\/svg\" id=\"Capa_2\" data-name=\"Capa 2\" viewBox=\"0 0 47 47\"><g id=\"copy\"><g><line x1=\"34.5\" y1=\"23.5\" x2=\"12.5\" y2=\"23.5\" fill=\"none\" stroke=\"#1c355e\" stroke-miterlimit=\"10\"><\/line><circle cx=\"23.5\" cy=\"23.5\" r=\"23\" fill=\"none\" stroke=\"#1c355e\" stroke-miterlimit=\"10\"><\/circle><\/g><\/g><\/svg><\/span>\n\t\t\t\t\t\t\t\t\t\t\t\t\t<\/span>\n\t\t\t\t\t\t\t\t\t\t\t\t<a class=\"elementor-toggle-title\" tabindex=\"0\"><span class=\"colorize-yellow\">Legislaci\u00f3 aplicable i jurisdicci\u00f3 competent<\/span><\/a>\n\t\t\t\t\t<\/h2>\n\n\t\t\t\t\t<div id=\"elementor-tab-content-5697\" class=\"elementor-tab-content elementor-clearfix\" data-tab=\"7\" role=\"region\" aria-labelledby=\"elementor-tab-title-5697\"><p>Les relacions entre la Fundaci\u00f3n Privada \u00c9cole Fran\u00e7aise Ferdinand de Lesseps i l&#8217;USUARI es regeixen per la normativa espanyola vigent. Per a la resoluci\u00f3 de qualsevol litigi, conflicte o reclamaci\u00f3 relacionat amb aquest lloc web, les parts se sotmeten als jutjats i tribunals de la ciutat de Barcelona, renunciant expressament a qualsevol altre fur que pogu\u00e9s correspondre&#8217;ls.<\/p>\n<\/div>\n\t\t\t\t<\/div>\n\t\t\t\t\t\t\t\t<\/div>\n\t\t\t\t\t\t<\/div>\n\t\t\t\t<\/div>\n\t\t\t\t\t<\/div>\n\t\t<\/div>\n\t\t\t\t\t<\/div>\n\t\t<\/section>\n\t\t\t\t<\/div>\n\t\t","protected":false},"excerpt":{"rendered":"<p>Mencions Legals Informaci\u00f3 identificativa En virtut de l&#8217;obligaci\u00f3 d&#8217;informaci\u00f3 prevista a l&#8217;article 10 de la Llei 34\/2002, d&#8217;11 de juliol, de serveis de la societat de la informaci\u00f3 i de comer\u00e7 electr\u00f2nic (LSSI-CE), es comuniquen les dades seg\u00fcents: Titular: Fundaci\u00f3n Privada \u00c9cole Fran\u00e7aise Ferdinand de Lesseps NIF (N\u00famero de identificaci\u00f3n fiscal): G65048076 Domicili social: Gran [&hellip;]<\/p>\n","protected":false},"author":1,"featured_media":0,"parent":0,"menu_order":0,"comment_status":"closed","ping_status":"closed","template":"elementor_header_footer","meta":{"_acf_changed":false,"footnotes":""},"class_list":["post-13150","page","type-page","status-publish","hentry"],"acf":[],"yoast_head":"<!-- This site is optimized with the Yoast SEO plugin v27.4 - https:\/\/yoast.com\/product\/yoast-seo-wordpress\/ -->\n<title>Mencions Legals - \u00c9cole fran\u00e7aise FERDINAND DE LESSEPS<\/title>\n<meta name=\"robots\" content=\"index, follow, max-snippet:-1, max-image-preview:large, max-video-preview:-1\" \/>\n<link rel=\"canonical\" href=\"https:\/\/www.lesseps.net\/ca\/mencions-legals\/\" \/>\n<meta property=\"og:locale\" content=\"ca_ES\" \/>\n<meta property=\"og:type\" content=\"article\" \/>\n<meta property=\"og:title\" content=\"Mencions Legals - \u00c9cole fran\u00e7aise FERDINAND DE LESSEPS\" \/>\n<meta property=\"og:description\" content=\"Mencions Legals Informaci\u00f3 identificativa En virtut de l&#8217;obligaci\u00f3 d&#8217;informaci\u00f3 prevista a l&#8217;article 10 de la Llei 34\/2002, d&#8217;11 de juliol, de serveis de la societat de la informaci\u00f3 i de comer\u00e7 electr\u00f2nic (LSSI-CE), es comuniquen les dades seg\u00fcents: Titular: Fundaci\u00f3n Privada \u00c9cole Fran\u00e7aise Ferdinand de Lesseps NIF (N\u00famero de identificaci\u00f3n fiscal): G65048076 Domicili social: Gran [&hellip;]\" \/>\n<meta property=\"og:url\" content=\"https:\/\/www.lesseps.net\/ca\/mencions-legals\/\" \/>\n<meta property=\"og:site_name\" content=\"\u00c9cole fran\u00e7aise FERDINAND DE LESSEPS\" \/>\n<meta property=\"article:modified_time\" content=\"2026-08-31T09:19:52+00:00\" \/>\n<meta name=\"twitter:card\" content=\"summary_large_image\" \/>\n<meta name=\"twitter:label1\" content=\"Temps estimat de lectura\" \/>\n\t<meta name=\"twitter:data1\" content=\"3 minuts\" \/>\n<script type=\"application\/ld+json\" class=\"yoast-schema-graph\">{\"@context\":\"https:\\\/\\\/schema.org\",\"@graph\":[{\"@type\":\"WebPage\",\"@id\":\"https:\\\/\\\/www.lesseps.net\\\/ca\\\/mencions-legals\\\/\",\"url\":\"https:\\\/\\\/www.lesseps.net\\\/ca\\\/mencions-legals\\\/\",\"name\":\"Mencions Legals - \u00c9cole fran\u00e7aise FERDINAND DE LESSEPS\",\"isPartOf\":{\"@id\":\"https:\\\/\\\/www.lesseps.net\\\/ca\\\/#website\"},\"datePublished\":\"2026-06-15T08:09:06+00:00\",\"dateModified\":\"2026-08-31T09:19:52+00:00\",\"breadcrumb\":{\"@id\":\"https:\\\/\\\/www.lesseps.net\\\/ca\\\/mencions-legals\\\/#breadcrumb\"},\"inLanguage\":\"ca\",\"potentialAction\":[{\"@type\":\"ReadAction\",\"target\":[\"https:\\\/\\\/www.lesseps.net\\\/ca\\\/mencions-legals\\\/\"]}]},{\"@type\":\"BreadcrumbList\",\"@id\":\"https:\\\/\\\/www.lesseps.net\\\/ca\\\/mencions-legals\\\/#breadcrumb\",\"itemListElement\":[{\"@type\":\"ListItem\",\"position\":1,\"name\":\"Portada\",\"item\":\"https:\\\/\\\/www.lesseps.net\\\/ca\\\/\"},{\"@type\":\"ListItem\",\"position\":2,\"name\":\"Mencions Legals\"}]},{\"@type\":\"WebSite\",\"@id\":\"https:\\\/\\\/www.lesseps.net\\\/ca\\\/#website\",\"url\":\"https:\\\/\\\/www.lesseps.net\\\/ca\\\/\",\"name\":\"\u00c9cole fran\u00e7aise FERDINAND DE LESSEPS\",\"description\":\"Barcelona\",\"publisher\":{\"@id\":\"https:\\\/\\\/www.lesseps.net\\\/ca\\\/#organization\"},\"potentialAction\":[{\"@type\":\"SearchAction\",\"target\":{\"@type\":\"EntryPoint\",\"urlTemplate\":\"https:\\\/\\\/www.lesseps.net\\\/ca\\\/?s={search_term_string}\"},\"query-input\":{\"@type\":\"PropertyValueSpecification\",\"valueRequired\":true,\"valueName\":\"search_term_string\"}}],\"inLanguage\":\"ca\"},{\"@type\":\"Organization\",\"@id\":\"https:\\\/\\\/www.lesseps.net\\\/ca\\\/#organization\",\"name\":\"\u00c9cole fran\u00e7aise FERDINAND DE LESSEPS\",\"url\":\"https:\\\/\\\/www.lesseps.net\\\/ca\\\/\",\"logo\":{\"@type\":\"ImageObject\",\"inLanguage\":\"ca\",\"@id\":\"https:\\\/\\\/www.lesseps.net\\\/ca\\\/#\\\/schema\\\/logo\\\/image\\\/\",\"url\":\"https:\\\/\\\/www.lesseps.net\\\/wp-content\\\/uploads\\\/2023\\\/02\\\/ecole-francaise-ferniand-de-lesseps.svg\",\"contentUrl\":\"https:\\\/\\\/www.lesseps.net\\\/wp-content\\\/uploads\\\/2023\\\/02\\\/ecole-francaise-ferniand-de-lesseps.svg\",\"caption\":\"\u00c9cole fran\u00e7aise FERDINAND DE LESSEPS\"},\"image\":{\"@id\":\"https:\\\/\\\/www.lesseps.net\\\/ca\\\/#\\\/schema\\\/logo\\\/image\\\/\"},\"sameAs\":[\"https:\\\/\\\/www.instagram.com\\\/ecole.lesseps.barcelone\\\/\",\"https:\\\/\\\/vimeo.com\\\/channels\\\/1305370\",\"https:\\\/\\\/soundcloud.com\\\/lecole-2\"]}]}<\/script>\n<!-- \/ Yoast SEO plugin. -->","yoast_head_json":{"title":"Mencions Legals - \u00c9cole fran\u00e7aise FERDINAND DE LESSEPS","robots":{"index":"index","follow":"follow","max-snippet":"max-snippet:-1","max-image-preview":"max-image-preview:large","max-video-preview":"max-video-preview:-1"},"canonical":"https:\/\/www.lesseps.net\/ca\/mencions-legals\/","og_locale":"ca_ES","og_type":"article","og_title":"Mencions Legals - \u00c9cole fran\u00e7aise FERDINAND DE LESSEPS","og_description":"Mencions Legals Informaci\u00f3 identificativa En virtut de l&#8217;obligaci\u00f3 d&#8217;informaci\u00f3 prevista a l&#8217;article 10 de la Llei 34\/2002, d&#8217;11 de juliol, de serveis de la societat de la informaci\u00f3 i de comer\u00e7 electr\u00f2nic (LSSI-CE), es comuniquen les dades seg\u00fcents: Titular: Fundaci\u00f3n Privada \u00c9cole Fran\u00e7aise Ferdinand de Lesseps NIF (N\u00famero de identificaci\u00f3n fiscal): G65048076 Domicili social: Gran [&hellip;]","og_url":"https:\/\/www.lesseps.net\/ca\/mencions-legals\/","og_site_name":"\u00c9cole fran\u00e7aise FERDINAND DE LESSEPS","article_modified_time":"2026-08-31T09:19:52+00:00","twitter_card":"summary_large_image","twitter_misc":{"Temps estimat de lectura":"3 minuts"},"schema":{"@context":"https:\/\/schema.org","@graph":[{"@type":"WebPage","@id":"https:\/\/www.lesseps.net\/ca\/mencions-legals\/","url":"https:\/\/www.lesseps.net\/ca\/mencions-legals\/","name":"Mencions Legals - \u00c9cole fran\u00e7aise FERDINAND DE LESSEPS","isPartOf":{"@id":"https:\/\/www.lesseps.net\/ca\/#website"},"datePublished":"2026-06-15T08:09:06+00:00","dateModified":"2026-08-31T09:19:52+00:00","breadcrumb":{"@id":"https:\/\/www.lesseps.net\/ca\/mencions-legals\/#breadcrumb"},"inLanguage":"ca","potentialAction":[{"@type":"ReadAction","target":["https:\/\/www.lesseps.net\/ca\/mencions-legals\/"]}]},{"@type":"BreadcrumbList","@id":"https:\/\/www.lesseps.net\/ca\/mencions-legals\/#breadcrumb","itemListElement":[{"@type":"ListItem","position":1,"name":"Portada","item":"https:\/\/www.lesseps.net\/ca\/"},{"@type":"ListItem","position":2,"name":"Mencions Legals"}]},{"@type":"WebSite","@id":"https:\/\/www.lesseps.net\/ca\/#website","url":"https:\/\/www.lesseps.net\/ca\/","name":"\u00c9cole fran\u00e7aise FERDINAND DE LESSEPS","description":"Barcelona","publisher":{"@id":"https:\/\/www.lesseps.net\/ca\/#organization"},"potentialAction":[{"@type":"SearchAction","target":{"@type":"EntryPoint","urlTemplate":"https:\/\/www.lesseps.net\/ca\/?s={search_term_string}"},"query-input":{"@type":"PropertyValueSpecification","valueRequired":true,"valueName":"search_term_string"}}],"inLanguage":"ca"},{"@type":"Organization","@id":"https:\/\/www.lesseps.net\/ca\/#organization","name":"\u00c9cole fran\u00e7aise FERDINAND DE LESSEPS","url":"https:\/\/www.lesseps.net\/ca\/","logo":{"@type":"ImageObject","inLanguage":"ca","@id":"https:\/\/www.lesseps.net\/ca\/#\/schema\/logo\/image\/","url":"https:\/\/www.lesseps.net\/wp-content\/uploads\/2023\/02\/ecole-francaise-ferniand-de-lesseps.svg","contentUrl":"https:\/\/www.lesseps.net\/wp-content\/uploads\/2023\/02\/ecole-francaise-ferniand-de-lesseps.svg","caption":"\u00c9cole fran\u00e7aise FERDINAND DE LESSEPS"},"image":{"@id":"https:\/\/www.lesseps.net\/ca\/#\/schema\/logo\/image\/"},"sameAs":["https:\/\/www.instagram.com\/ecole.lesseps.barcelone\/","https:\/\/vimeo.com\/channels\/1305370","https:\/\/soundcloud.com\/lecole-2"]}]}},"_links":{"self":[{"href":"https:\/\/www.lesseps.net\/ca\/wp-json\/wp\/v2\/pages\/13150","targetHints":{"allow":["GET"]}}],"collection":[{"href":"https:\/\/www.lesseps.net\/ca\/wp-json\/wp\/v2\/pages"}],"about":[{"href":"https:\/\/www.lesseps.net\/ca\/wp-json\/wp\/v2\/types\/page"}],"author":[{"embeddable":true,"href":"https:\/\/www.lesseps.net\/ca\/wp-json\/wp\/v2\/users\/1"}],"replies":[{"embeddable":true,"href":"https:\/\/www.lesseps.net\/ca\/wp-json\/wp\/v2\/comments?post=13150"}],"version-history":[{"count":1,"href":"https:\/\/www.lesseps.net\/ca\/wp-json\/wp\/v2\/pages\/13150\/revisions"}],"predecessor-version":[{"id":13151,"href":"https:\/\/www.lesseps.net\/ca\/wp-json\/wp\/v2\/pages\/13150\/revisions\/13151"}],"wp:attachment":[{"href":"https:\/\/www.lesseps.net\/ca\/wp-json\/wp\/v2\/media?parent=13150"}],"curies":[{"name":"wp","href":"https:\/\/api.w.org\/{rel}","templated":true}]}}