{"id":6036,"date":"2022-11-17T08:45:19","date_gmt":"2022-11-17T07:45:19","guid":{"rendered":"https:\/\/www.lesseps.net\/politica-de-privacitat-i-avis\/"},"modified":"2024-06-03T14:10:25","modified_gmt":"2024-06-03T12:10:25","slug":"politica-privacitat","status":"publish","type":"page","link":"https:\/\/www.lesseps.net\/ca\/politica-privacitat\/","title":{"rendered":"Av\u00eds i pol\u00edtica de privacitat"},"content":{"rendered":"\t\t<div data-elementor-type=\"wp-page\" data-elementor-id=\"6036\" class=\"elementor elementor-6036 elementor-3\" data-elementor-post-type=\"page\">\n\t\t\t\t\t\t<section class=\"elementor-section elementor-top-section elementor-element elementor-element-f87dc19 l-margin-lg section-color-blue .false-acordeon elementor-section-boxed elementor-section-height-default elementor-section-height-default\" data-id=\"f87dc19\" data-element_type=\"section\" data-e-type=\"section\">\n\t\t\t\t\t\t<div class=\"elementor-container elementor-column-gap-default\">\n\t\t\t\t\t<div class=\"elementor-column elementor-col-100 elementor-top-column elementor-element elementor-element-b25677b\" data-id=\"b25677b\" data-element_type=\"column\" data-e-type=\"column\">\n\t\t\t<div class=\"elementor-widget-wrap elementor-element-populated\">\n\t\t\t\t\t\t<div class=\"elementor-element elementor-element-6034dab elementor-widget elementor-widget-toggle\" data-id=\"6034dab\" data-element_type=\"widget\" data-e-type=\"widget\" data-widget_type=\"toggle.default\">\n\t\t\t\t<div class=\"elementor-widget-container\">\n\t\t\t\t\t\t\t<div class=\"elementor-toggle\">\n\t\t\t\t\t\t\t<div class=\"elementor-toggle-item\">\n\t\t\t\t\t<h2 id=\"elementor-tab-title-1001\" class=\"elementor-tab-title\" data-tab=\"1\" role=\"button\" aria-controls=\"elementor-tab-content-1001\" aria-expanded=\"false\">\n\t\t\t\t\t\t\t\t\t\t\t\t<span class=\"elementor-toggle-icon elementor-toggle-icon-left\" aria-hidden=\"true\">\n\t\t\t\t\t\t\t\t\t\t\t\t\t\t\t<span class=\"elementor-toggle-icon-closed\"><svg xmlns=\"http:\/\/www.w3.org\/2000\/svg\" id=\"Capa_2\" data-name=\"Capa 2\" viewBox=\"0 0 47 47\"><g id=\"copy\"><g><line x1=\"23.5\" y1=\"12.5\" x2=\"23.5\" y2=\"34.5\" fill=\"none\" stroke=\"#1c355e\" stroke-miterlimit=\"10\"><\/line><line x1=\"34.5\" y1=\"23.5\" x2=\"12.5\" y2=\"23.5\" fill=\"none\" stroke=\"#1c355e\" stroke-miterlimit=\"10\"><\/line><circle cx=\"23.5\" cy=\"23.5\" r=\"23\" fill=\"none\" stroke=\"#1c355e\" stroke-miterlimit=\"10\"><\/circle><\/g><\/g><\/svg><\/span>\n\t\t\t\t\t\t\t\t<span class=\"elementor-toggle-icon-opened\"><svg xmlns=\"http:\/\/www.w3.org\/2000\/svg\" id=\"Capa_2\" data-name=\"Capa 2\" viewBox=\"0 0 47 47\"><g id=\"copy\"><g><line x1=\"34.5\" y1=\"23.5\" x2=\"12.5\" y2=\"23.5\" fill=\"none\" stroke=\"#1c355e\" stroke-miterlimit=\"10\"><\/line><circle cx=\"23.5\" cy=\"23.5\" r=\"23\" fill=\"none\" stroke=\"#1c355e\" stroke-miterlimit=\"10\"><\/circle><\/g><\/g><\/svg><\/span>\n\t\t\t\t\t\t\t\t\t\t\t\t\t<\/span>\n\t\t\t\t\t\t\t\t\t\t\t\t<a class=\"elementor-toggle-title\" tabindex=\"0\"><span class=\"colorize-yellow\">Responsable<\/span><\/a>\n\t\t\t\t\t<\/h2>\n\n\t\t\t\t\t<div id=\"elementor-tab-content-1001\" class=\"elementor-tab-content elementor-clearfix\" data-tab=\"1\" role=\"region\" aria-labelledby=\"elementor-tab-title-1001\"><h2>Qui \u00e9s el responsable del tractament de les dades?<\/h2>\n<ul>\n<li><strong>Identitat: <\/strong>FUNDACI\u00d3 PRIVADA \u00c9COLE FRAN\u00c7AISE FERDINAND DE LESSEPS<\/li>\n<li><strong>Adre\u00e7a postal: <\/strong>Gran V\u00eda de les Corts Catalans 707, 08013 Barcelona<\/li>\n<li><strong>Tel\u00e8fon: <\/strong>932 32 16 12<\/li>\n<li><strong>Adre\u00e7a electr\u00f2nica: <\/strong>gestion@lesseps.net<\/li>\n<li><strong>Delegat de protecci\u00f3 de dades: <\/strong><a href=\"mailto:lopd@msanchez.cat\">lopd@msanchez.cat<\/a><\/li>\n<\/ul>\n<\/div>\n\t\t\t\t<\/div>\n\t\t\t\t\t\t\t<div class=\"elementor-toggle-item\">\n\t\t\t\t\t<h2 id=\"elementor-tab-title-1002\" class=\"elementor-tab-title\" data-tab=\"2\" role=\"button\" aria-controls=\"elementor-tab-content-1002\" aria-expanded=\"false\">\n\t\t\t\t\t\t\t\t\t\t\t\t<span class=\"elementor-toggle-icon elementor-toggle-icon-left\" aria-hidden=\"true\">\n\t\t\t\t\t\t\t\t\t\t\t\t\t\t\t<span class=\"elementor-toggle-icon-closed\"><svg xmlns=\"http:\/\/www.w3.org\/2000\/svg\" id=\"Capa_2\" data-name=\"Capa 2\" viewBox=\"0 0 47 47\"><g id=\"copy\"><g><line x1=\"23.5\" y1=\"12.5\" x2=\"23.5\" y2=\"34.5\" fill=\"none\" stroke=\"#1c355e\" stroke-miterlimit=\"10\"><\/line><line x1=\"34.5\" y1=\"23.5\" x2=\"12.5\" y2=\"23.5\" fill=\"none\" stroke=\"#1c355e\" stroke-miterlimit=\"10\"><\/line><circle cx=\"23.5\" cy=\"23.5\" r=\"23\" fill=\"none\" stroke=\"#1c355e\" stroke-miterlimit=\"10\"><\/circle><\/g><\/g><\/svg><\/span>\n\t\t\t\t\t\t\t\t<span class=\"elementor-toggle-icon-opened\"><svg xmlns=\"http:\/\/www.w3.org\/2000\/svg\" id=\"Capa_2\" data-name=\"Capa 2\" viewBox=\"0 0 47 47\"><g id=\"copy\"><g><line x1=\"34.5\" y1=\"23.5\" x2=\"12.5\" y2=\"23.5\" fill=\"none\" stroke=\"#1c355e\" stroke-miterlimit=\"10\"><\/line><circle cx=\"23.5\" cy=\"23.5\" r=\"23\" fill=\"none\" stroke=\"#1c355e\" stroke-miterlimit=\"10\"><\/circle><\/g><\/g><\/svg><\/span>\n\t\t\t\t\t\t\t\t\t\t\t\t\t<\/span>\n\t\t\t\t\t\t\t\t\t\t\t\t<a class=\"elementor-toggle-title\" tabindex=\"0\"><span class=\"colorize-yellow\">Finalitat<\/span><\/a>\n\t\t\t\t\t<\/h2>\n\n\t\t\t\t\t<div id=\"elementor-tab-content-1002\" class=\"elementor-tab-content elementor-clearfix\" data-tab=\"2\" role=\"region\" aria-labelledby=\"elementor-tab-title-1002\"><p>Les dades seran tractades per a la gesti\u00f3 de l&#8217;Alumne a nivell acad\u00e8mic, administratiu, aix\u00ed com la gesti\u00f3 de les activitats desenvolupades pel centre educatiu.<\/p>\n<h3>Amb quina finalitat tractem les vostres dades?<\/h3>\n<p>A la FUNDACI\u00d3 PRIVADA \u00c9COLE FRAN\u00c7AISE FERDINAND DE LESSEPS tractem la informaci\u00f3 que ens faciliten les persones interessades amb la finalitat seg\u00fcent:<\/p>\n<p>&nbsp;<\/p>\n<ul>\n<li><strong><u>ALUMNES<\/u><\/strong><strong>: <\/strong>Les dades seran tractades amb la finalitat d&#8217;identificar l&#8217;alumne matriculat en aquest centre i fer les revisions m\u00e8diques.<\/li>\n<li><strong><u>PARES I\/O TUTORS<\/u><\/strong><strong>: <\/strong>Les dades seran tractades amb la finalitat de fer la facturaci\u00f3 del centre i enviar informaci\u00f3 o Newsletter sobre les activitats que fa el centre educatiu.<\/li>\n<li><strong><u>N\u00d2MINES, PERSONAL I RECURSOS HUMANS<\/u><\/strong><strong>: <\/strong>Fitxer per a la gesti\u00f3 de recursos humans i gesti\u00f3 de n\u00f2mines.<\/li>\n<li><strong><u>Videovigil\u00e0ncia<\/u><\/strong><strong>: <\/strong>Les dades seran tractades amb la finalitat de mantenir la seguretat de les instal\u00b7lacions del centre,<\/li>\n<\/ul>\n<h3><strong>Quant de temps conservarem les dades?<\/strong><\/h3>\n<p>Criteris de conservaci\u00f3 de les dades:<\/p>\n<p>Es conservaran mentre existeixi un inter\u00e8s mutu per mantenir la finalitat del tractament i quan ja no sigui necessari per a tal fi, se suprimiran amb mesures de seguretat adequades per garantir la pseudonimitzaci\u00f3 de les dades o la destrucci\u00f3 total d&#8217;aquestes. <strong>Les imatges gravades mitjan\u00e7ant el sistema de videovigil\u00e0ncia, seran esborrades transcorreguts 30 dies<\/strong>.<\/p>\n<\/div>\n\t\t\t\t<\/div>\n\t\t\t\t\t\t\t<div class=\"elementor-toggle-item\">\n\t\t\t\t\t<h2 id=\"elementor-tab-title-1003\" class=\"elementor-tab-title\" data-tab=\"3\" role=\"button\" aria-controls=\"elementor-tab-content-1003\" aria-expanded=\"false\">\n\t\t\t\t\t\t\t\t\t\t\t\t<span class=\"elementor-toggle-icon elementor-toggle-icon-left\" aria-hidden=\"true\">\n\t\t\t\t\t\t\t\t\t\t\t\t\t\t\t<span class=\"elementor-toggle-icon-closed\"><svg xmlns=\"http:\/\/www.w3.org\/2000\/svg\" id=\"Capa_2\" data-name=\"Capa 2\" viewBox=\"0 0 47 47\"><g id=\"copy\"><g><line x1=\"23.5\" y1=\"12.5\" x2=\"23.5\" y2=\"34.5\" fill=\"none\" stroke=\"#1c355e\" stroke-miterlimit=\"10\"><\/line><line x1=\"34.5\" y1=\"23.5\" x2=\"12.5\" y2=\"23.5\" fill=\"none\" stroke=\"#1c355e\" stroke-miterlimit=\"10\"><\/line><circle cx=\"23.5\" cy=\"23.5\" r=\"23\" fill=\"none\" stroke=\"#1c355e\" stroke-miterlimit=\"10\"><\/circle><\/g><\/g><\/svg><\/span>\n\t\t\t\t\t\t\t\t<span class=\"elementor-toggle-icon-opened\"><svg xmlns=\"http:\/\/www.w3.org\/2000\/svg\" id=\"Capa_2\" data-name=\"Capa 2\" viewBox=\"0 0 47 47\"><g id=\"copy\"><g><line x1=\"34.5\" y1=\"23.5\" x2=\"12.5\" y2=\"23.5\" fill=\"none\" stroke=\"#1c355e\" stroke-miterlimit=\"10\"><\/line><circle cx=\"23.5\" cy=\"23.5\" r=\"23\" fill=\"none\" stroke=\"#1c355e\" stroke-miterlimit=\"10\"><\/circle><\/g><\/g><\/svg><\/span>\n\t\t\t\t\t\t\t\t\t\t\t\t\t<\/span>\n\t\t\t\t\t\t\t\t\t\t\t\t<a class=\"elementor-toggle-title\" tabindex=\"0\"><span class=\"colorize-yellow\">Legitimaci\u00f3<\/span><\/a>\n\t\t\t\t\t<\/h2>\n\n\t\t\t\t\t<div id=\"elementor-tab-content-1003\" class=\"elementor-tab-content elementor-clearfix\" data-tab=\"3\" role=\"region\" aria-labelledby=\"elementor-tab-title-1003\"><p>Consentiment de l&#8217;Interessat o pare i\/o tutor.<\/p>\n<h3><strong>Quina \u00e9s la legitimaci\u00f3 per al tractament de les dades?<\/strong><\/h3>\n<h4><strong>Consentiment de l&#8217;interessat<\/strong>:<\/h4>\n<p>La base legal per al tractament de les vostres dades \u00e9s mitjan\u00e7ant el consentiment de l&#8217;afectat, l&#8217;execuci\u00f3 de contracte de serveis i oferir respostes a les vostres consultes rebudes mitjan\u00e7ant les xarxes socials que disposa el mateix portal (segons els termes i condicions que consten en la nostra pol\u00edtica de privacitat).<\/p>\n<p>L&#8217;oferta prospectiva de productes i serveis est\u00e0 basada en el consentiment que se sol\u00b7licita, sense que en cap cas la retirada d&#8217;aquest consentiment condicioni l&#8217;execuci\u00f3 del contracte de serveis.<\/p>\n<h4><strong>Inter\u00e8s leg\u00edtim<\/strong>:<\/h4>\n<p>Per inter\u00e8s leg\u00edtim de FUNDACI\u00d3 PRIVADA \u00c9COLE FRAN\u00c7AISE FERDINAND DE LESSEPS, \u00e9s per atendre millor les vostres expectatives i millorar la qualitat de serveis que ofereix el centre i la p\u00e0gina web, aix\u00ed com fer estad\u00edstiques, enquestes o estudis de mercat que puguin resultar d&#8217;inter\u00e8s. Les dades s\u00f3n tractades partint de la relaci\u00f3 existent entre vosaltres i el centre educatiu.<\/p>\n<\/div>\n\t\t\t\t<\/div>\n\t\t\t\t\t\t\t<div class=\"elementor-toggle-item\">\n\t\t\t\t\t<h2 id=\"elementor-tab-title-1004\" class=\"elementor-tab-title\" data-tab=\"4\" role=\"button\" aria-controls=\"elementor-tab-content-1004\" aria-expanded=\"false\">\n\t\t\t\t\t\t\t\t\t\t\t\t<span class=\"elementor-toggle-icon elementor-toggle-icon-left\" aria-hidden=\"true\">\n\t\t\t\t\t\t\t\t\t\t\t\t\t\t\t<span class=\"elementor-toggle-icon-closed\"><svg xmlns=\"http:\/\/www.w3.org\/2000\/svg\" id=\"Capa_2\" data-name=\"Capa 2\" viewBox=\"0 0 47 47\"><g id=\"copy\"><g><line x1=\"23.5\" y1=\"12.5\" x2=\"23.5\" y2=\"34.5\" fill=\"none\" stroke=\"#1c355e\" stroke-miterlimit=\"10\"><\/line><line x1=\"34.5\" y1=\"23.5\" x2=\"12.5\" y2=\"23.5\" fill=\"none\" stroke=\"#1c355e\" stroke-miterlimit=\"10\"><\/line><circle cx=\"23.5\" cy=\"23.5\" r=\"23\" fill=\"none\" stroke=\"#1c355e\" stroke-miterlimit=\"10\"><\/circle><\/g><\/g><\/svg><\/span>\n\t\t\t\t\t\t\t\t<span class=\"elementor-toggle-icon-opened\"><svg xmlns=\"http:\/\/www.w3.org\/2000\/svg\" id=\"Capa_2\" data-name=\"Capa 2\" viewBox=\"0 0 47 47\"><g id=\"copy\"><g><line x1=\"34.5\" y1=\"23.5\" x2=\"12.5\" y2=\"23.5\" fill=\"none\" stroke=\"#1c355e\" stroke-miterlimit=\"10\"><\/line><circle cx=\"23.5\" cy=\"23.5\" r=\"23\" fill=\"none\" stroke=\"#1c355e\" stroke-miterlimit=\"10\"><\/circle><\/g><\/g><\/svg><\/span>\n\t\t\t\t\t\t\t\t\t\t\t\t\t<\/span>\n\t\t\t\t\t\t\t\t\t\t\t\t<a class=\"elementor-toggle-title\" tabindex=\"0\"><span class=\"colorize-yellow\">Destinataris<\/span><\/a>\n\t\t\t\t\t<\/h2>\n\n\t\t\t\t\t<div id=\"elementor-tab-content-1004\" class=\"elementor-tab-content elementor-clearfix\" data-tab=\"4\" role=\"region\" aria-labelledby=\"elementor-tab-title-1004\"><p>Les dades podran ser cedits o comunicats a entitats banc\u00e0ries, entitat asseguradora, a l&#8217;equip m\u00e8dic, a l&#8217;Ajuntament, Conselleria d&#8217;Educaci\u00f3, Ministeri d&#8217;Educaci\u00f3.<\/p>\n<h2><strong>A quins destinataris es comunicaran les dades?<\/strong><\/h2>\n<p>Les dades podran ser cedides o comunicades, si escau, a:<\/p>\n<ul>\n<li>Entitats banc\u00e0ries per als cobraments dels serveis que ofereix el centre (matr\u00edcula, menjador, material escolar)<\/li>\n<li>A l&#8217;entitat asseguradora amb la qual el centre contracti per a la gesti\u00f3 dels accidents que els alumnes puguin patir en el mateix centre.<\/li>\n<li>A l&#8217;equip m\u00e8dic contractat per efectuar les revisions m\u00e8diques peri\u00f2diques als alumnes del centre.<\/li>\n<li>A l&#8217;Ajuntament on estiguin empadronats o resideixin els alumnes a l&#8217;efecte de la gesti\u00f3 de concessi\u00f3 de beques, subvencions i altres compet\u00e8ncies leg\u00edtimes per part de l&#8217;Ajuntament<\/li>\n<li>A la Conselleria d&#8217;Educaci\u00f3 i, si escau, al Ministeri d&#8217;Educaci\u00f3 per a l&#8217;exercici de les seves compet\u00e8ncies.<\/li>\n<\/ul>\n<\/div>\n\t\t\t\t<\/div>\n\t\t\t\t\t\t\t<div class=\"elementor-toggle-item\">\n\t\t\t\t\t<h2 id=\"elementor-tab-title-1005\" class=\"elementor-tab-title\" data-tab=\"5\" role=\"button\" aria-controls=\"elementor-tab-content-1005\" aria-expanded=\"false\">\n\t\t\t\t\t\t\t\t\t\t\t\t<span class=\"elementor-toggle-icon elementor-toggle-icon-left\" aria-hidden=\"true\">\n\t\t\t\t\t\t\t\t\t\t\t\t\t\t\t<span class=\"elementor-toggle-icon-closed\"><svg xmlns=\"http:\/\/www.w3.org\/2000\/svg\" id=\"Capa_2\" data-name=\"Capa 2\" viewBox=\"0 0 47 47\"><g id=\"copy\"><g><line x1=\"23.5\" y1=\"12.5\" x2=\"23.5\" y2=\"34.5\" fill=\"none\" stroke=\"#1c355e\" stroke-miterlimit=\"10\"><\/line><line x1=\"34.5\" y1=\"23.5\" x2=\"12.5\" y2=\"23.5\" fill=\"none\" stroke=\"#1c355e\" stroke-miterlimit=\"10\"><\/line><circle cx=\"23.5\" cy=\"23.5\" r=\"23\" fill=\"none\" stroke=\"#1c355e\" stroke-miterlimit=\"10\"><\/circle><\/g><\/g><\/svg><\/span>\n\t\t\t\t\t\t\t\t<span class=\"elementor-toggle-icon-opened\"><svg xmlns=\"http:\/\/www.w3.org\/2000\/svg\" id=\"Capa_2\" data-name=\"Capa 2\" viewBox=\"0 0 47 47\"><g id=\"copy\"><g><line x1=\"34.5\" y1=\"23.5\" x2=\"12.5\" y2=\"23.5\" fill=\"none\" stroke=\"#1c355e\" stroke-miterlimit=\"10\"><\/line><circle cx=\"23.5\" cy=\"23.5\" r=\"23\" fill=\"none\" stroke=\"#1c355e\" stroke-miterlimit=\"10\"><\/circle><\/g><\/g><\/svg><\/span>\n\t\t\t\t\t\t\t\t\t\t\t\t\t<\/span>\n\t\t\t\t\t\t\t\t\t\t\t\t<a class=\"elementor-toggle-title\" tabindex=\"0\"><span class=\"colorize-yellow\">Drets<\/span><\/a>\n\t\t\t\t\t<\/h2>\n\n\t\t\t\t\t<div id=\"elementor-tab-content-1005\" class=\"elementor-tab-content elementor-clearfix\" data-tab=\"5\" role=\"region\" aria-labelledby=\"elementor-tab-title-1005\"><p>Accedir, rectificar i suprimir les dades, i tamb\u00e9 altres drets, com s&#8217;explica en la informaci\u00f3 addicional.<\/p>\n<h3><strong>Quins s\u00f3n els vostres drets quan ens faciliteu les dades?<\/strong><\/h3>\n<table>\n<thead>\n<tr>\n<th><strong>Dret<\/strong><\/th>\n<th><strong>Contingut<\/strong><\/th>\n<\/tr>\n<\/thead>\n<tbody>\n<tr>\n<th>Acc\u00e9s<\/th>\n<td>Cualquier persona tiene derecho a obtener confirmaci\u00f3n sobre si en FUNDACI\u00d3N PRIVADA \u00c9COLE FRAN\u00c7AISE FERDINAND DE LESSEPS estamos tratando datos personales que les conciernan, o no.<\/td>\n<\/tr>\n<tr>\n<th>Rectificaci\u00f3<\/th>\n<td>Les persones interessades tenen dret a sol\u00b7licitar la rectificaci\u00f3 de les dades inexactes.<\/td>\n<\/tr>\n<tr>\n<th>Supressi\u00f3<\/th>\n<td>Les persones interessades podran sol\u00b7licitar l&#8217;eliminaci\u00f3 de les seves dades personals quan ja no siguin necess\u00e0ries per a les finalitats amb les quals es van recollir.<\/td>\n<\/tr>\n<tr>\n<th>Oposici\u00f3<\/th>\n<td>Els interessats poden oposar-se al tractament de les seves dades amb finalitats de serveis que ens sol\u00b7licitin del seu inter\u00e8s. FUNDACI\u00d3 PRIVADA \u00c9COLE FRAN\u00c7AISE FERDINAND DE LESSEPS deixar\u00e0 de tractar les dades, llevat de motius leg\u00edtims imperiosos o per exercir o defensar possibles reclamacions.<\/td>\n<\/tr>\n<tr>\n<th width=\"123\"><strong>Limitaci\u00f3 del tractament<\/strong><\/th>\n<td>En determinades circumst\u00e0ncies previstes en l&#8217;article 18 RGPD, els interessats poden sol\u00b7licitar la limitaci\u00f3 del tractament de les seves dades en els casos seg\u00fcents:<\/p>\n<ul>\n<li>Mentre es comprova la impugnaci\u00f3 de l&#8217;exactitud de les teves dades.<\/li>\n<li>Quan el tractament \u00e9s il\u00b7l\u00edcit. Per\u00f2 s&#8217;oposa a exercir el dret a la supressi\u00f3 de les seves dades.<\/li>\n<li>Quan FUNDACI\u00d3 PRIVADA \u00c9COLE FRAN\u00c7AISE FERDINAND DE LESSEPS no necessita tractar les seves dades, per\u00f2 vosaltres les necessiteu per a l&#8217;exercici o la defensa de reclamacions.<\/li>\n<li>Quan us oposeu al tractament de dades per al compliment d&#8217;una missi\u00f3 en inter\u00e8s p\u00fablic o per a la satisfacci\u00f3 d&#8217;un inter\u00e8s leg\u00edtim. Mentre es verifica si els motius leg\u00edtims per al tractament prevalen sobre els vostres.<\/li>\n<\/ul>\n<\/td>\n<\/tr>\n<tr>\n<th><strong>Portabilitat<\/strong><\/th>\n<td>En virtut del dret a la portabilitat, els interessats tenen dret a obtenir les seves dades personals en un format electr\u00f2nic estructurat d&#8217;\u00fas com\u00fa i lectura mec\u00e0nica i transmetre&#8217;ls a un altre responsable.<\/td>\n<\/tr>\n<\/tbody>\n<\/table>\n<h3><strong>Com podeu exercir els drets?<\/strong><\/h3>\n<p>Si considereu que a FUNDACI\u00d3 PRIVADA \u00c9COLE FRAN\u00c7AISE FERDINAND DE LESSEPS no hem tractat les vostres dades d&#8217;acord amb la normativa, podeu contactar amb el nostre delegat de protecci\u00f3 de dades en els seg\u00fcents canals d&#8217;atenci\u00f3 seg\u00fcents:<\/p>\n<ul>\n<li><strong>Correu electr\u00f2nic <\/strong>lopd@msanchez.cat<\/li>\n<li><strong>\u00c9cole Ferdinand de Lesseps &#8211; Departament Protecci\u00f3 de Dades<\/strong> Gran Via de les Corts Catalans, 707, 08013 Barcelona. Tel\u00e8fon: 932 32 16 12<\/li>\n<\/ul>\n<p>Per exercitar els vostres drets, s&#8217;haur\u00e0 d&#8217;acompanyar a la seva sol\u00b7licitud, el seu DNI o document equivalent que acrediti la seva identitat.<\/p>\n<p><strong><em>L&#8217;exercici d&#8217;aquests drets \u00e9s gratu\u00eft.<\/em><\/strong><\/p>\n<h3>Quines vies de reclamaci\u00f3 hi ha?<\/h3>\n<p>Els interessats tenen dret a presentar una reclamaci\u00f3 davant l&#8217;Autoritat de Control en mat\u00e8ria de protecci\u00f3 de dades competent, especialment quan no hagi obtingut satisfacci\u00f3 en l&#8217;exercici dels seus drets, i la forma de posar-se en contacte amb aquesta \u00e9s mitjan\u00e7ant la p\u00e0gina web <a href=\"http:\/\/www.agpd.es\/\">www.agpd.es<\/a><\/p>\n<\/div>\n\t\t\t\t<\/div>\n\t\t\t\t\t\t\t\t<\/div>\n\t\t\t\t\t\t<\/div>\n\t\t\t\t<\/div>\n\t\t\t\t\t<\/div>\n\t\t<\/div>\n\t\t\t\t\t<\/div>\n\t\t<\/section>\n\t\t\t\t<section class=\"elementor-section elementor-top-section elementor-element elementor-element-3f49dd5 elementor-section-boxed elementor-section-height-default elementor-section-height-default\" data-id=\"3f49dd5\" data-element_type=\"section\" data-e-type=\"section\">\n\t\t\t\t\t\t<div class=\"elementor-container elementor-column-gap-default\">\n\t\t\t\t\t<div class=\"elementor-column elementor-col-100 elementor-top-column elementor-element elementor-element-e1d9e4e\" data-id=\"e1d9e4e\" data-element_type=\"column\" data-e-type=\"column\">\n\t\t\t<div class=\"elementor-widget-wrap elementor-element-populated\">\n\t\t\t\t\t\t<div class=\"elementor-element elementor-element-cec15a2 elementor-widget elementor-widget-text-editor\" data-id=\"cec15a2\" data-element_type=\"widget\" data-e-type=\"widget\" data-widget_type=\"text-editor.default\">\n\t\t\t\t<div class=\"elementor-widget-container\">\n\t\t\t\t\t\t\t\t\t<h2><strong>Pol\u00edtica de privacitat<\/strong><\/h2>\r\n<p>Per donar compliment al que s&#8217;estableix en la Llei 34\/2002, d&#8217;11 de juliol, de serveis de la societat de la informaci\u00f3 i de comer\u00e7 electr\u00f2nic, a continuaci\u00f3 s&#8217;indiquen les dades de la informaci\u00f3 general d&#8217;aquest lloc web:<\/p>\r\n<h3><strong>Objecte<\/strong><\/h3>\r\n<p>Aquestes condicions generals (d\u2019ara endavant, les \u00abCondicions Generals\u00bb) regulen l&#8217;\u00fas de tots els serveis d&#8217;aquest lloc web (d\u2019ara endavant \u00abel Portal\u00bb) que FUNDACI\u00d3 PRIVADA \u00c9COLE FRAN\u00c7AISE FERDINAND DE LESSEPS, posa a disposici\u00f3 dels usuaris d&#8217;internet. Per la mera utilitzaci\u00f3 del Portal, els usuaris expressen l&#8217;acceptaci\u00f3 i sense reserves de les mateixes, les quals podran ser modificades per FUNDACI\u00d3 PRIVADA \u00c9COLE FRAN\u00c7AISE FERDINAND DE LESSEPS en qualsevol moment. Els usuaris estan tamb\u00e9 sotmesos a totes les condicions particulars, avisos o reglaments d&#8217;instruccions que es posin en el seu coneixement, amb relaci\u00f3 als continguts o serveis concrets, que tenen en compte el que preveuen aquestes Condicions Generals quan no s&#8217;hi oposin.<\/p>\r\n<h4>1.INFORMACI\u00d3 A L&#8217;USUARI<\/h4>\r\n<p>FUNDACI\u00d3 PRIVADA \u00c9COLE FRAN\u00c7AISE FERDINAND DE LESSEPS \u00e9s el responsable del tractament de les dades personals de l&#8217;usuari i l&#8217;informa que aquestes dades seran tractades de conformitat amb el que disposa la normativa vigent en protecci\u00f3 de dades personals, el Reglament (UE) 2016\/679, de 27 d&#8217;abril de 2016, (GDPR) relatiu a la protecci\u00f3 de les persones f\u00edsiques pel que fa al tractament de dades personals i a la lliure circulaci\u00f3 d&#8217;aquestes dades, per la qual cosa se li facilita la informaci\u00f3 del tractament seg\u00fcent:<\/p>\r\n\r\n<p>Fi del tractament: mantenir una relaci\u00f3 comercial amb l&#8217;usuari. Les operacions previstes per fer el tractament s\u00f3n:<\/p>\r\n<ul>\r\n \t<li>Remissi\u00f3 de comunicacions comercials publicit\u00e0ries per correu electr\u00f2nic, SMS, MMS, comunitats socials o qualsevol altra mitj\u00e0 electr\u00f2nic o f\u00edsic, present o futur, que possibiliti fer comunicacions comercials. Aquestes Comunicacions seran realitzades per FUNDACI\u00d3 PRIVADA \u00c9COLE FRAN\u00c7AISE FERDINAND DE LESSEPS i relacionades sobre els seus productes i serveis, o dels seus col\u00b7laboradors o prove\u00efdors amb qu\u00e8 aquest hagi assolit algun acord de promoci\u00f3. En aquest cas, els tercers mai no tindran acc\u00e9s a les dades personals.<\/li>\r\n \t<li>Fer estudis estad\u00edstics.<\/li>\r\n \t<li>Tramitar enc\u00e0rrecs, sol\u00b7licituds o qualsevol tipus de petici\u00f3 que sigui realitzada per l&#8217;usuari a trav\u00e9s de qualsevol de les formes de contacte que es posen a la seva disposici\u00f3.<\/li>\r\n \t<li>Remetre el butllet\u00ed de not\u00edcies de la p\u00e0gina web.<\/li>\r\n<\/ul>\r\n<p><strong>Criteris de conservaci\u00f3 de les dades:<\/strong> Es conservaran mentre existeixi un inter\u00e8s mutu per mantenir la finalitat del tractament i quan ja no sigui necessari per a tal fi, se suprimiran amb mesures de seguretat adequades per garantir la pseudonimitzaci\u00f3 de les dades o la destrucci\u00f3 total d&#8217;aquestes.<\/p>\r\n\r\n<p><strong>Comunicaci\u00f3 de les dades:<\/strong> No es comunicaran les dades a cap destinatari, llevat d&#8217;obligaci\u00f3 legal.<\/p>\r\n\r\n<p><strong>Drets que assisteixen l&#8217;usuari:<\/strong><\/p>\r\n<ul>\r\n \t<li>Dret a retirar el consentiment en qualsevol moment.<\/li>\r\n \t<li>Dret d&#8217;acc\u00e9s, rectificaci\u00f3 i supressi\u00f3 de les seves dades i a la limitaci\u00f3 o oposici\u00f3 al seu tractament.<\/li>\r\n \t<li>Dret a presentar una reclamaci\u00f3 davant l&#8217;autoritat de control (agpd.es) si considera que el tractament no s&#8217;ajusta a la normativa vigent.<\/li>\r\n<\/ul>\r\n<p><strong>Dades de contacte per exercir els seus drets:<\/strong><\/p>\r\n<ul>\r\n \t<li>Adre\u00e7a postal: FUNDACI\u00d3 PRIVADA \u00c9COLE FRAN\u00c7AISE FERDINAND DE LESSEPS, Gran Via de les Corts Catalans, 707, 08013 Barcelona<\/li>\r\n \t<li>Adre\u00e7a electr\u00f2nica: gestion@lesseps.net<\/li>\r\n<\/ul>\r\n&nbsp;\r\n<h3>2. CAR\u00c0CTER OBLIGATORI O FACULTATIU DE LA <p>INFORMACI\u00d3 FACILITADA PER L&#8217;USUARI<\/h3>\r\nEls usuaris, mitjan\u00e7ant l&#8217;entrada de dades en els camps en el formulari de contacte o presentats en formularis de desc\u00e0rrega, accepten expressament, i de forma lliure i inequ\u00edvoca, que les seves dades s\u00f3n necess\u00e0ries per atendre la seva petici\u00f3, per part del prestador, i que la inclusi\u00f3 de dades en els camps restants \u00e9s volunt\u00e0ria. L&#8217;usuari garanteix que les dades personals facilitades a FUNDACI\u00d3 PRIVADA \u00c9COLE FRAN\u00c7AISE FERDINAND DE LESSEPS s\u00f3n veraces i es fa responsable de comunicar qualsevol modificaci\u00f3 d&#8217;aquestes dades.<\/p>\r\n\r\n<p>FUNDACI\u00d3 PRIVADA \u00c9COLE FRAN\u00c7AISE FERDINAND DE LESSEPS informa i garanteix expressament als usuaris que les seves dades personals no seran cedits en cap cas a tercers, i que sempre que fes algun tipus de cessi\u00f3 de dades personals, es demanar\u00e0 pr\u00e8viament el consentiment expr\u00e9s, informat i inequ\u00edvoc per part els Usuaris. Totes les dades sol\u00b7licitades a trav\u00e9s del lloc web s\u00f3n obligat\u00f2ries, ja que s\u00f3n necess\u00e0ries per a la prestaci\u00f3 d&#8217;un servei \u00f2ptim a l&#8217;usuari. En cas que no siguin facilitades totes les dades, no es garanteix que la informaci\u00f3 i serveis facilitats siguin completament ajustats a les seves necessitats.<\/p>\r\n<h3>3. MESURES DE SEGURETAT<\/h3>\r\n<p>Que de conformitat amb el que disposa les normativa vigent en protecci\u00f3 de dades personals, FUNDACI\u00d3 PRIVADA \u00c9COLE FRAN\u00c7AISE FERDINAND DE LESSEPS est\u00e0 complint totes les disposicions de les normatives del RGPD, per al tractament de les dades personals de la seva responsabilitat, i manifestament amb els principis descrits en l&#8217;article 5 del RGPD, pels quals s\u00f3n tractats de manera l\u00edcita, lleial i transparent en relaci\u00f3 amb l&#8217;interessat i adequats, pertinents i limitats al necessari en relaci\u00f3 amb les finalitats per a les quals s\u00f3n tractades.<\/p>\r\n\r\n<p>FUNDACI\u00d3 PRIVADA \u00c9COLE FRAN\u00c7AISE FERDINAND DE LESSEPS garanteix que ha implementat pol\u00edtiques t\u00e8cniques i organitzatives apropiades per aplicar les mesures de seguretat que estableix el RGPD, per protegir els drets i llibertats dels usuaris i els ha comunicat la informaci\u00f3 adequada perqu\u00e8 puguin exercir-los.<\/p>\r\n<h3>4. UTILITZACI\u00d3 DEL PORTAL I DELS SERVEIS PER ALS USUARIS<\/h3>\r\n<p>Excepte en el cas que hagin obtingut pr\u00e8via i expressa autoritzaci\u00f3 espec\u00edficament atorgada a aquest efecte per part de FUNDACI\u00d3 PRIVADA \u00c9COLE FRAN\u00c7AISE FERDINAND DE LESSEPS, els usuaris s&#8217;abstindran d&#8217;obtenir o intentar obtenir qualsevol tipus de contingut, ja siguin textos, gr\u00e0fics, dibuixos, arxius de so, imatges o fotografies, v\u00eddeos, programari i, en general, qualsevol classe de material accessible a trav\u00e9s del Portal o dels serveis utilitzats per aquests, per mitjans diferents dels que s&#8217;hagin posat a la seva disposici\u00f3 a aquest efecte o dels que es facin servir habitualment a aquest efecte a internet.<\/p>\r\n\r\n<p>La reproducci\u00f3, modificaci\u00f3, c\u00f2pia, \u00fas, distribuci\u00f3, comercialitzaci\u00f3, comunicaci\u00f3 p\u00fablica o qualsevol altra utilitzaci\u00f3 de la informaci\u00f3 continguda en el lloc web de FUNDACI\u00d3 PRIVADA \u00c9COLE FRAN\u00c7AISE FERDINAND DE LESSEPS (inclosos el seu propi disseny, configuraci\u00f3 i forma d&#8217;exposici\u00f3 del lloc web) que es facin sense autoritzaci\u00f3 de FUNDACI\u00d3 PRIVADA \u00c9COLE FRAN\u00c7AISE FERDINAND DE LESSEPS constitueix una infracci\u00f3 de la legislaci\u00f3 vigent en mat\u00e8ria de propietat intel\u00b7lectual.<\/p>\r\n\r\n<p>Per facilitar-vos l&#8217;acc\u00e9s, pot ser que FUNDACI\u00d3 PRIVADA \u00c9COLE FRAN\u00c7AISE FERDINAND DE LESSEPS inclogui vincles a p\u00e0gines d&#8217;internet pertanyents o gestionats per tercers. En entrar en aquests llocs, revisareu i acceptareu\u00a0 les normes d&#8217;\u00fas d&#8217;aquesta p\u00e0gina abans d&#8217;utilitzar-la. Tamb\u00e9 acceptar\u00e0 que FUNDACI\u00d3 PRIVADA \u00c9COLE FRAN\u00c7AISE FERDINAND DE LESSEPS no t\u00e9 cap control sobre el contingut d&#8217;aquestes p\u00e0gines i que no pot assumir cap responsabilitat per cap material creat o publicat per aquestes. A m\u00e9s, el vincle a un lloc ali\u00e8 a FUNDACI\u00d3 PRIVADA \u00c9COLE FRAN\u00c7AISE FERDINAND DE LESSEPS no implica que aprovi aquest lloc ni els productes o serveis a qu\u00e8 fa refer\u00e8ncia.<\/p>\r\n<h3>5. POL\u00cdTICA DE COOKIES<\/h3>\r\n<p>A trav\u00e9s d&#8217;aquest lloc web no es recullen dades de car\u00e0cter personal dels usuaris sense el seu coneixement, ni se cedeixen a tercers.<\/p>\r\n\r\n<p>Amb la finalitat d&#8217;oferir-vos el millor servei i per tal de facilitar l&#8217;\u00fas, s&#8217;analitzen el nombre de p\u00e0gines visitades, el nombre de visites, aix\u00ed com l&#8217;activitat dels visitants i la seva freq\u00fc\u00e8ncia d&#8217;utilitzaci\u00f3. A aquests efectes, FUNDACI\u00d3 PRIVADA \u00c9COLE FRAN\u00c7AISE FERDINAND DE LESSEPS utilitza la informaci\u00f3 estad\u00edstica elaborada pel prove\u00efdor de serveis d&#8217;internet.<\/p>\r\n\r\n<p>FUNDACI\u00d3 PRIVADA \u00c9COLE FRAN\u00c7AISE FERDINAND DE LESSEPS utilitza cookies per recollir informaci\u00f3 dels usuaris i registra les adreces IP d&#8217;acc\u00e9s. S&#8217;utilitzen cookies pr\u00f2pies de sessi\u00f3 i de tercers, tal com s&#8217;indica en la nostra pol\u00edtica de cookies, amb finalitat t\u00e8cnica (aquelles que permeten a l&#8217;usuari la navegaci\u00f3 a trav\u00e9s del lloc web i la utilitzaci\u00f3 de les diferents opcions i serveis que hi ha).<\/p>\r\n<h3>6. EXCLUSI\u00d3 DE RESPONSABILITAT DELS CONTINGUTS<\/h3>\r\n<p>L&#8217;empresa no \u00e9s en cap cas responsable, ni de manera directa ni subsidi\u00e0ria, de cap contingut, informaci\u00f3, comunicaci\u00f3, opini\u00f3 o manifestaci\u00f3 de qualsevol tipus que tingui el seu origen en l&#8217;usuari o qualsevol persona o entitat i que es comuniqui, difongui, transmeti o exhibeixi a trav\u00e9s d&#8217;aquest portal.<\/p>\r\n<h3>7. PROPIETAT INTEL\u00b7LECTUAL I INDUSTRIAL<\/h3>\r\n<p>Tots els continguts aix\u00ed com noms, logotips, marques i bases de dades accessibles a les p\u00e0gines web del portal estan subjectes a drets de propietat industrial i intel\u00b7lectual de FUNDACI\u00d3 PRIVADA \u00c9COLE FRAN\u00c7AISE FERDINAND DE LESSEPS o de tercers titulars dels mateixos drets. En cap cas l&#8217;acc\u00e9s a les p\u00e0gines web del portal implica cap tipus de ren\u00fancia, transmissi\u00f3 o cessi\u00f3 total o parcial dels drets esmentats, ni confereix cap dret d&#8217;utilitzaci\u00f3, alteraci\u00f3, explotaci\u00f3, reproducci\u00f3, distribuci\u00f3 o comunicaci\u00f3 p\u00fablica sobre els continguts o b\u00e9ns de propietat industrial sense la pr\u00e8via i expressa autoritzaci\u00f3 espec\u00edficament atorgada a aquest efecte per part de l&#8217;empresa o del tercer titular dels drets, llevat dels drets de visualitzar i de fer c\u00f2pies per a \u00fas personal i exclusiu de l&#8217;usuari, els quals s&#8217;hauran d&#8217;exercir sempre de conformitat amb els principis de la bona fe i la legislaci\u00f3 aplicable.<\/p>\r\n\r\n<p>FUNDACI\u00d3 PRIVADA \u00c9COLE FRAN\u00c7AISE FERDINAND DE LESSEPS i altres denominacions de productes, serveis, gr\u00e0fics i logotips s\u00f3n marques protegides per FUNDACI\u00d3 PRIVADA \u00c9COLE FRAN\u00c7AISE FERDINAND DE LESSEPS. Les denominacions d&#8217;altres productes, serveis i companyies esmentades en aquest document poden ser marques registrades dels seus respectius propietaris.<\/p>\r\n<h3>8.LLEI APLICABLE<\/h3>\r\n<p>La llei aplicable en cas de disputa o conflicte d&#8217;interpretaci\u00f3 dels termes que componen aquest av\u00eds legal, aix\u00ed com qualsevol q\u00fcesti\u00f3 relacionada amb els serveis d&#8217;aquest portal, ser\u00e0 la llei espanyola<\/p>\t\t\t\t\t\t\t\t<\/div>\n\t\t\t\t<\/div>\n\t\t\t\t\t<\/div>\n\t\t<\/div>\n\t\t\t\t\t<\/div>\n\t\t<\/section>\n\t\t\t\t<section class=\"elementor-section elementor-top-section elementor-element elementor-element-4c7d5f9 elementor-section-boxed elementor-section-height-default elementor-section-height-default\" data-id=\"4c7d5f9\" data-element_type=\"section\" data-e-type=\"section\">\n\t\t\t\t\t\t<div class=\"elementor-container elementor-column-gap-default\">\n\t\t\t\t\t<div class=\"elementor-column elementor-col-100 elementor-top-column elementor-element elementor-element-c57da9d\" data-id=\"c57da9d\" data-element_type=\"column\" data-e-type=\"column\">\n\t\t\t<div class=\"elementor-widget-wrap elementor-element-populated\">\n\t\t\t\t\t\t<div class=\"elementor-element elementor-element-c52cf0f elementor-widget elementor-widget-heading\" data-id=\"c52cf0f\" data-element_type=\"widget\" data-e-type=\"widget\" data-widget_type=\"heading.default\">\n\t\t\t\t<div class=\"elementor-widget-container\">\n\t\t\t\t\t<h2 class=\"elementor-heading-title elementor-size-default\">Allotjament d'aquest lloc web<\/h2>\t\t\t\t<\/div>\n\t\t\t\t<\/div>\n\t\t\t\t<div class=\"elementor-element elementor-element-94b75f5 elementor-widget elementor-widget-text-editor\" data-id=\"94b75f5\" data-element_type=\"widget\" data-e-type=\"widget\" data-widget_type=\"text-editor.default\">\n\t\t\t\t<div class=\"elementor-widget-container\">\n\t\t\t\t\t\t\t\t\t<p>ARSYS SL<br \/>Calle Madre de Dios 21<br \/>26004 Logro\u00f1o (La Rioja)<br \/>Tel.: +34 941 620 100<\/p>\n\t\t\t\t\t\t\t\t<\/div>\n\t\t\t\t<\/div>\n\t\t\t\t\t<\/div>\n\t\t<\/div>\n\t\t\t\t\t<\/div>\n\t\t<\/section>\n\t\t\t\t<\/div>\n\t\t","protected":false},"excerpt":{"rendered":"<p>Responsable Qui \u00e9s el responsable del tractament de les dades? Identitat: FUNDACI\u00d3 PRIVADA \u00c9COLE FRAN\u00c7AISE FERDINAND DE LESSEPS Adre\u00e7a postal: Gran V\u00eda de les Corts Catalans 707, 08013 Barcelona Tel\u00e8fon: 932 32 16 12 Adre\u00e7a electr\u00f2nica: gestion@lesseps.net Delegat de protecci\u00f3 de dades: lopd@msanchez.cat Finalitat Les dades seran tractades per a la gesti\u00f3 de l&#8217;Alumne a [&hellip;]<\/p>\n","protected":false},"author":1,"featured_media":0,"parent":0,"menu_order":0,"comment_status":"closed","ping_status":"closed","template":"","meta":{"_acf_changed":false,"footnotes":""},"class_list":["post-6036","page","type-page","status-publish","hentry"],"acf":[],"yoast_head":"<!-- This site is optimized with the Yoast SEO plugin v27.4 - https:\/\/yoast.com\/product\/yoast-seo-wordpress\/ -->\n<title>Av\u00eds i pol\u00edtica de privacitat - \u00c9cole fran\u00e7aise FERDINAND DE LESSEPS<\/title>\n<meta name=\"robots\" content=\"noindex, nofollow\" \/>\n<meta property=\"og:locale\" content=\"ca_ES\" \/>\n<meta property=\"og:type\" content=\"article\" \/>\n<meta property=\"og:title\" content=\"Av\u00eds i pol\u00edtica de privacitat - \u00c9cole fran\u00e7aise FERDINAND DE LESSEPS\" \/>\n<meta property=\"og:description\" content=\"Responsable Qui \u00e9s el responsable del tractament de les dades? Identitat: FUNDACI\u00d3 PRIVADA \u00c9COLE FRAN\u00c7AISE FERDINAND DE LESSEPS Adre\u00e7a postal: Gran V\u00eda de les Corts Catalans 707, 08013 Barcelona Tel\u00e8fon: 932 32 16 12 Adre\u00e7a electr\u00f2nica: gestion@lesseps.net Delegat de protecci\u00f3 de dades: lopd@msanchez.cat Finalitat Les dades seran tractades per a la gesti\u00f3 de l&#8217;Alumne a [&hellip;]\" \/>\n<meta property=\"og:url\" content=\"https:\/\/www.lesseps.net\/ca\/politica-privacitat\/\" \/>\n<meta property=\"og:site_name\" content=\"\u00c9cole fran\u00e7aise FERDINAND DE LESSEPS\" \/>\n<meta property=\"article:modified_time\" content=\"2024-06-03T12:10:25+00:00\" \/>\n<meta name=\"twitter:card\" content=\"summary_large_image\" \/>\n<meta name=\"twitter:label1\" content=\"Temps estimat de lectura\" \/>\n\t<meta name=\"twitter:data1\" content=\"14 minuts\" \/>\n<script type=\"application\/ld+json\" class=\"yoast-schema-graph\">{\"@context\":\"https:\\\/\\\/schema.org\",\"@graph\":[{\"@type\":\"WebPage\",\"@id\":\"https:\\\/\\\/www.lesseps.net\\\/ca\\\/politica-privacitat\\\/\",\"url\":\"https:\\\/\\\/www.lesseps.net\\\/ca\\\/politica-privacitat\\\/\",\"name\":\"Av\u00eds i pol\u00edtica de privacitat - \u00c9cole fran\u00e7aise FERDINAND DE LESSEPS\",\"isPartOf\":{\"@id\":\"https:\\\/\\\/www.lesseps.net\\\/ca\\\/#website\"},\"datePublished\":\"2022-11-17T07:45:19+00:00\",\"dateModified\":\"2024-06-03T12:10:25+00:00\",\"breadcrumb\":{\"@id\":\"https:\\\/\\\/www.lesseps.net\\\/ca\\\/politica-privacitat\\\/#breadcrumb\"},\"inLanguage\":\"ca\",\"potentialAction\":[{\"@type\":\"ReadAction\",\"target\":[\"https:\\\/\\\/www.lesseps.net\\\/ca\\\/politica-privacitat\\\/\"]}]},{\"@type\":\"BreadcrumbList\",\"@id\":\"https:\\\/\\\/www.lesseps.net\\\/ca\\\/politica-privacitat\\\/#breadcrumb\",\"itemListElement\":[{\"@type\":\"ListItem\",\"position\":1,\"name\":\"Portada\",\"item\":\"https:\\\/\\\/www.lesseps.net\\\/ca\\\/\"},{\"@type\":\"ListItem\",\"position\":2,\"name\":\"Av\u00eds i pol\u00edtica de privacitat\"}]},{\"@type\":\"WebSite\",\"@id\":\"https:\\\/\\\/www.lesseps.net\\\/ca\\\/#website\",\"url\":\"https:\\\/\\\/www.lesseps.net\\\/ca\\\/\",\"name\":\"\u00c9cole fran\u00e7aise FERDINAND DE LESSEPS\",\"description\":\"Barcelona\",\"publisher\":{\"@id\":\"https:\\\/\\\/www.lesseps.net\\\/ca\\\/#organization\"},\"potentialAction\":[{\"@type\":\"SearchAction\",\"target\":{\"@type\":\"EntryPoint\",\"urlTemplate\":\"https:\\\/\\\/www.lesseps.net\\\/ca\\\/?s={search_term_string}\"},\"query-input\":{\"@type\":\"PropertyValueSpecification\",\"valueRequired\":true,\"valueName\":\"search_term_string\"}}],\"inLanguage\":\"ca\"},{\"@type\":\"Organization\",\"@id\":\"https:\\\/\\\/www.lesseps.net\\\/ca\\\/#organization\",\"name\":\"\u00c9cole fran\u00e7aise FERDINAND DE LESSEPS\",\"url\":\"https:\\\/\\\/www.lesseps.net\\\/ca\\\/\",\"logo\":{\"@type\":\"ImageObject\",\"inLanguage\":\"ca\",\"@id\":\"https:\\\/\\\/www.lesseps.net\\\/ca\\\/#\\\/schema\\\/logo\\\/image\\\/\",\"url\":\"https:\\\/\\\/www.lesseps.net\\\/wp-content\\\/uploads\\\/2023\\\/02\\\/ecole-francaise-ferniand-de-lesseps.svg\",\"contentUrl\":\"https:\\\/\\\/www.lesseps.net\\\/wp-content\\\/uploads\\\/2023\\\/02\\\/ecole-francaise-ferniand-de-lesseps.svg\",\"caption\":\"\u00c9cole fran\u00e7aise FERDINAND DE LESSEPS\"},\"image\":{\"@id\":\"https:\\\/\\\/www.lesseps.net\\\/ca\\\/#\\\/schema\\\/logo\\\/image\\\/\"},\"sameAs\":[\"https:\\\/\\\/www.instagram.com\\\/ecole.lesseps.barcelone\\\/\",\"https:\\\/\\\/vimeo.com\\\/channels\\\/1305370\",\"https:\\\/\\\/soundcloud.com\\\/lecole-2\"]}]}<\/script>\n<!-- \/ Yoast SEO plugin. -->","yoast_head_json":{"title":"Av\u00eds i pol\u00edtica de privacitat - \u00c9cole fran\u00e7aise FERDINAND DE LESSEPS","robots":{"index":"noindex","follow":"nofollow"},"og_locale":"ca_ES","og_type":"article","og_title":"Av\u00eds i pol\u00edtica de privacitat - \u00c9cole fran\u00e7aise FERDINAND DE LESSEPS","og_description":"Responsable Qui \u00e9s el responsable del tractament de les dades? Identitat: FUNDACI\u00d3 PRIVADA \u00c9COLE FRAN\u00c7AISE FERDINAND DE LESSEPS Adre\u00e7a postal: Gran V\u00eda de les Corts Catalans 707, 08013 Barcelona Tel\u00e8fon: 932 32 16 12 Adre\u00e7a electr\u00f2nica: gestion@lesseps.net Delegat de protecci\u00f3 de dades: lopd@msanchez.cat Finalitat Les dades seran tractades per a la gesti\u00f3 de l&#8217;Alumne a [&hellip;]","og_url":"https:\/\/www.lesseps.net\/ca\/politica-privacitat\/","og_site_name":"\u00c9cole fran\u00e7aise FERDINAND DE LESSEPS","article_modified_time":"2024-06-03T12:10:25+00:00","twitter_card":"summary_large_image","twitter_misc":{"Temps estimat de lectura":"14 minuts"},"schema":{"@context":"https:\/\/schema.org","@graph":[{"@type":"WebPage","@id":"https:\/\/www.lesseps.net\/ca\/politica-privacitat\/","url":"https:\/\/www.lesseps.net\/ca\/politica-privacitat\/","name":"Av\u00eds i pol\u00edtica de privacitat - \u00c9cole fran\u00e7aise FERDINAND DE LESSEPS","isPartOf":{"@id":"https:\/\/www.lesseps.net\/ca\/#website"},"datePublished":"2022-11-17T07:45:19+00:00","dateModified":"2024-06-03T12:10:25+00:00","breadcrumb":{"@id":"https:\/\/www.lesseps.net\/ca\/politica-privacitat\/#breadcrumb"},"inLanguage":"ca","potentialAction":[{"@type":"ReadAction","target":["https:\/\/www.lesseps.net\/ca\/politica-privacitat\/"]}]},{"@type":"BreadcrumbList","@id":"https:\/\/www.lesseps.net\/ca\/politica-privacitat\/#breadcrumb","itemListElement":[{"@type":"ListItem","position":1,"name":"Portada","item":"https:\/\/www.lesseps.net\/ca\/"},{"@type":"ListItem","position":2,"name":"Av\u00eds i pol\u00edtica de privacitat"}]},{"@type":"WebSite","@id":"https:\/\/www.lesseps.net\/ca\/#website","url":"https:\/\/www.lesseps.net\/ca\/","name":"\u00c9cole fran\u00e7aise FERDINAND DE LESSEPS","description":"Barcelona","publisher":{"@id":"https:\/\/www.lesseps.net\/ca\/#organization"},"potentialAction":[{"@type":"SearchAction","target":{"@type":"EntryPoint","urlTemplate":"https:\/\/www.lesseps.net\/ca\/?s={search_term_string}"},"query-input":{"@type":"PropertyValueSpecification","valueRequired":true,"valueName":"search_term_string"}}],"inLanguage":"ca"},{"@type":"Organization","@id":"https:\/\/www.lesseps.net\/ca\/#organization","name":"\u00c9cole fran\u00e7aise FERDINAND DE LESSEPS","url":"https:\/\/www.lesseps.net\/ca\/","logo":{"@type":"ImageObject","inLanguage":"ca","@id":"https:\/\/www.lesseps.net\/ca\/#\/schema\/logo\/image\/","url":"https:\/\/www.lesseps.net\/wp-content\/uploads\/2023\/02\/ecole-francaise-ferniand-de-lesseps.svg","contentUrl":"https:\/\/www.lesseps.net\/wp-content\/uploads\/2023\/02\/ecole-francaise-ferniand-de-lesseps.svg","caption":"\u00c9cole fran\u00e7aise FERDINAND DE LESSEPS"},"image":{"@id":"https:\/\/www.lesseps.net\/ca\/#\/schema\/logo\/image\/"},"sameAs":["https:\/\/www.instagram.com\/ecole.lesseps.barcelone\/","https:\/\/vimeo.com\/channels\/1305370","https:\/\/soundcloud.com\/lecole-2"]}]}},"_links":{"self":[{"href":"https:\/\/www.lesseps.net\/ca\/wp-json\/wp\/v2\/pages\/6036","targetHints":{"allow":["GET"]}}],"collection":[{"href":"https:\/\/www.lesseps.net\/ca\/wp-json\/wp\/v2\/pages"}],"about":[{"href":"https:\/\/www.lesseps.net\/ca\/wp-json\/wp\/v2\/types\/page"}],"author":[{"embeddable":true,"href":"https:\/\/www.lesseps.net\/ca\/wp-json\/wp\/v2\/users\/1"}],"replies":[{"embeddable":true,"href":"https:\/\/www.lesseps.net\/ca\/wp-json\/wp\/v2\/comments?post=6036"}],"version-history":[{"count":2,"href":"https:\/\/www.lesseps.net\/ca\/wp-json\/wp\/v2\/pages\/6036\/revisions"}],"predecessor-version":[{"id":10325,"href":"https:\/\/www.lesseps.net\/ca\/wp-json\/wp\/v2\/pages\/6036\/revisions\/10325"}],"wp:attachment":[{"href":"https:\/\/www.lesseps.net\/ca\/wp-json\/wp\/v2\/media?parent=6036"}],"curies":[{"name":"wp","href":"https:\/\/api.w.org\/{rel}","templated":true}]}}