{"id":3,"date":"2022-11-17T08:45:19","date_gmt":"2022-11-17T07:45:19","guid":{"rendered":"https:\/\/www.lesseps.net\/?page_id=3"},"modified":"2024-06-03T14:05:41","modified_gmt":"2024-06-03T12:05:41","slug":"politica-privacidad","status":"publish","type":"page","link":"https:\/\/www.lesseps.net\/es\/politica-privacidad\/","title":{"rendered":"Pol\u00edtica de privacidad y Aviso"},"content":{"rendered":"\t\t<div data-elementor-type=\"wp-page\" data-elementor-id=\"3\" class=\"elementor elementor-3\" data-elementor-post-type=\"page\">\n\t\t\t\t\t\t<section class=\"elementor-section elementor-top-section elementor-element elementor-element-f87dc19 l-margin-lg section-color-blue .false-acordeon elementor-section-boxed elementor-section-height-default elementor-section-height-default\" data-id=\"f87dc19\" data-element_type=\"section\" data-e-type=\"section\">\n\t\t\t\t\t\t<div class=\"elementor-container elementor-column-gap-default\">\n\t\t\t\t\t<div class=\"elementor-column elementor-col-100 elementor-top-column elementor-element elementor-element-b25677b\" data-id=\"b25677b\" data-element_type=\"column\" data-e-type=\"column\">\n\t\t\t<div class=\"elementor-widget-wrap elementor-element-populated\">\n\t\t\t\t\t\t<div class=\"elementor-element elementor-element-6034dab elementor-widget elementor-widget-toggle\" data-id=\"6034dab\" data-element_type=\"widget\" data-e-type=\"widget\" data-widget_type=\"toggle.default\">\n\t\t\t\t<div class=\"elementor-widget-container\">\n\t\t\t\t\t\t\t<div class=\"elementor-toggle\">\n\t\t\t\t\t\t\t<div class=\"elementor-toggle-item\">\n\t\t\t\t\t<h2 id=\"elementor-tab-title-1001\" class=\"elementor-tab-title\" data-tab=\"1\" role=\"button\" aria-controls=\"elementor-tab-content-1001\" aria-expanded=\"false\">\n\t\t\t\t\t\t\t\t\t\t\t\t<span class=\"elementor-toggle-icon elementor-toggle-icon-left\" aria-hidden=\"true\">\n\t\t\t\t\t\t\t\t\t\t\t\t\t\t\t<span class=\"elementor-toggle-icon-closed\"><svg xmlns=\"http:\/\/www.w3.org\/2000\/svg\" id=\"Capa_2\" data-name=\"Capa 2\" viewBox=\"0 0 47 47\"><g id=\"copy\"><g><line x1=\"23.5\" y1=\"12.5\" x2=\"23.5\" y2=\"34.5\" fill=\"none\" stroke=\"#1c355e\" stroke-miterlimit=\"10\"><\/line><line x1=\"34.5\" y1=\"23.5\" x2=\"12.5\" y2=\"23.5\" fill=\"none\" stroke=\"#1c355e\" stroke-miterlimit=\"10\"><\/line><circle cx=\"23.5\" cy=\"23.5\" r=\"23\" fill=\"none\" stroke=\"#1c355e\" stroke-miterlimit=\"10\"><\/circle><\/g><\/g><\/svg><\/span>\n\t\t\t\t\t\t\t\t<span class=\"elementor-toggle-icon-opened\"><svg xmlns=\"http:\/\/www.w3.org\/2000\/svg\" id=\"Capa_2\" data-name=\"Capa 2\" viewBox=\"0 0 47 47\"><g id=\"copy\"><g><line x1=\"34.5\" y1=\"23.5\" x2=\"12.5\" y2=\"23.5\" fill=\"none\" stroke=\"#1c355e\" stroke-miterlimit=\"10\"><\/line><circle cx=\"23.5\" cy=\"23.5\" r=\"23\" fill=\"none\" stroke=\"#1c355e\" stroke-miterlimit=\"10\"><\/circle><\/g><\/g><\/svg><\/span>\n\t\t\t\t\t\t\t\t\t\t\t\t\t<\/span>\n\t\t\t\t\t\t\t\t\t\t\t\t<a class=\"elementor-toggle-title\" tabindex=\"0\"><span class=\"colorize-yellow\">Responsable<\/span><\/a>\n\t\t\t\t\t<\/h2>\n\n\t\t\t\t\t<div id=\"elementor-tab-content-1001\" class=\"elementor-tab-content elementor-clearfix\" data-tab=\"1\" role=\"region\" aria-labelledby=\"elementor-tab-title-1001\"><h2>\u00bfQui\u00e9n es el Responsable del tratamiento de sus datos?<\/h2><ul><li>Identidad: <strong>FUNDACI\u00d3N PRIVADA \u00c9COLE FRAN\u00c7AISE FERDINAND DE LESSEPS<\/strong><\/li><li>Direcci\u00f3n postal: <strong>Gran V\u00eda de Les Corts Catalanes 707, 08013 Barcelona<\/strong><\/li><li>Tel\u00e9fono: BOT\u00d3N: M\u00e1s informaci\u00f3n<\/li><li>Correo electr\u00f3nico: <strong>gestion@lesseps.net<\/strong><\/li><li>Delegado de Protecci\u00f3n de Datos: <strong>lopd@msanchez.cat<\/strong><\/li><\/ul><\/div>\n\t\t\t\t<\/div>\n\t\t\t\t\t\t\t<div class=\"elementor-toggle-item\">\n\t\t\t\t\t<h2 id=\"elementor-tab-title-1002\" class=\"elementor-tab-title\" data-tab=\"2\" role=\"button\" aria-controls=\"elementor-tab-content-1002\" aria-expanded=\"false\">\n\t\t\t\t\t\t\t\t\t\t\t\t<span class=\"elementor-toggle-icon elementor-toggle-icon-left\" aria-hidden=\"true\">\n\t\t\t\t\t\t\t\t\t\t\t\t\t\t\t<span class=\"elementor-toggle-icon-closed\"><svg xmlns=\"http:\/\/www.w3.org\/2000\/svg\" id=\"Capa_2\" data-name=\"Capa 2\" viewBox=\"0 0 47 47\"><g id=\"copy\"><g><line x1=\"23.5\" y1=\"12.5\" x2=\"23.5\" y2=\"34.5\" fill=\"none\" stroke=\"#1c355e\" stroke-miterlimit=\"10\"><\/line><line x1=\"34.5\" y1=\"23.5\" x2=\"12.5\" y2=\"23.5\" fill=\"none\" stroke=\"#1c355e\" stroke-miterlimit=\"10\"><\/line><circle cx=\"23.5\" cy=\"23.5\" r=\"23\" fill=\"none\" stroke=\"#1c355e\" stroke-miterlimit=\"10\"><\/circle><\/g><\/g><\/svg><\/span>\n\t\t\t\t\t\t\t\t<span class=\"elementor-toggle-icon-opened\"><svg xmlns=\"http:\/\/www.w3.org\/2000\/svg\" id=\"Capa_2\" data-name=\"Capa 2\" viewBox=\"0 0 47 47\"><g id=\"copy\"><g><line x1=\"34.5\" y1=\"23.5\" x2=\"12.5\" y2=\"23.5\" fill=\"none\" stroke=\"#1c355e\" stroke-miterlimit=\"10\"><\/line><circle cx=\"23.5\" cy=\"23.5\" r=\"23\" fill=\"none\" stroke=\"#1c355e\" stroke-miterlimit=\"10\"><\/circle><\/g><\/g><\/svg><\/span>\n\t\t\t\t\t\t\t\t\t\t\t\t\t<\/span>\n\t\t\t\t\t\t\t\t\t\t\t\t<a class=\"elementor-toggle-title\" tabindex=\"0\"><span class=\"colorize-yellow\">Finalidad<\/span><\/a>\n\t\t\t\t\t<\/h2>\n\n\t\t\t\t\t<div id=\"elementor-tab-content-1002\" class=\"elementor-tab-content elementor-clearfix\" data-tab=\"2\" role=\"region\" aria-labelledby=\"elementor-tab-title-1002\"><p>Los datos ser\u00e1n tratados para la gesti\u00f3n del Alumno a nivel acad\u00e9mico, administrativo, as\u00ed como la gesti\u00f3n de las actividades desarrolladas por el centro educativo.<\/p><h3>\u00bfCon qu\u00e9 finalidad tratamos sus datos?<\/h3><p>En la FUNDACI\u00d3N PRIVADA \u00c9COLE FRAN\u00c7AISE FERDINAND DE LESSEPS tratamos la informaci\u00f3n que nos facilita las personas interesadas con la siguiente finalidad:<\/p><ul><li>ALUMNOS: Los datos ser\u00e1n tratados con la finalidad de proceder a la identificaci\u00f3n del alumno matriculado en este centro y realizar las revisiones m\u00e9dicas.<\/li><li>PADRES Y\/O TUTORES: Los datos ser\u00e1n tratados con la finalidad de proceder a la facturaci\u00f3n del centro y env\u00edo de informaci\u00f3n o Newsletter sobre las actividades que realiza el centro educativo.<\/li><li>N\u00d3MINAS, PERSONAL Y RECURSOS HUMANOS: Fichero para la gesti\u00f3n de recursos humanos y gesti\u00f3n de n\u00f3minas.<\/li><li>Videovigilancia: Los datos ser\u00e1n tratados con la finalidad de la seguridad de las instalaciones del centro.<\/li><\/ul><h3>\u00bfPor cu\u00e1nto tiempo conservaremos sus datos?<\/h3><p>Criterios de conservaci\u00f3n de los datos:<\/p><p>Se conservar\u00e1n mientras exista un inter\u00e9s mutuo para mantener el fin del tratamiento y cuando ya no sea necesario para tal fin, se suprimir\u00e1n con medidas de seguridad adecuadas para garantizar la seudonimizaci\u00f3n de los datos o la destrucci\u00f3n total de los mismos. Las im\u00e1genes grabadas mediante el sistema de videovigilancia, ser\u00e1n borradas transcurrido 30 d\u00edas.<\/p><\/div>\n\t\t\t\t<\/div>\n\t\t\t\t\t\t\t<div class=\"elementor-toggle-item\">\n\t\t\t\t\t<h2 id=\"elementor-tab-title-1003\" class=\"elementor-tab-title\" data-tab=\"3\" role=\"button\" aria-controls=\"elementor-tab-content-1003\" aria-expanded=\"false\">\n\t\t\t\t\t\t\t\t\t\t\t\t<span class=\"elementor-toggle-icon elementor-toggle-icon-left\" aria-hidden=\"true\">\n\t\t\t\t\t\t\t\t\t\t\t\t\t\t\t<span class=\"elementor-toggle-icon-closed\"><svg xmlns=\"http:\/\/www.w3.org\/2000\/svg\" id=\"Capa_2\" data-name=\"Capa 2\" viewBox=\"0 0 47 47\"><g id=\"copy\"><g><line x1=\"23.5\" y1=\"12.5\" x2=\"23.5\" y2=\"34.5\" fill=\"none\" stroke=\"#1c355e\" stroke-miterlimit=\"10\"><\/line><line x1=\"34.5\" y1=\"23.5\" x2=\"12.5\" y2=\"23.5\" fill=\"none\" stroke=\"#1c355e\" stroke-miterlimit=\"10\"><\/line><circle cx=\"23.5\" cy=\"23.5\" r=\"23\" fill=\"none\" stroke=\"#1c355e\" stroke-miterlimit=\"10\"><\/circle><\/g><\/g><\/svg><\/span>\n\t\t\t\t\t\t\t\t<span class=\"elementor-toggle-icon-opened\"><svg xmlns=\"http:\/\/www.w3.org\/2000\/svg\" id=\"Capa_2\" data-name=\"Capa 2\" viewBox=\"0 0 47 47\"><g id=\"copy\"><g><line x1=\"34.5\" y1=\"23.5\" x2=\"12.5\" y2=\"23.5\" fill=\"none\" stroke=\"#1c355e\" stroke-miterlimit=\"10\"><\/line><circle cx=\"23.5\" cy=\"23.5\" r=\"23\" fill=\"none\" stroke=\"#1c355e\" stroke-miterlimit=\"10\"><\/circle><\/g><\/g><\/svg><\/span>\n\t\t\t\t\t\t\t\t\t\t\t\t\t<\/span>\n\t\t\t\t\t\t\t\t\t\t\t\t<a class=\"elementor-toggle-title\" tabindex=\"0\"><span class=\"colorize-yellow\">Legitimaci\u00f3n<\/span><\/a>\n\t\t\t\t\t<\/h2>\n\n\t\t\t\t\t<div id=\"elementor-tab-content-1003\" class=\"elementor-tab-content elementor-clearfix\" data-tab=\"3\" role=\"region\" aria-labelledby=\"elementor-tab-title-1003\"><p>Consentimiento del Interesado o Padre y\/o Tutor.<\/p><h3>\u00bfCu\u00e1l es la legitimaci\u00f3n para el tratamiento de sus datos?<\/h3><h4>Consentimiento del interesado:<\/h4><p>La base legal para el tratamiento de sus datos es mediante el consentimiento del afectado, la ejecuci\u00f3n de contrato de servicios y ofrecer respuestas a sus consultas recibidas mediante las redes sociales que dispone el propio portal (seg\u00fan los t\u00e9rminos y condiciones que constan en nuestra pol\u00edtica de privacidad).<\/p><p>La oferta prospectiva de productos y servicios est\u00e1 basada en el consentimiento que se solicita, sin que en ning\u00fan caso la retirada de este consentimiento condicione la ejecuci\u00f3n del contrato de servicios.<\/p><h4>Inter\u00e9s leg\u00edtimo:<\/h4><p>Por inter\u00e9s leg\u00edtimo de FUNDACI\u00d3N PRIVADA \u00c9COLE FRAN\u00c7AISE FERDINAND DE LESSEPS, es para atender mejor tus expectativas y mejorar la calidad de servicios que ofrece el centro y la p\u00e1gina web, as\u00ed como realizar estad\u00edsticas, encuestas o estudios de mercado que puedan resultar de inter\u00e9s. Los datos son tratados en base a la relaci\u00f3n existente entre Ustedes y el centro educativo.<\/p><\/div>\n\t\t\t\t<\/div>\n\t\t\t\t\t\t\t<div class=\"elementor-toggle-item\">\n\t\t\t\t\t<h2 id=\"elementor-tab-title-1004\" class=\"elementor-tab-title\" data-tab=\"4\" role=\"button\" aria-controls=\"elementor-tab-content-1004\" aria-expanded=\"false\">\n\t\t\t\t\t\t\t\t\t\t\t\t<span class=\"elementor-toggle-icon elementor-toggle-icon-left\" aria-hidden=\"true\">\n\t\t\t\t\t\t\t\t\t\t\t\t\t\t\t<span class=\"elementor-toggle-icon-closed\"><svg xmlns=\"http:\/\/www.w3.org\/2000\/svg\" id=\"Capa_2\" data-name=\"Capa 2\" viewBox=\"0 0 47 47\"><g id=\"copy\"><g><line x1=\"23.5\" y1=\"12.5\" x2=\"23.5\" y2=\"34.5\" fill=\"none\" stroke=\"#1c355e\" stroke-miterlimit=\"10\"><\/line><line x1=\"34.5\" y1=\"23.5\" x2=\"12.5\" y2=\"23.5\" fill=\"none\" stroke=\"#1c355e\" stroke-miterlimit=\"10\"><\/line><circle cx=\"23.5\" cy=\"23.5\" r=\"23\" fill=\"none\" stroke=\"#1c355e\" stroke-miterlimit=\"10\"><\/circle><\/g><\/g><\/svg><\/span>\n\t\t\t\t\t\t\t\t<span class=\"elementor-toggle-icon-opened\"><svg xmlns=\"http:\/\/www.w3.org\/2000\/svg\" id=\"Capa_2\" data-name=\"Capa 2\" viewBox=\"0 0 47 47\"><g id=\"copy\"><g><line x1=\"34.5\" y1=\"23.5\" x2=\"12.5\" y2=\"23.5\" fill=\"none\" stroke=\"#1c355e\" stroke-miterlimit=\"10\"><\/line><circle cx=\"23.5\" cy=\"23.5\" r=\"23\" fill=\"none\" stroke=\"#1c355e\" stroke-miterlimit=\"10\"><\/circle><\/g><\/g><\/svg><\/span>\n\t\t\t\t\t\t\t\t\t\t\t\t\t<\/span>\n\t\t\t\t\t\t\t\t\t\t\t\t<a class=\"elementor-toggle-title\" tabindex=\"0\"><span class=\"colorize-yellow\">Destinatarios<\/span><\/a>\n\t\t\t\t\t<\/h2>\n\n\t\t\t\t\t<div id=\"elementor-tab-content-1004\" class=\"elementor-tab-content elementor-clearfix\" data-tab=\"4\" role=\"region\" aria-labelledby=\"elementor-tab-title-1004\"><p>Los datos podr\u00e1n ser cedidos o comunicados a entidades bancarias, entidad aseguradora, al equipo m\u00e9dico, al Ayuntamiento, Consejer\u00eda de Educaci\u00f3n, Ministerio de Educaci\u00f3n.<\/p><h3>\u00bfA qu\u00e9 destinatarios se comunicar\u00e1n sus datos?<\/h3><p>Los datos podr\u00e1n ser cedidos o comunicados, en su caso, a:<\/p><ul><li>Entidades bancarias para el cobros de los servicios que ofrece el centro (Matr\u00edcula, Comedor, material escolar)<\/li><li>A la entidad aseguradora con la que el Centro contrate para la gesti\u00f3n de los accidentes que los alumnos puedan sufrir en el propio centro.<\/li><li>Al equipo m\u00e9dico contratado para efectuar las revisiones m\u00e9dicas peri\u00f3dicas a los alumnos del centro.<\/li><li>Al Ayuntamiento donde est\u00e9n empadronados o residan los alumnos a efectos de la gesti\u00f3n de concesi\u00f3n de becas, subvenciones y dem\u00e1s competencias leg\u00edtimas por parte del Ayuntamiento<\/li><li>A Consejer\u00eda de Educaci\u00f3n y, en su caso, Ministerio de Educaci\u00f3n para el ejercicio de sus competencias.<\/li><\/ul><\/div>\n\t\t\t\t<\/div>\n\t\t\t\t\t\t\t<div class=\"elementor-toggle-item\">\n\t\t\t\t\t<h2 id=\"elementor-tab-title-1005\" class=\"elementor-tab-title\" data-tab=\"5\" role=\"button\" aria-controls=\"elementor-tab-content-1005\" aria-expanded=\"false\">\n\t\t\t\t\t\t\t\t\t\t\t\t<span class=\"elementor-toggle-icon elementor-toggle-icon-left\" aria-hidden=\"true\">\n\t\t\t\t\t\t\t\t\t\t\t\t\t\t\t<span class=\"elementor-toggle-icon-closed\"><svg xmlns=\"http:\/\/www.w3.org\/2000\/svg\" id=\"Capa_2\" data-name=\"Capa 2\" viewBox=\"0 0 47 47\"><g id=\"copy\"><g><line x1=\"23.5\" y1=\"12.5\" x2=\"23.5\" y2=\"34.5\" fill=\"none\" stroke=\"#1c355e\" stroke-miterlimit=\"10\"><\/line><line x1=\"34.5\" y1=\"23.5\" x2=\"12.5\" y2=\"23.5\" fill=\"none\" stroke=\"#1c355e\" stroke-miterlimit=\"10\"><\/line><circle cx=\"23.5\" cy=\"23.5\" r=\"23\" fill=\"none\" stroke=\"#1c355e\" stroke-miterlimit=\"10\"><\/circle><\/g><\/g><\/svg><\/span>\n\t\t\t\t\t\t\t\t<span class=\"elementor-toggle-icon-opened\"><svg xmlns=\"http:\/\/www.w3.org\/2000\/svg\" id=\"Capa_2\" data-name=\"Capa 2\" viewBox=\"0 0 47 47\"><g id=\"copy\"><g><line x1=\"34.5\" y1=\"23.5\" x2=\"12.5\" y2=\"23.5\" fill=\"none\" stroke=\"#1c355e\" stroke-miterlimit=\"10\"><\/line><circle cx=\"23.5\" cy=\"23.5\" r=\"23\" fill=\"none\" stroke=\"#1c355e\" stroke-miterlimit=\"10\"><\/circle><\/g><\/g><\/svg><\/span>\n\t\t\t\t\t\t\t\t\t\t\t\t\t<\/span>\n\t\t\t\t\t\t\t\t\t\t\t\t<a class=\"elementor-toggle-title\" tabindex=\"0\"><span class=\"colorize-yellow\">Derechos<\/span><\/a>\n\t\t\t\t\t<\/h2>\n\n\t\t\t\t\t<div id=\"elementor-tab-content-1005\" class=\"elementor-tab-content elementor-clearfix\" data-tab=\"5\" role=\"region\" aria-labelledby=\"elementor-tab-title-1005\"><p>Acceder, rectificar y suprimir los datos, as\u00ed como otros derechos, como se explica en la informaci\u00f3n adicional.<\/p><h3>\u00bfCu\u00e1les son sus derechos cuando nos facilita sus datos?<\/h3><table><thead><tr><th>Derecho<\/th><th>Contenido<\/th><\/tr><\/thead><tbody><tr><th>Acceso<\/th><td>Cualquier persona tiene derecho a obtener confirmaci\u00f3n sobre si en FUNDACI\u00d3N PRIVADA \u00c9COLE FRAN\u00c7AISE FERDINAND DE LESSEPS estamos tratando datos personales que les conciernan, o no.<\/td><\/tr><tr><th>Rectificaci\u00f3n<\/th><td>Las personas interesadas tienen derecho a solicitar la rectificaci\u00f3n de los datos inexactos.<\/td><\/tr><tr><th>Oposici\u00f3n<\/th><td>Los interesados pueden oponerse al tratamiento de sus datos con fines de servicios que nos soliciten de su inter\u00e9s. FUNDACI\u00d3N PRIVADA \u00c9COLE FRAN\u00c7AISE FERDINAND DE LESSEPS dejar\u00e1 de tratar los datos, salvo motivos leg\u00edtimos imperiosos o para ejercer o defender posibles reclamaciones.<\/td><\/tr><\/tbody><\/table><p>Limitaci\u00f3n del tratamiento<\/p><p>En determinadas circunstancias previstas en el art\u00edculo 18 RGPD, los interesados pueden solicitar la limitaci\u00f3n del tratamiento de sus datos en los siguientes casos:<\/p><ul><li>Mientras se comprueba la impugnaci\u00f3n de la exactitud de tus datos.<\/li><li>Cuando el tratamiento es il\u00edcito. Pero se opone a ejercer el derecho a la supresi\u00f3n de sus datos.<\/li><li>Cuando en FUNDACI\u00d3N PRIVADA \u00c9COLE FRAN\u00c7AISE FERDINAND DE LESSEPS no necesita tratar sus datos, pero usted los necesita para el ejercicio o la defensa de reclamaciones.<\/li><li>Cuando usted se oponga al tratamiento de datos para el cumplimiento de una misi\u00f3n en inter\u00e9s publico o para la satisfacci\u00f3n de un inter\u00e9s leg\u00edtimo.<\/li><li>Mientras se verifica si los motivos leg\u00edtimos para el tratamiento prevalecen sobre los de usted.<\/li><\/ul><h3>Portabilidad<\/h3><p>En virtud del derecho a la portabilidad, los interesados tienen derecho a obtener sus datos personales en un formato Electr\u00f3nico estructurado de uso com\u00fan y lectura mec\u00e1nica y transmitirlos a otro responsable.<\/p><h3>\u00bfC\u00f3mo puede ejercer los derechos?<\/h3><p>Si usted considera que en FUNDACI\u00d3N PRIVADA \u00c9COLE FRAN\u00c7AISE FERDINAND DE LESSEPS no hemos tratado sus datos de acuerdo con la normativa, puede contactar con nuestro delegado de protecci\u00f3n de datos en los siguientes canales de atenci\u00f3n:<\/p><p>Correo electr\u00f3nico lopd@msanchez.cat<br \/>Ecole Ferdinand de Lesseps &#8211; Departamento Protecci\u00f3n de Datos<br \/>Gran Via de Les Corts Catalanes 707, 08013 Barcelona.<br \/>Tel\u00e9fono: 932 32 16 12<\/p><p>Para ejercitar sus derechos, se deber\u00e1 acompa\u00f1ar a su solicitud, su DNI o documento equivalente que acredite su identidad.<\/p><p>El ejercicio de estos derechos es gratuito.<\/p><h3>\u00bfQu\u00e9 v\u00edas de reclamaci\u00f3n hay?<\/h3><p>Los interesados tienen derecho a presentar una reclamaci\u00f3n ante la Autoridad de Control en materia de protecci\u00f3n de datos competente, especialmente cuando no haya obtenido satisfacci\u00f3n en el ejercicio de sus derechos, y la forma de ponerse en contacto con ella es mediante la p\u00e1gina web www.agpd.es<\/p><\/div>\n\t\t\t\t<\/div>\n\t\t\t\t\t\t\t\t<\/div>\n\t\t\t\t\t\t<\/div>\n\t\t\t\t<\/div>\n\t\t\t\t\t<\/div>\n\t\t<\/div>\n\t\t\t\t\t<\/div>\n\t\t<\/section>\n\t\t\t\t<section class=\"elementor-section elementor-top-section elementor-element elementor-element-3f49dd5 elementor-section-boxed elementor-section-height-default elementor-section-height-default\" data-id=\"3f49dd5\" data-element_type=\"section\" data-e-type=\"section\">\n\t\t\t\t\t\t<div class=\"elementor-container elementor-column-gap-default\">\n\t\t\t\t\t<div class=\"elementor-column elementor-col-100 elementor-top-column elementor-element elementor-element-e1d9e4e\" data-id=\"e1d9e4e\" data-element_type=\"column\" data-e-type=\"column\">\n\t\t\t<div class=\"elementor-widget-wrap elementor-element-populated\">\n\t\t\t\t\t\t<div class=\"elementor-element elementor-element-cec15a2 elementor-widget elementor-widget-text-editor\" data-id=\"cec15a2\" data-element_type=\"widget\" data-e-type=\"widget\" data-widget_type=\"text-editor.default\">\n\t\t\t\t<div class=\"elementor-widget-container\">\n\t\t\t\t\t\t\t\t\t<h2>Pol\u00edtica de privacidad<\/h2>\n<p>Para dar cumplimiento con lo establecido en la Ley 34\/2002, de 11 de julio, de servicios de la sociedad de la informaci\u00f3n y de comercio electr\u00f3nico, a continuaci\u00f3n se indican los datos de la informaci\u00f3n general de este sitio Web:<\/p>\n<h3>Objeto<\/h3>\n<p>Estas condiciones generales (en adelante, las \u00ab Condiciones Generales \u00bb) regulan el uso de todos los servicios de este sitio Web (en adelante \u00ab el Portal \u00bb) que FUNDACI\u00d3N PRIVADA \u00c9COLE FRAN\u00c7AISE FERDINAND DE LESSEPS, pone a disposici\u00f3n de los usuarios de Internet. Por la mera utilizaci\u00f3n del Portal, los usuarios expresan la aceptaci\u00f3n y sin reservas de las mismas, las cuales podr\u00e1n ser modificadas por FUNDACI\u00d3N PRIVADA \u00c9COLE FRAN\u00c7AISE FERDINAND DE LESSEPS en cualquier momento. Los usuarios se ven asimismo sometidos a todas aquellas condiciones particulares, avisos o reglamentos de instrucciones que se pongan en su conocimiento, en relaci\u00f3n a los contenidos o servicios concretos, que contemplan con lo previsto en estas Condiciones Generales en cuanto no se opongan.<\/p>\n<h3>1. INFORMACI\u00d3N AL USUARIO<\/h3>\n<p>FUNDACI\u00d3N PRIVADA \u00c9COLE FRAN\u00c7AISE FERDINAND DE LESSEPS, es el Responsable del tratamiento de los datos personales del Usuario y le informa que estos datos ser\u00e1n tratados de conformidad con lo dispuesto en la normativa vigente en protecci\u00f3n de datos personales, el Reglamento (UE) 2016\/679 de 27 de abril de 2016 (GDPR) relativo a la protecci\u00f3n de las personas f\u00edsicas en lo que respecta al tratamiento de datos personales y a la libre circulaci\u00f3n de estos datos, por lo que se le facilita la siguiente informaci\u00f3n del tratamiento:<\/p>\n<p>Fin del tratamiento: mantener una relaci\u00f3n comercial con el Usuario. Las operaciones previstas para realizar el tratamiento son:<\/p>\n<ul>\n<li>Remisi\u00f3n de comunicaciones comerciales publicitarias por email, SMS, MMS, comunidades sociales o cualquier otro medio electr\u00f3nico o f\u00edsico, presente o futuro, que posibilite realizar comunicaciones comerciales. Estas Comunicaciones ser\u00e1n realizadas por FUNDACI\u00d3N PRIVADA \u00c9COLE FRAN\u00c7AISE FERDINAND DE LESSEPS y relacionadas sobre sus productos y servicios, o de sus colaboradores o proveedores con los que \u00e9ste haya alcanzado alg\u00fan acuerdo de promoci\u00f3n. En este caso, los terceros nunca tendr\u00e1n acceso a los datos personales.<\/li>\n<li>Realizar estudios estad\u00edsticos.<\/li>\n<li>Tramitar encargos, solicitudes o cualquier tipo de petici\u00f3n que sea realizada por el usuario a trav\u00e9s de cualquiera de las formas de contacto que se ponen a su disposici\u00f3n.<\/li>\n<li>Remitir el bolet\u00edn de noticias de la p\u00e1gina Web.<\/li>\n<\/ul>\n<p>Criterios de conservaci\u00f3n de los datos: Se conservar\u00e1n mientras exista un inter\u00e9s mutuo para mantener el fin del tratamiento y cuando ya no sea necesario para tal fin, se suprimir\u00e1n con medidas de seguridad adecuadas para garantizar la seudonimizaci\u00f3n de los datos o la destrucci\u00f3n total de los mismos.<br>Comunicaci\u00f3n de los datos: No se comunicar\u00e1n los datos a ning\u00fan destinatario, salvo obligaci\u00f3n legal.<br>Derechos que asisten al Usuario:<\/p>\n<ul>\n<li>Derecho a retirar el consentimiento en cualquier momento.<\/li>\n<li>Derecho de acceso, rectificaci\u00f3n y supresi\u00f3n de sus datos y a la limitaci\u00f3n u oposici\u00f3n al su tratamiento.<\/li>\n<li>Derecho a presentar una reclamaci\u00f3n ante la autoridad de control (agpd.es) si considera que el tratamiento no se ajusta a la normativa vigente.<\/li>\n<\/ul>\n<p>Datos de contacto para ejercer sus derechos:<\/p>\n<ul>\n<li>Direcci\u00f3n postal: FUNDACI\u00d3N PRIVADA \u00c9COLE FRAN\u00c7AISE FERDINAND DE LESSEPS, Gran Via de Les Corts Catalanes 707 08013 Barcelona<\/li>\n<li>Direcci\u00f3n electr\u00f3nica: gestion@lesseps.net<\/li>\n<\/ul>\n<h3>2. CAR\u00c1CTER OBLIGATORIO O FACULTATIVO DE LA INFORMACI\u00d3N FACILITADA POR EL USUARIO<\/h3>\n<p>Los Usuarios, mediante la entrada de datos en los campos en el formulario de contacto o presentados en formularios de descarga, aceptan expresamente y de forma libre e inequ\u00edvoca, que sus datos son necesarias para atender su petici\u00f3n, por parte del prestador, siendo voluntaria la inclusi\u00f3n de datos en los campos restantes. El Usuario garantiza que los datos personales facilitados a FUNDACI\u00d3N PRIVADA \u00c9COLE FRAN\u00c7AISE FERDINAND DE LESSEPS son veraces y se hace responsable de comunicar cualquier modificaci\u00f3n de los mismos.<\/p>\n<p>FUNDACI\u00d3N PRIVADA \u00c9COLE FRAN\u00c7AISE FERDINAND DE LESSEPS informa y garantiza expresamente a los usuarios que sus datos personales no ser\u00e1n cedidos en ning\u00fan caso a terceros, y que siempre que realizara alg\u00fan tipo de cesi\u00f3n de datos personales, se pedir\u00e1 previamente el consentimiento expreso, informado e inequ\u00edvoco por parte los Usuarios.<\/p>\n<p>Todos los datos solicitados a trav\u00e9s del sitio Web son obligatorios, ya que son necesarios para la prestaci\u00f3n de un servicio \u00f3ptimo al Usuario. En caso de que no sean facilitados todos los datos, no se garantiza que la informaci\u00f3n y servicios facilitados sean completamente ajustados a sus necesidades.<\/p>\n<h3>3. MEDIDAS DE SEGURIDAD<\/h3>\n<p>Que de conformidad con lo dispuesto en las normativa vigente en protecci\u00f3n de datos personales, FUNDACI\u00d3N PRIVADA \u00c9COLE FRAN\u00c7AISE FERDINAND DE LESSEPS est\u00e1 cumpliendo con todas las disposiciones de la normativas del RGPD, para el tratamiento de los datos personales de su responsabilidad, y manifiestamente con los principios descritos en el art\u00edculo 5 del RGPD, por los cuales son tratados de manera l\u00edcita, leal y transparente en relaci\u00f3n con el interesado y adecuados, pertinentes y limitados a lo necesario en relaci\u00f3n con los fines para los que son tratados.<\/p>\n<p>FUNDACI\u00d3N PRIVADA \u00c9COLE FRAN\u00c7AISE FERDINAND DE LESSEPS garantiza que ha implementado pol\u00edticas t\u00e9cnicas y organizativas apropiadas para aplicar las medidas de seguridad que establece el RGPD, para proteger los derechos y libertades de los Usuarios y les ha comunicado la informaci\u00f3n adecuada para que puedan ejercerlos.<\/p>\n<h3>4. UTILIZACI\u00d3N DEL PORTAL Y DE LOS SERVICIOS PARA LOS USUARIOS<\/h3>\n<p>Excepto en el caso que hayan obtenido previa y expresa autorizaci\u00f3n espec\u00edficamente otorgada a tal efecto por parte de FUNDACI\u00d3N PRIVADA \u00c9COLE FRAN\u00c7AISE FERDINAND DE LESSEPS, los usuarios se abstendr\u00e1n de obtener o intentar obtener cualquier tipo de contenido, ya sean textos, gr\u00e1ficos, dibujos, archivos de sonido, im\u00e1genes o fotograf\u00edas, v\u00eddeos, software y en general cualquier clase de material accesible a trav\u00e9s del Portal o de los servicios utilizados por ellos, por medios distintos de los que se hayan puesto a su disposici\u00f3n a este efecto o de los que se empleen habitualmente a este efecto en Internet.<\/p>\n<p>La reproducci\u00f3n, modificaci\u00f3n, copia, uso, distribuci\u00f3n, comercializaci\u00f3n, comunicaci\u00f3n p\u00fablica o cualquier otra utilizaci\u00f3n de la informaci\u00f3n contenida en el sitio Web de FUNDACI\u00d3N PRIVADA \u00c9COLE FRAN\u00c7AISE FERDINAND DE LESSEPS (incluidos su propio dise\u00f1o, configuraci\u00f3n y forma de exposici\u00f3n del sitio Web) que se realicen sin autorizaci\u00f3n de FUNDACI\u00d3N PRIVADA \u00c9COLE FRAN\u00c7AISE FERDINAND DE LESSEPS constituye una infracci\u00f3n de la legislaci\u00f3n vigente en materia de propiedad intelectual.<\/p>\n<p>Para facilitar su acceso, puede que FUNDACI\u00d3N PRIVADA \u00c9COLE FRAN\u00c7AISE FERDINAND DE LESSEPS incluya v\u00ednculos a p\u00e1ginas de Internet pertenecientes o gestionados por terceros.<\/p>\n<p>Al entrar en esos sitios, revisar\u00e1 y aceptar\u00e1 usted las normas de uso de esta p\u00e1gina antes de usar. Tambi\u00e9n aceptar\u00e1 que FUNDACI\u00d3N PRIVADA \u00c9COLE FRAN\u00c7AISE FERDINAND DE LESSEPS no tiene control alguno sobre el contenido de estas p\u00e1ginas y que no puede asumir ninguna responsabilidad por ning\u00fan material creado o publicado por los mismos. Adem\u00e1s, el v\u00ednculo a un sitio ajeno a FUNDACI\u00d3N PRIVADA \u00c9COLE FRAN\u00c7AISE FERDINAND DE LESSEPS no implica que apruebe este sitio ni los productos o servicios a los que hace referencia.<\/p>\n<h3>5. POL\u00cdTICA DE COOKIES<\/h3>\n<p>A trav\u00e9s de este sitio web no se recaban datos de car\u00e1cter personal de los usuarios sin su conocimiento, ni se ceden a terceros.<br>Con la finalidad de ofrecerle el mejor servicio y con el objeto de facilitar el uso, se analizan el n\u00famero de p\u00e1ginas visitadas, el n\u00famero de visitas, as\u00ed como la actividad de los visitantes y su frecuencia de utilizaci\u00f3n. A estos efectos, FUNDACI\u00d3N PRIVADA \u00c9COLE FRAN\u00c7AISE FERDINAND DE LESSEPS utiliza la informaci\u00f3n estad\u00edstica elaborada por el Proveedor de Servicios de Internet<\/p>\n<p>.FUNDACI\u00d3N PRIVADA \u00c9COLE FRAN\u00c7AISE FERDINAND DE LESSEPS utiliza cookies para recoger informaci\u00f3n de los usuarios y registra las direcciones IP de acceso. Se utilizan cookies propias de sesi\u00f3n y de terceros como se indica en nuestra pol\u00edtica de cookies, con finalidad t\u00e9cnica (aquellas que permiten al usuario la navegaci\u00f3n a trav\u00e9s del sitio web y la utilizaci\u00f3n de las diferentes opciones y servicios que en ella existen).<br><\/p>\n<h3>6. EXCLUSI\u00d3N DE RESPONSABILIDAD DE LOS CONTENIDOS<br><\/h3>\n<p>La empresa no es en ning\u00fan caso responsable, ni de forma directa ni subsidiaria, de ning\u00fan contenido, informaci\u00f3n, comunicaci\u00f3n, opini\u00f3n o manifestaci\u00f3n de cualquier tipo que tenga su origen en el usuario o cualquier persona o entidad y que se comunique, difunda, transmita o exhiba a trav\u00e9s de este portal.<br><\/p>\n<h3>7. PROPIEDAD INTELECTUAL E INDUSTRIAL<br><\/h3>\n<p>Todos los contenidos as\u00ed como nombres, logos, marcas y bases de datos accesibles en las p\u00e1ginas Web del Portal est\u00e1n sujetos a derechos de propiedad industrial e intelectual de FUNDACI\u00d3N PRIVADA \u00c9COLE FRAN\u00c7AISE FERDINAND DE LESSEPS o de terceros titulares de los mismos. En ning\u00fan caso el acceso a las p\u00e1ginas Web del Portal implica ning\u00fan tipo de renuncia, transmisi\u00f3n o cesi\u00f3n total o parcial de los mencionados derechos, ni confiere ning\u00fan derecho de utilizaci\u00f3n, alteraci\u00f3n, explotaci\u00f3n, reproducci\u00f3n, distribuci\u00f3n o comunicaci\u00f3n p\u00fablica sobre los contenidos o bienes de propiedad industrial sin la previa y expresa autorizaci\u00f3n espec\u00edficamente otorgada a tal efecto por parte de la empresa o del tercero titular de los derechos, excepto los derechos de visualizar y de realizar copias para uso personal y exclusivo del usuario, los cuales deber\u00e1n ejercer siempre conforme a los principios de la buena fe y la legislaci\u00f3n aplicable.<br><\/p><p>FUNDACI\u00d3N PRIVADA \u00c9COLE FRAN\u00c7AISE FERDINAND DE LESSEPS y otras denominaciones de productos, servicios, gr\u00e1ficos y logotipos son marcas protegidas por FUNDACI\u00d3N PRIVADA \u00c9COLE FRAN\u00c7AISE FERDINAND DE LESSEPS. Las denominaciones de otros productos, servicios y compa\u00f1\u00edas mencionadas en este documento pueden ser marcas registradas de sus respectivos propietarios.<\/p><h3>8. LEY APLICABLE<\/h3><p>La ley aplicable en caso de disputa o conflicto de interpretaci\u00f3n de los t\u00e9rminos que conforman este aviso legal, as\u00ed como cualquier cuesti\u00f3n relacionada con los servicios del presente portal, ser\u00e1 la ley espa\u00f1ola.<\/p><p><br><\/p>\t\t\t\t\t\t\t\t<\/div>\n\t\t\t\t<\/div>\n\t\t\t\t\t<\/div>\n\t\t<\/div>\n\t\t\t\t\t<\/div>\n\t\t<\/section>\n\t\t\t\t<section class=\"elementor-section elementor-top-section elementor-element elementor-element-4c7d5f9 elementor-section-boxed elementor-section-height-default elementor-section-height-default\" data-id=\"4c7d5f9\" data-element_type=\"section\" data-e-type=\"section\">\n\t\t\t\t\t\t<div class=\"elementor-container elementor-column-gap-default\">\n\t\t\t\t\t<div class=\"elementor-column elementor-col-100 elementor-top-column elementor-element elementor-element-c57da9d\" data-id=\"c57da9d\" data-element_type=\"column\" data-e-type=\"column\">\n\t\t\t<div class=\"elementor-widget-wrap elementor-element-populated\">\n\t\t\t\t\t\t<div class=\"elementor-element elementor-element-c52cf0f elementor-widget elementor-widget-heading\" data-id=\"c52cf0f\" data-element_type=\"widget\" data-e-type=\"widget\" data-widget_type=\"heading.default\">\n\t\t\t\t<div class=\"elementor-widget-container\">\n\t\t\t\t\t<h2 class=\"elementor-heading-title elementor-size-default\">Alojamiento de este sitio web<\/h2>\t\t\t\t<\/div>\n\t\t\t\t<\/div>\n\t\t\t\t<div class=\"elementor-element elementor-element-94b75f5 elementor-widget elementor-widget-text-editor\" data-id=\"94b75f5\" data-element_type=\"widget\" data-e-type=\"widget\" data-widget_type=\"text-editor.default\">\n\t\t\t\t<div class=\"elementor-widget-container\">\n\t\t\t\t\t\t\t\t\t<p>ARSYS SL<br \/>Calle Madre de Dios 21<br \/>26004 Logro\u00f1o (La Rioja) &#8211; Espa\u00f1a<br \/>Telf.: +34 941 620 100<\/p>\t\t\t\t\t\t\t\t<\/div>\n\t\t\t\t<\/div>\n\t\t\t\t\t<\/div>\n\t\t<\/div>\n\t\t\t\t\t<\/div>\n\t\t<\/section>\n\t\t\t\t<\/div>\n\t\t","protected":false},"excerpt":{"rendered":"<p>Responsable \u00bfQui\u00e9n es el Responsable del tratamiento de sus datos? Identidad: FUNDACI\u00d3N PRIVADA \u00c9COLE FRAN\u00c7AISE FERDINAND DE LESSEPS Direcci\u00f3n postal: Gran V\u00eda de Les Corts Catalanes 707, 08013 Barcelona Tel\u00e9fono: BOT\u00d3N: M\u00e1s informaci\u00f3n Correo electr\u00f3nico: gestion@lesseps.net Delegado de Protecci\u00f3n de Datos: lopd@msanchez.cat Finalidad Los datos ser\u00e1n tratados para la gesti\u00f3n del Alumno a nivel acad\u00e9mico, [&hellip;]<\/p>\n","protected":false},"author":1,"featured_media":0,"parent":0,"menu_order":0,"comment_status":"closed","ping_status":"closed","template":"","meta":{"_acf_changed":false,"footnotes":""},"class_list":["post-3","page","type-page","status-publish","hentry"],"acf":[],"yoast_head":"<!-- This site is optimized with the Yoast SEO plugin v27.4 - https:\/\/yoast.com\/product\/yoast-seo-wordpress\/ -->\n<title>Pol\u00edtica de privacidad y Aviso - \u00c9cole fran\u00e7aise FERDINAND DE LESSEPS<\/title>\n<meta name=\"robots\" content=\"noindex, nofollow\" \/>\n<meta property=\"og:locale\" content=\"es_ES\" \/>\n<meta property=\"og:type\" content=\"article\" \/>\n<meta property=\"og:title\" content=\"Pol\u00edtica de privacidad y Aviso - \u00c9cole fran\u00e7aise FERDINAND DE LESSEPS\" \/>\n<meta property=\"og:description\" content=\"Responsable \u00bfQui\u00e9n es el Responsable del tratamiento de sus datos? Identidad: FUNDACI\u00d3N PRIVADA \u00c9COLE FRAN\u00c7AISE FERDINAND DE LESSEPS Direcci\u00f3n postal: Gran V\u00eda de Les Corts Catalanes 707, 08013 Barcelona Tel\u00e9fono: BOT\u00d3N: M\u00e1s informaci\u00f3n Correo electr\u00f3nico: gestion@lesseps.net Delegado de Protecci\u00f3n de Datos: lopd@msanchez.cat Finalidad Los datos ser\u00e1n tratados para la gesti\u00f3n del Alumno a nivel acad\u00e9mico, [&hellip;]\" \/>\n<meta property=\"og:url\" content=\"https:\/\/www.lesseps.net\/es\/politica-privacidad\/\" \/>\n<meta property=\"og:site_name\" content=\"\u00c9cole fran\u00e7aise FERDINAND DE LESSEPS\" \/>\n<meta property=\"article:modified_time\" content=\"2024-06-03T12:05:41+00:00\" \/>\n<meta name=\"twitter:card\" content=\"summary_large_image\" \/>\n<meta name=\"twitter:label1\" content=\"Tiempo de lectura\" \/>\n\t<meta name=\"twitter:data1\" content=\"12 minutos\" \/>\n<script type=\"application\/ld+json\" class=\"yoast-schema-graph\">{\"@context\":\"https:\\\/\\\/schema.org\",\"@graph\":[{\"@type\":\"WebPage\",\"@id\":\"https:\\\/\\\/www.lesseps.net\\\/es\\\/politica-privacidad\\\/\",\"url\":\"https:\\\/\\\/www.lesseps.net\\\/es\\\/politica-privacidad\\\/\",\"name\":\"Pol\u00edtica de privacidad y Aviso - \u00c9cole fran\u00e7aise FERDINAND DE LESSEPS\",\"isPartOf\":{\"@id\":\"https:\\\/\\\/www.lesseps.net\\\/es\\\/#website\"},\"datePublished\":\"2022-11-17T07:45:19+00:00\",\"dateModified\":\"2024-06-03T12:05:41+00:00\",\"breadcrumb\":{\"@id\":\"https:\\\/\\\/www.lesseps.net\\\/es\\\/politica-privacidad\\\/#breadcrumb\"},\"inLanguage\":\"es\",\"potentialAction\":[{\"@type\":\"ReadAction\",\"target\":[\"https:\\\/\\\/www.lesseps.net\\\/es\\\/politica-privacidad\\\/\"]}]},{\"@type\":\"BreadcrumbList\",\"@id\":\"https:\\\/\\\/www.lesseps.net\\\/es\\\/politica-privacidad\\\/#breadcrumb\",\"itemListElement\":[{\"@type\":\"ListItem\",\"position\":1,\"name\":\"Portada\",\"item\":\"https:\\\/\\\/www.lesseps.net\\\/es\\\/\"},{\"@type\":\"ListItem\",\"position\":2,\"name\":\"Pol\u00edtica de privacidad y Aviso\"}]},{\"@type\":\"WebSite\",\"@id\":\"https:\\\/\\\/www.lesseps.net\\\/es\\\/#website\",\"url\":\"https:\\\/\\\/www.lesseps.net\\\/es\\\/\",\"name\":\"\u00c9cole fran\u00e7aise FERDINAND DE LESSEPS\",\"description\":\"Barcelona\",\"publisher\":{\"@id\":\"https:\\\/\\\/www.lesseps.net\\\/es\\\/#organization\"},\"potentialAction\":[{\"@type\":\"SearchAction\",\"target\":{\"@type\":\"EntryPoint\",\"urlTemplate\":\"https:\\\/\\\/www.lesseps.net\\\/es\\\/?s={search_term_string}\"},\"query-input\":{\"@type\":\"PropertyValueSpecification\",\"valueRequired\":true,\"valueName\":\"search_term_string\"}}],\"inLanguage\":\"es\"},{\"@type\":\"Organization\",\"@id\":\"https:\\\/\\\/www.lesseps.net\\\/es\\\/#organization\",\"name\":\"\u00c9cole fran\u00e7aise FERDINAND DE LESSEPS\",\"url\":\"https:\\\/\\\/www.lesseps.net\\\/es\\\/\",\"logo\":{\"@type\":\"ImageObject\",\"inLanguage\":\"es\",\"@id\":\"https:\\\/\\\/www.lesseps.net\\\/es\\\/#\\\/schema\\\/logo\\\/image\\\/\",\"url\":\"https:\\\/\\\/www.lesseps.net\\\/wp-content\\\/uploads\\\/2023\\\/02\\\/ecole-francaise-ferniand-de-lesseps.svg\",\"contentUrl\":\"https:\\\/\\\/www.lesseps.net\\\/wp-content\\\/uploads\\\/2023\\\/02\\\/ecole-francaise-ferniand-de-lesseps.svg\",\"caption\":\"\u00c9cole fran\u00e7aise FERDINAND DE LESSEPS\"},\"image\":{\"@id\":\"https:\\\/\\\/www.lesseps.net\\\/es\\\/#\\\/schema\\\/logo\\\/image\\\/\"},\"sameAs\":[\"https:\\\/\\\/www.instagram.com\\\/ecole.lesseps.barcelone\\\/\",\"https:\\\/\\\/vimeo.com\\\/channels\\\/1305370\",\"https:\\\/\\\/soundcloud.com\\\/lecole-2\"]}]}<\/script>\n<!-- \/ Yoast SEO plugin. -->","yoast_head_json":{"title":"Pol\u00edtica de privacidad y Aviso - \u00c9cole fran\u00e7aise FERDINAND DE LESSEPS","robots":{"index":"noindex","follow":"nofollow"},"og_locale":"es_ES","og_type":"article","og_title":"Pol\u00edtica de privacidad y Aviso - \u00c9cole fran\u00e7aise FERDINAND DE LESSEPS","og_description":"Responsable \u00bfQui\u00e9n es el Responsable del tratamiento de sus datos? Identidad: FUNDACI\u00d3N PRIVADA \u00c9COLE FRAN\u00c7AISE FERDINAND DE LESSEPS Direcci\u00f3n postal: Gran V\u00eda de Les Corts Catalanes 707, 08013 Barcelona Tel\u00e9fono: BOT\u00d3N: M\u00e1s informaci\u00f3n Correo electr\u00f3nico: gestion@lesseps.net Delegado de Protecci\u00f3n de Datos: lopd@msanchez.cat Finalidad Los datos ser\u00e1n tratados para la gesti\u00f3n del Alumno a nivel acad\u00e9mico, [&hellip;]","og_url":"https:\/\/www.lesseps.net\/es\/politica-privacidad\/","og_site_name":"\u00c9cole fran\u00e7aise FERDINAND DE LESSEPS","article_modified_time":"2024-06-03T12:05:41+00:00","twitter_card":"summary_large_image","twitter_misc":{"Tiempo de lectura":"12 minutos"},"schema":{"@context":"https:\/\/schema.org","@graph":[{"@type":"WebPage","@id":"https:\/\/www.lesseps.net\/es\/politica-privacidad\/","url":"https:\/\/www.lesseps.net\/es\/politica-privacidad\/","name":"Pol\u00edtica de privacidad y Aviso - \u00c9cole fran\u00e7aise FERDINAND DE LESSEPS","isPartOf":{"@id":"https:\/\/www.lesseps.net\/es\/#website"},"datePublished":"2022-11-17T07:45:19+00:00","dateModified":"2024-06-03T12:05:41+00:00","breadcrumb":{"@id":"https:\/\/www.lesseps.net\/es\/politica-privacidad\/#breadcrumb"},"inLanguage":"es","potentialAction":[{"@type":"ReadAction","target":["https:\/\/www.lesseps.net\/es\/politica-privacidad\/"]}]},{"@type":"BreadcrumbList","@id":"https:\/\/www.lesseps.net\/es\/politica-privacidad\/#breadcrumb","itemListElement":[{"@type":"ListItem","position":1,"name":"Portada","item":"https:\/\/www.lesseps.net\/es\/"},{"@type":"ListItem","position":2,"name":"Pol\u00edtica de privacidad y Aviso"}]},{"@type":"WebSite","@id":"https:\/\/www.lesseps.net\/es\/#website","url":"https:\/\/www.lesseps.net\/es\/","name":"\u00c9cole fran\u00e7aise FERDINAND DE LESSEPS","description":"Barcelona","publisher":{"@id":"https:\/\/www.lesseps.net\/es\/#organization"},"potentialAction":[{"@type":"SearchAction","target":{"@type":"EntryPoint","urlTemplate":"https:\/\/www.lesseps.net\/es\/?s={search_term_string}"},"query-input":{"@type":"PropertyValueSpecification","valueRequired":true,"valueName":"search_term_string"}}],"inLanguage":"es"},{"@type":"Organization","@id":"https:\/\/www.lesseps.net\/es\/#organization","name":"\u00c9cole fran\u00e7aise FERDINAND DE LESSEPS","url":"https:\/\/www.lesseps.net\/es\/","logo":{"@type":"ImageObject","inLanguage":"es","@id":"https:\/\/www.lesseps.net\/es\/#\/schema\/logo\/image\/","url":"https:\/\/www.lesseps.net\/wp-content\/uploads\/2023\/02\/ecole-francaise-ferniand-de-lesseps.svg","contentUrl":"https:\/\/www.lesseps.net\/wp-content\/uploads\/2023\/02\/ecole-francaise-ferniand-de-lesseps.svg","caption":"\u00c9cole fran\u00e7aise FERDINAND DE LESSEPS"},"image":{"@id":"https:\/\/www.lesseps.net\/es\/#\/schema\/logo\/image\/"},"sameAs":["https:\/\/www.instagram.com\/ecole.lesseps.barcelone\/","https:\/\/vimeo.com\/channels\/1305370","https:\/\/soundcloud.com\/lecole-2"]}]}},"_links":{"self":[{"href":"https:\/\/www.lesseps.net\/es\/wp-json\/wp\/v2\/pages\/3","targetHints":{"allow":["GET"]}}],"collection":[{"href":"https:\/\/www.lesseps.net\/es\/wp-json\/wp\/v2\/pages"}],"about":[{"href":"https:\/\/www.lesseps.net\/es\/wp-json\/wp\/v2\/types\/page"}],"author":[{"embeddable":true,"href":"https:\/\/www.lesseps.net\/es\/wp-json\/wp\/v2\/users\/1"}],"replies":[{"embeddable":true,"href":"https:\/\/www.lesseps.net\/es\/wp-json\/wp\/v2\/comments?post=3"}],"version-history":[{"count":4,"href":"https:\/\/www.lesseps.net\/es\/wp-json\/wp\/v2\/pages\/3\/revisions"}],"predecessor-version":[{"id":10319,"href":"https:\/\/www.lesseps.net\/es\/wp-json\/wp\/v2\/pages\/3\/revisions\/10319"}],"wp:attachment":[{"href":"https:\/\/www.lesseps.net\/es\/wp-json\/wp\/v2\/media?parent=3"}],"curies":[{"name":"wp","href":"https:\/\/api.w.org\/{rel}","templated":true}]}}