{"id":6146,"date":"2022-11-17T08:45:19","date_gmt":"2022-11-17T07:45:19","guid":{"rendered":"https:\/\/www.lesseps.net\/politica-privacidad\/"},"modified":"2024-06-03T14:06:45","modified_gmt":"2024-06-03T12:06:45","slug":"politica-privacidad","status":"publish","type":"page","link":"https:\/\/www.lesseps.net\/fr\/politica-privacidad\/","title":{"rendered":"Avis et politique de confidentialit\u00e9"},"content":{"rendered":"\t\t<div data-elementor-type=\"wp-page\" data-elementor-id=\"6146\" class=\"elementor elementor-6146 elementor-3\" data-elementor-post-type=\"page\">\n\t\t\t\t\t\t<section class=\"elementor-section elementor-top-section elementor-element elementor-element-f87dc19 l-margin-lg section-color-blue .false-acordeon elementor-section-boxed elementor-section-height-default elementor-section-height-default\" data-id=\"f87dc19\" data-element_type=\"section\" data-e-type=\"section\">\n\t\t\t\t\t\t<div class=\"elementor-container elementor-column-gap-default\">\n\t\t\t\t\t<div class=\"elementor-column elementor-col-100 elementor-top-column elementor-element elementor-element-b25677b\" data-id=\"b25677b\" data-element_type=\"column\" data-e-type=\"column\">\n\t\t\t<div class=\"elementor-widget-wrap elementor-element-populated\">\n\t\t\t\t\t\t<div class=\"elementor-element elementor-element-6034dab elementor-widget elementor-widget-toggle\" data-id=\"6034dab\" data-element_type=\"widget\" data-e-type=\"widget\" data-widget_type=\"toggle.default\">\n\t\t\t\t<div class=\"elementor-widget-container\">\n\t\t\t\t\t\t\t<div class=\"elementor-toggle\">\n\t\t\t\t\t\t\t<div class=\"elementor-toggle-item\">\n\t\t\t\t\t<h2 id=\"elementor-tab-title-1001\" class=\"elementor-tab-title\" data-tab=\"1\" role=\"button\" aria-controls=\"elementor-tab-content-1001\" aria-expanded=\"false\">\n\t\t\t\t\t\t\t\t\t\t\t\t<span class=\"elementor-toggle-icon elementor-toggle-icon-left\" aria-hidden=\"true\">\n\t\t\t\t\t\t\t\t\t\t\t\t\t\t\t<span class=\"elementor-toggle-icon-closed\"><svg xmlns=\"http:\/\/www.w3.org\/2000\/svg\" id=\"Capa_2\" data-name=\"Capa 2\" viewBox=\"0 0 47 47\"><g id=\"copy\"><g><line x1=\"23.5\" y1=\"12.5\" x2=\"23.5\" y2=\"34.5\" fill=\"none\" stroke=\"#1c355e\" stroke-miterlimit=\"10\"><\/line><line x1=\"34.5\" y1=\"23.5\" x2=\"12.5\" y2=\"23.5\" fill=\"none\" stroke=\"#1c355e\" stroke-miterlimit=\"10\"><\/line><circle cx=\"23.5\" cy=\"23.5\" r=\"23\" fill=\"none\" stroke=\"#1c355e\" stroke-miterlimit=\"10\"><\/circle><\/g><\/g><\/svg><\/span>\n\t\t\t\t\t\t\t\t<span class=\"elementor-toggle-icon-opened\"><svg xmlns=\"http:\/\/www.w3.org\/2000\/svg\" id=\"Capa_2\" data-name=\"Capa 2\" viewBox=\"0 0 47 47\"><g id=\"copy\"><g><line x1=\"34.5\" y1=\"23.5\" x2=\"12.5\" y2=\"23.5\" fill=\"none\" stroke=\"#1c355e\" stroke-miterlimit=\"10\"><\/line><circle cx=\"23.5\" cy=\"23.5\" r=\"23\" fill=\"none\" stroke=\"#1c355e\" stroke-miterlimit=\"10\"><\/circle><\/g><\/g><\/svg><\/span>\n\t\t\t\t\t\t\t\t\t\t\t\t\t<\/span>\n\t\t\t\t\t\t\t\t\t\t\t\t<a class=\"elementor-toggle-title\" tabindex=\"0\"><span class=\"colorize-yellow\">Responsable<\/span><\/a>\n\t\t\t\t\t<\/h2>\n\n\t\t\t\t\t<div id=\"elementor-tab-content-1001\" class=\"elementor-tab-content elementor-clearfix\" data-tab=\"1\" role=\"region\" aria-labelledby=\"elementor-tab-title-1001\"><h2>Qui est le Responsable du traitement de vos donn\u00e9es?<\/h2>\n<ul>\n<li>Identit\u00e9 : <strong>FONDATION PRIV\u00c9E \u00c9COLE FRAN\u00c7AISE FERDINAND DE LESSEPS<\/strong><\/li>\n<li>Adresse postale: <strong>Gran V\u00eda de Les Corts Catalanes 707, 08013 Barcelone<\/strong><\/li>\n<li>T\u00e9l\u00e9phone: 932 32 16 12 <\/li>\n<li>Adresse \u00e9lectronique : <strong>gestion@lesseps.net<\/strong><\/li>\n<li>D\u00e9l\u00e9gu\u00e9 \u00e0 la protection des donn\u00e9es : <strong>lopd@msanchez.cat<\/strong><\/li>\n<\/ul>\n<\/div>\n\t\t\t\t<\/div>\n\t\t\t\t\t\t\t<div class=\"elementor-toggle-item\">\n\t\t\t\t\t<h2 id=\"elementor-tab-title-1002\" class=\"elementor-tab-title\" data-tab=\"2\" role=\"button\" aria-controls=\"elementor-tab-content-1002\" aria-expanded=\"false\">\n\t\t\t\t\t\t\t\t\t\t\t\t<span class=\"elementor-toggle-icon elementor-toggle-icon-left\" aria-hidden=\"true\">\n\t\t\t\t\t\t\t\t\t\t\t\t\t\t\t<span class=\"elementor-toggle-icon-closed\"><svg xmlns=\"http:\/\/www.w3.org\/2000\/svg\" id=\"Capa_2\" data-name=\"Capa 2\" viewBox=\"0 0 47 47\"><g id=\"copy\"><g><line x1=\"23.5\" y1=\"12.5\" x2=\"23.5\" y2=\"34.5\" fill=\"none\" stroke=\"#1c355e\" stroke-miterlimit=\"10\"><\/line><line x1=\"34.5\" y1=\"23.5\" x2=\"12.5\" y2=\"23.5\" fill=\"none\" stroke=\"#1c355e\" stroke-miterlimit=\"10\"><\/line><circle cx=\"23.5\" cy=\"23.5\" r=\"23\" fill=\"none\" stroke=\"#1c355e\" stroke-miterlimit=\"10\"><\/circle><\/g><\/g><\/svg><\/span>\n\t\t\t\t\t\t\t\t<span class=\"elementor-toggle-icon-opened\"><svg xmlns=\"http:\/\/www.w3.org\/2000\/svg\" id=\"Capa_2\" data-name=\"Capa 2\" viewBox=\"0 0 47 47\"><g id=\"copy\"><g><line x1=\"34.5\" y1=\"23.5\" x2=\"12.5\" y2=\"23.5\" fill=\"none\" stroke=\"#1c355e\" stroke-miterlimit=\"10\"><\/line><circle cx=\"23.5\" cy=\"23.5\" r=\"23\" fill=\"none\" stroke=\"#1c355e\" stroke-miterlimit=\"10\"><\/circle><\/g><\/g><\/svg><\/span>\n\t\t\t\t\t\t\t\t\t\t\t\t\t<\/span>\n\t\t\t\t\t\t\t\t\t\t\t\t<a class=\"elementor-toggle-title\" tabindex=\"0\"><span class=\"colorize-yellow\">Finalit\u00e9<\/span><\/a>\n\t\t\t\t\t<\/h2>\n\n\t\t\t\t\t<div id=\"elementor-tab-content-1002\" class=\"elementor-tab-content elementor-clearfix\" data-tab=\"2\" role=\"region\" aria-labelledby=\"elementor-tab-title-1002\"><p>Les donn\u00e9es seront trait\u00e9es pour la gestion de l&rsquo;\u00e9l\u00e8ve sur le plan acad\u00e9mique et administratif, ainsi que pour la gestion des activit\u00e9s d\u00e9velopp\u00e9es par le centre \u00e9ducatif.<\/p>\n<h3>Pourquoi traitons-nous vos informations ?<\/h3>\n<p>A la FONDATION PRIV\u00c9E \u00c9COLE FRAN\u00c7AISE FERDINAND DE LESSEPS, nous traitons les informations fournies par les personnes int\u00e9ress\u00e9es avec les finalit\u00e9s suivantes :<\/p>\n<ul>\n<li>\u00c9L\u00c8VES: Les donn\u00e9es seront trait\u00e9es dans le but d&rsquo;identifier l&rsquo;\u00e9l\u00e8ve inscrit dans ce centre et de r\u00e9aliser les examens m\u00e9dicaux.<\/li>\n<li>PARENTS ET\/OU TUTEURS: Les donn\u00e9es seront trait\u00e9es dans le but de facturer le centre et d&rsquo;envoyer des informations ou des newsletters sur les activit\u00e9s organis\u00e9es par le centre \u00e9ducatif.<\/li>\n<li>SALARIES, PERSONNEL ET RESSOURCES HUMAINES : Fichier pour la gestion des ressources humaines et des salaires.<\/li>\n<li>Vid\u00e9osurveillance : Les donn\u00e9es seront trait\u00e9es dans le but de garantir la s\u00e9curit\u00e9 des installations du centre. <\/li>\n<\/ul>\n<h3>Pendant combien de temps conserverons-nous vos donn\u00e9es?<\/h3>\n<p>Crit\u00e8res de conservation des donn\u00e9es :<\/p>\n<p>SElles seront conserv\u00e9es tant qu&rsquo;il y aura un int\u00e9r\u00eat mutuel \u00e0 maintenir la finalit\u00e9 du traitement et, lorsqu&rsquo;elles ne seront plus n\u00e9cessaires \u00e0 cette fin, elles seront supprim\u00e9es avec des mesures de s\u00e9curit\u00e9 appropri\u00e9es pour garantir la pseudonymisation des donn\u00e9es ou leur destruction totale.<strong>Les images enregistr\u00e9es par le syst\u00e8me de vid\u00e9osurveillance seront effac\u00e9es apr\u00e8s 30 jours.<\/strong><\/p>\n<\/div>\n\t\t\t\t<\/div>\n\t\t\t\t\t\t\t<div class=\"elementor-toggle-item\">\n\t\t\t\t\t<h2 id=\"elementor-tab-title-1003\" class=\"elementor-tab-title\" data-tab=\"3\" role=\"button\" aria-controls=\"elementor-tab-content-1003\" aria-expanded=\"false\">\n\t\t\t\t\t\t\t\t\t\t\t\t<span class=\"elementor-toggle-icon elementor-toggle-icon-left\" aria-hidden=\"true\">\n\t\t\t\t\t\t\t\t\t\t\t\t\t\t\t<span class=\"elementor-toggle-icon-closed\"><svg xmlns=\"http:\/\/www.w3.org\/2000\/svg\" id=\"Capa_2\" data-name=\"Capa 2\" viewBox=\"0 0 47 47\"><g id=\"copy\"><g><line x1=\"23.5\" y1=\"12.5\" x2=\"23.5\" y2=\"34.5\" fill=\"none\" stroke=\"#1c355e\" stroke-miterlimit=\"10\"><\/line><line x1=\"34.5\" y1=\"23.5\" x2=\"12.5\" y2=\"23.5\" fill=\"none\" stroke=\"#1c355e\" stroke-miterlimit=\"10\"><\/line><circle cx=\"23.5\" cy=\"23.5\" r=\"23\" fill=\"none\" stroke=\"#1c355e\" stroke-miterlimit=\"10\"><\/circle><\/g><\/g><\/svg><\/span>\n\t\t\t\t\t\t\t\t<span class=\"elementor-toggle-icon-opened\"><svg xmlns=\"http:\/\/www.w3.org\/2000\/svg\" id=\"Capa_2\" data-name=\"Capa 2\" viewBox=\"0 0 47 47\"><g id=\"copy\"><g><line x1=\"34.5\" y1=\"23.5\" x2=\"12.5\" y2=\"23.5\" fill=\"none\" stroke=\"#1c355e\" stroke-miterlimit=\"10\"><\/line><circle cx=\"23.5\" cy=\"23.5\" r=\"23\" fill=\"none\" stroke=\"#1c355e\" stroke-miterlimit=\"10\"><\/circle><\/g><\/g><\/svg><\/span>\n\t\t\t\t\t\t\t\t\t\t\t\t\t<\/span>\n\t\t\t\t\t\t\t\t\t\t\t\t<a class=\"elementor-toggle-title\" tabindex=\"0\"><span class=\"colorize-yellow\">L\u00e9gislation<\/span><\/a>\n\t\t\t\t\t<\/h2>\n\n\t\t\t\t\t<div id=\"elementor-tab-content-1003\" class=\"elementor-tab-content elementor-clearfix\" data-tab=\"3\" role=\"region\" aria-labelledby=\"elementor-tab-title-1003\"><p>Consentement de la personne concern\u00e9e ou du parent et\/ou tuteur. <\/p>\n<h3>Quelle est la base l\u00e9gale du traitement de vos donn\u00e9es ? <\/h3>\n<h4>Consentement de la personne concern\u00e9e :<\/h4>\n<p>La base juridique du traitement de vos donn\u00e9es est le consentement de la personne concern\u00e9e, l&rsquo;ex\u00e9cution du contrat de services et la fourniture de r\u00e9ponses \u00e0 vos questions re\u00e7ues via les r\u00e9seaux sociaux disponibles sur le portail (conform\u00e9ment aux termes et conditions \u00e9nonc\u00e9s dans notre politique de confidentialit\u00e9).<\/p>\n<p>L&rsquo;offre prospective de produits et de services est bas\u00e9e sur le consentement demand\u00e9, sans que le retrait de ce consentement ne conditionne en aucun cas l&rsquo;ex\u00e9cution du contrat de services. <\/p>\n<h4>Int\u00e9r\u00eat l\u00e9gitime : <\/h4>\n<p>L&rsquo;int\u00e9r\u00eat l\u00e9gitime de la FONDATION PRIV\u00c9E \u00c9COLE FRAN\u00c7AISE FERDINAND DE LESSEPS est de mieux r\u00e9pondre \u00e0 vos attentes et d&rsquo;am\u00e9liorer la qualit\u00e9 des services offerts par le centre et le site web, ainsi que de r\u00e9aliser des statistiques, des enqu\u00eates ou des \u00e9tudes de march\u00e9 pouvant \u00eatre int\u00e9ressantes. Les donn\u00e9es sont trait\u00e9es sur la base de la relation existante entre vous et le centre \u00e9ducatif.<\/p>\n<\/div>\n\t\t\t\t<\/div>\n\t\t\t\t\t\t\t<div class=\"elementor-toggle-item\">\n\t\t\t\t\t<h2 id=\"elementor-tab-title-1004\" class=\"elementor-tab-title\" data-tab=\"4\" role=\"button\" aria-controls=\"elementor-tab-content-1004\" aria-expanded=\"false\">\n\t\t\t\t\t\t\t\t\t\t\t\t<span class=\"elementor-toggle-icon elementor-toggle-icon-left\" aria-hidden=\"true\">\n\t\t\t\t\t\t\t\t\t\t\t\t\t\t\t<span class=\"elementor-toggle-icon-closed\"><svg xmlns=\"http:\/\/www.w3.org\/2000\/svg\" id=\"Capa_2\" data-name=\"Capa 2\" viewBox=\"0 0 47 47\"><g id=\"copy\"><g><line x1=\"23.5\" y1=\"12.5\" x2=\"23.5\" y2=\"34.5\" fill=\"none\" stroke=\"#1c355e\" stroke-miterlimit=\"10\"><\/line><line x1=\"34.5\" y1=\"23.5\" x2=\"12.5\" y2=\"23.5\" fill=\"none\" stroke=\"#1c355e\" stroke-miterlimit=\"10\"><\/line><circle cx=\"23.5\" cy=\"23.5\" r=\"23\" fill=\"none\" stroke=\"#1c355e\" stroke-miterlimit=\"10\"><\/circle><\/g><\/g><\/svg><\/span>\n\t\t\t\t\t\t\t\t<span class=\"elementor-toggle-icon-opened\"><svg xmlns=\"http:\/\/www.w3.org\/2000\/svg\" id=\"Capa_2\" data-name=\"Capa 2\" viewBox=\"0 0 47 47\"><g id=\"copy\"><g><line x1=\"34.5\" y1=\"23.5\" x2=\"12.5\" y2=\"23.5\" fill=\"none\" stroke=\"#1c355e\" stroke-miterlimit=\"10\"><\/line><circle cx=\"23.5\" cy=\"23.5\" r=\"23\" fill=\"none\" stroke=\"#1c355e\" stroke-miterlimit=\"10\"><\/circle><\/g><\/g><\/svg><\/span>\n\t\t\t\t\t\t\t\t\t\t\t\t\t<\/span>\n\t\t\t\t\t\t\t\t\t\t\t\t<a class=\"elementor-toggle-title\" tabindex=\"0\"><span class=\"colorize-yellow\">Destinataires<\/span><\/a>\n\t\t\t\t\t<\/h2>\n\n\t\t\t\t\t<div id=\"elementor-tab-content-1004\" class=\"elementor-tab-content elementor-clearfix\" data-tab=\"4\" role=\"region\" aria-labelledby=\"elementor-tab-title-1004\"><p>Les donn\u00e9es peuvent \u00eatre communiqu\u00e9es \u00e0 des entit\u00e9s bancaires, \u00e0 une compagnie d&rsquo;assurance, \u00e0 l&rsquo;\u00e9quipe m\u00e9dicale, \u00e0 la mairie, \u00e0 la conseillerie de l&rsquo;\u00e9ducation, au minist\u00e8re de l&rsquo;\u00e9ducation. <\/p>\n<h3>\u00c0 quels destinataires vos donn\u00e9es seront-elles communiqu\u00e9es ?<\/h3>\n<p>Les donn\u00e9es peuvent \u00eatre communiqu\u00e9es, le cas \u00e9ch\u00e9ant, aux entit\u00e9s suivantes :<\/p>\n<ul>\n<li>Aux entit\u00e9s bancaires pour le paiement des services propos\u00e9s par le centre (inscription, cantine, mat\u00e9riel scolaire).<\/li>\n<li>\u00c0 la compagnie d&rsquo;assurance avec laquelle le Centre souscrit pour la gestion des accidents que les \u00e9l\u00e8ves pourraient subir au sein du centre.<\/li>\n<li>\u00c0 l&rsquo;\u00e9quipe m\u00e9dicale engag\u00e9e pour effectuer les examens m\u00e9dicaux p\u00e9riodiques des \u00e9l\u00e8ves du centre.<\/li>\n<li>\u00c0 la mairie o\u00f9 les \u00e9l\u00e8ves sont inscrits ou r\u00e9sident, aux fins de la gestion de l&rsquo;octroi de bourses, de subventions et autres comp\u00e9tences l\u00e9gitimes de la part de la mairie.<\/li>\n<li>\u00c0 la Conseill\u00e8re de l&rsquo;\u00e9ducation et, le cas \u00e9ch\u00e9ant, au minist\u00e8re de l&rsquo;\u00e9ducation pour l&rsquo;exercice de leurs comp\u00e9tences.<\/li>\n<\/ul>\n<\/div>\n\t\t\t\t<\/div>\n\t\t\t\t\t\t\t<div class=\"elementor-toggle-item\">\n\t\t\t\t\t<h2 id=\"elementor-tab-title-1005\" class=\"elementor-tab-title\" data-tab=\"5\" role=\"button\" aria-controls=\"elementor-tab-content-1005\" aria-expanded=\"false\">\n\t\t\t\t\t\t\t\t\t\t\t\t<span class=\"elementor-toggle-icon elementor-toggle-icon-left\" aria-hidden=\"true\">\n\t\t\t\t\t\t\t\t\t\t\t\t\t\t\t<span class=\"elementor-toggle-icon-closed\"><svg xmlns=\"http:\/\/www.w3.org\/2000\/svg\" id=\"Capa_2\" data-name=\"Capa 2\" viewBox=\"0 0 47 47\"><g id=\"copy\"><g><line x1=\"23.5\" y1=\"12.5\" x2=\"23.5\" y2=\"34.5\" fill=\"none\" stroke=\"#1c355e\" stroke-miterlimit=\"10\"><\/line><line x1=\"34.5\" y1=\"23.5\" x2=\"12.5\" y2=\"23.5\" fill=\"none\" stroke=\"#1c355e\" stroke-miterlimit=\"10\"><\/line><circle cx=\"23.5\" cy=\"23.5\" r=\"23\" fill=\"none\" stroke=\"#1c355e\" stroke-miterlimit=\"10\"><\/circle><\/g><\/g><\/svg><\/span>\n\t\t\t\t\t\t\t\t<span class=\"elementor-toggle-icon-opened\"><svg xmlns=\"http:\/\/www.w3.org\/2000\/svg\" id=\"Capa_2\" data-name=\"Capa 2\" viewBox=\"0 0 47 47\"><g id=\"copy\"><g><line x1=\"34.5\" y1=\"23.5\" x2=\"12.5\" y2=\"23.5\" fill=\"none\" stroke=\"#1c355e\" stroke-miterlimit=\"10\"><\/line><circle cx=\"23.5\" cy=\"23.5\" r=\"23\" fill=\"none\" stroke=\"#1c355e\" stroke-miterlimit=\"10\"><\/circle><\/g><\/g><\/svg><\/span>\n\t\t\t\t\t\t\t\t\t\t\t\t\t<\/span>\n\t\t\t\t\t\t\t\t\t\t\t\t<a class=\"elementor-toggle-title\" tabindex=\"0\"><span class=\"colorize-yellow\">Droits<\/span><\/a>\n\t\t\t\t\t<\/h2>\n\n\t\t\t\t\t<div id=\"elementor-tab-content-1005\" class=\"elementor-tab-content elementor-clearfix\" data-tab=\"5\" role=\"region\" aria-labelledby=\"elementor-tab-title-1005\"><p>Acc\u00e9der, rectifier et supprimer les donn\u00e9es, ainsi que d&rsquo;autres droits, comme expliqu\u00e9 dans les informations compl\u00e9mentaires. <\/p>\n<h3>Quels sont vos droits lorsque vous nous fournissez vos donn\u00e9es ?<\/h3>\n<table>\n<thead>\n<tr>\n<th>Droit<\/th>\n<th>Droit Contenu <\/th>\n<\/tr>\n<\/thead>\n<tbody>\n<tr>\n<th>Acc\u00e8s <\/th>\n<td>Toute personne a le droit d&rsquo;obtenir une confirmation que FONDATION PRIV\u00c9E \u00c9COLE FRAN\u00c7AISE FERDINAND DE LESSEPS traite ou non des donn\u00e9es personnelles la concernant.<\/td>\n<\/tr>\n<tr>\n<th>Rectification <\/th>\n<td>Les personnes concern\u00e9es ont le droit de demander la rectification des donn\u00e9es inexactes. <\/td>\n<\/tr>\n<tr>\n<th>Suppression  <\/th>\n<td>Les personnes concern\u00e9es peuvent demander la suppression de leurs donn\u00e9es personnelles lorsqu&rsquo;elles ne sont plus n\u00e9cessaires aux fins pour lesquelles elles ont \u00e9t\u00e9 collect\u00e9es. <\/td>\n<\/tr>\n<tr>\n<th>Opposition <\/th>\n<td>Les personnes concern\u00e9es peuvent s&rsquo;opposer au traitement de leurs donn\u00e9es \u00e0 des fins de services qui les int\u00e9ressent. FONDATION PRIV\u00c9E \u00c9COLE FRAN\u00c7AISE FERDINAND DE LESSEPS cessera de traiter les donn\u00e9es, sauf pour des raisons l\u00e9gitimes imp\u00e9rieuses ou pour exercer ou d\u00e9fendre d&rsquo;\u00e9ventuelles r\u00e9clamations. <\/td>\n<\/tr>\n<\/tbody>\n<\/table>\n<p>Limitation du traitement <\/p>\n<p>Dans certaines circonstances pr\u00e9vues \u00e0 l&rsquo;article 18 du RGPD, les personnes concern\u00e9es peuvent demander la limitation du traitement de leurs donn\u00e9es dans les cas suivants:<\/p>\n<ul>\n<li>Pendant que la contestation de l&rsquo;exactitude de vos donn\u00e9es est v\u00e9rifi\u00e9e. <\/li>\n<li>Lorsque le traitement est ill\u00e9gal, mais vous vous opposez \u00e0 l&rsquo;exercice du droit de suppression de vos donn\u00e9es. <\/li>\n<li>Lorsque FONDATION PRIV\u00c9E \u00c9COLE FRAN\u00c7AISE FERDINAND DE LESSEPS n&rsquo;a pas besoin de traiter vos donn\u00e9es, mais que vous en avez besoin pour exercer ou d\u00e9fendre des r\u00e9clamations. <\/li>\n<li>Lorsque vous vous opposez au traitement de donn\u00e9es pour l&rsquo;ex\u00e9cution d&rsquo;une mission d&rsquo;int\u00e9r\u00eat public ou pour la satisfaction d&rsquo;un int\u00e9r\u00eat l\u00e9gitime. Pendant qu&rsquo;on v\u00e9rifie si les motifs l\u00e9gitimes pour le traitement pr\u00e9valent sur les v\u00f4tres.<\/li>\n<\/ul>\n<h3>Portabilit\u00e9<\/h3>\n<p>Conform\u00e9ment au droit \u00e0 la portabilit\u00e9, les personnes concern\u00e9es ont le droit d&rsquo;obtenir leurs donn\u00e9es personnelles dans un format \u00e9lectronique structur\u00e9 couramment utilis\u00e9 et lisible m\u00e9caniquement, et de les transmettre \u00e0 un autre responsable.<\/p>\n<h3>Comment exercer vos droits ? <\/h3>\n<p>Si vous estimez que FONDATION PRIV\u00c9E \u00c9COLE FRAN\u00c7AISE FERDINAND DE LESSEPS n&rsquo;a pas trait\u00e9 vos donn\u00e9es conform\u00e9ment \u00e0 la r\u00e9glementation, vous pouvez contacter notre d\u00e9l\u00e9gu\u00e9 \u00e0 la protection des donn\u00e9es aux coordonn\u00e9es suivantes:<\/p>\n<p>Adresse \u00e9lectronique: lopd@msanchez.cat<br \/>Adresse \u00e9lectronique <br \/>Gran Via de Les Corts Catalanes 707, 08013 Barcelona.<br \/>Tel\u00e9fono: 932 32 16 12<\/p>\n<p>Pour exercer vos droits, vous devrez joindre \u00e0 votre demande une copie de votre carte d&rsquo;identit\u00e9 ou d&rsquo;un document \u00e9quivalent prouvant votre identit\u00e9. <\/p>\n<p>L&rsquo;exercice de ces droits est gratuit.<\/p>\n<h3>Quelles voies de recours existent?<\/h3>\n<p>Les personnes concern\u00e9es ont le droit de d\u00e9poser une r\u00e9clamation aupr\u00e8s de l&rsquo;Autorit\u00e9 de contr\u00f4le en mati\u00e8re de protection des donn\u00e9es comp\u00e9tente, notamment lorsqu&rsquo;elles n&rsquo;ont pas obtenu satisfaction dans l&rsquo;exercice de leurs droits, et peuvent la contacter via le site web www.agpd.es<\/p>\n<\/div>\n\t\t\t\t<\/div>\n\t\t\t\t\t\t\t\t<\/div>\n\t\t\t\t\t\t<\/div>\n\t\t\t\t<\/div>\n\t\t\t\t\t<\/div>\n\t\t<\/div>\n\t\t\t\t\t<\/div>\n\t\t<\/section>\n\t\t\t\t<section class=\"elementor-section elementor-top-section elementor-element elementor-element-3f49dd5 elementor-section-boxed elementor-section-height-default elementor-section-height-default\" data-id=\"3f49dd5\" data-element_type=\"section\" data-e-type=\"section\">\n\t\t\t\t\t\t<div class=\"elementor-container elementor-column-gap-default\">\n\t\t\t\t\t<div class=\"elementor-column elementor-col-100 elementor-top-column elementor-element elementor-element-e1d9e4e\" data-id=\"e1d9e4e\" data-element_type=\"column\" data-e-type=\"column\">\n\t\t\t<div class=\"elementor-widget-wrap elementor-element-populated\">\n\t\t\t\t\t\t<div class=\"elementor-element elementor-element-cec15a2 elementor-widget elementor-widget-text-editor\" data-id=\"cec15a2\" data-element_type=\"widget\" data-e-type=\"widget\" data-widget_type=\"text-editor.default\">\n\t\t\t\t<div class=\"elementor-widget-container\">\n\t\t\t\t\t\t\t\t\t<h2>Politique de confidentialit\u00e9<\/h2>\r\nPour se conformer \u00e0 ce qui est \u00e9tabli dans la Loi 34\/2002, du 11 juillet, sur les services de la soci\u00e9t\u00e9 de l&rsquo;information et du commerce \u00e9lectronique, les donn\u00e9es de l&rsquo;information g\u00e9n\u00e9rale de ce site Web sont indiqu\u00e9es ci-dessous :\r\n<h3>Objet<\/h3>\r\nCes conditions g\u00e9n\u00e9rales (ci-apr\u00e8s, les \u00ab\u00a0Conditions G\u00e9n\u00e9rales\u00a0\u00bb) r\u00e9gissent l&rsquo;utilisation de tous les services de ce site Web (ci-apr\u00e8s, le \u00ab\u00a0Portail\u00a0\u00bb) mis \u00e0 disposition des utilisateurs d&rsquo;Internet par la FONDATION PRIV\u00c9E \u00c9COLE FRAN\u00c7AISE FERDINAND DE LESSEPS. En utilisant simplement le Portail, les utilisateurs expriment leur acceptation sans r\u00e9serve de ces conditions, qui peuvent \u00eatre modifi\u00e9es par la FONDATION PRIV\u00c9E \u00c9COLE FRAN\u00c7AISE FERDINAND DE LESSEPS \u00e0 tout moment. Les utilisateurs sont \u00e9galement soumis \u00e0 toutes les conditions particuli\u00e8res, avis ou r\u00e8glements d&rsquo;instructions qui leur sont communiqu\u00e9s, en relation avec les contenus ou services sp\u00e9cifiques, conform\u00e9ment \u00e0 ce qui est pr\u00e9vu dans ces Conditions G\u00e9n\u00e9rales, sauf opposition.\r\n<h3>1. INFORMATION \u00c0 L&rsquo;UTILISATEUR<\/h3>\r\nLa FONDATION PRIV\u00c9E \u00c9COLE FRAN\u00c7AISE FERDINAND DE LESSEPS est le Responsable du traitement des donn\u00e9es personnelles de l&rsquo;Utilisateur et l&rsquo;informe que ces donn\u00e9es seront trait\u00e9es conform\u00e9ment \u00e0 la r\u00e9glementation en vigueur en mati\u00e8re de protection des donn\u00e9es personnelles, au R\u00e8glement (UE) 2016\/679 du 27 avril 2016 (RGPD) relatif \u00e0 la protection des personnes physiques \u00e0 l&rsquo;\u00e9gard du traitement des donn\u00e9es \u00e0 caract\u00e8re personnel et \u00e0 la libre circulation de ces donn\u00e9es, de sorte que les informations suivantes sur le traitement sont fournies :\r\n\r\nObjectif du traitement : maintenir une relation commerciale avec l&rsquo;Utilisateur. Les op\u00e9rations pr\u00e9vues pour effectuer le traitement sont les suivantes :\r\n<ul>\r\n \t<li>Envoi de communications commerciales publicitaires par courrier \u00e9lectronique, SMS, MMS, r\u00e9seaux sociaux ou tout autre moyen \u00e9lectronique ou physique, actuel ou futur, permettant de r\u00e9aliser des communications commerciales. Ces communications seront effectu\u00e9es par la FONDATION PRIV\u00c9E \u00c9COLE FRAN\u00c7AISE FERDINAND DE LESSEPS et porteront sur ses produits et services, ou sur ceux de ses collaborateurs ou fournisseurs avec lesquels elle aura conclu un accord de promotion. Dans ce cas, les tiers n&rsquo;auront jamais acc\u00e8s aux donn\u00e9es personnelles.<\/li>\r\n \t<li>R\u00e9alisation d&rsquo;\u00e9tudes statistiques.<\/li>\r\n \t<li>Traitement des commandes, demandes ou toute autre demande formul\u00e9e par l&rsquo;utilisateur par le biais de l&rsquo;une des formes de contact mises \u00e0 sa disposition.<\/li>\r\n \t<li>Envoi de la newsletter du site Web.<\/li>\r\n<\/ul>\r\nCrit\u00e8res de conservation des donn\u00e9es : Elles seront conserv\u00e9es tant qu&rsquo;il y aura un int\u00e9r\u00eat mutuel \u00e0 maintenir la finalit\u00e9 du traitement et, lorsqu&rsquo;elles ne seront plus n\u00e9cessaires \u00e0 cette fin, elles seront supprim\u00e9es avec des mesures de s\u00e9curit\u00e9 appropri\u00e9es pour garantir la pseudonymisation des donn\u00e9es ou leur destruction totale. Communication des donn\u00e9es :\r\n\r\nAucune donn\u00e9e ne sera communiqu\u00e9e \u00e0 aucun destinataire, sauf obligation l\u00e9gale. Droits qui assistent \u00e0 l&rsquo;Utilisateur :\r\n<ul>\r\n \t<li>Droit de retirer le consentement \u00e0 tout moment.<\/li>\r\n \t<li>Droit d&rsquo;acc\u00e8s, de rectification et de suppression de ses donn\u00e9es, ainsi que de limitation ou d&rsquo;opposition \u00e0 leur traitement.<\/li>\r\n \t<li>Droit de d\u00e9poser une plainte aupr\u00e8s de l&rsquo;autorit\u00e9 de contr\u00f4le (agpd.es) s&rsquo;il estime que le traitement ne respecte pas la r\u00e9glementation en vigueur.<\/li>\r\n<\/ul>\r\nCoordonn\u00e9es pour exercer ses droits :\r\n<ul>\r\n \t<li>Adresse postale : FONDATION PRIV\u00c9E \u00c9COLE FRAN\u00c7AISE FERDINAND DE LESSEPS, Gran Via de Les Corts Catalanes 707, 08013 Barcelone<\/li>\r\n \t<li>Adresse \u00e9lectronique : gestion@lesseps.net<\/li>\r\n<\/ul>\r\n<h3>2. CARACT\u00c8RE OBLIGATOIRE OU FACULTATIF DES INFORMATIONS FOURNIES PAR L&rsquo;UTILISATEUR<\/h3>\r\n\r\nLes Utilisateurs, en entrant des donn\u00e9es dans les champs du formulaire de contact ou pr\u00e9sent\u00e9s dans les formulaires de t\u00e9l\u00e9chargement, acceptent express\u00e9ment et de mani\u00e8re libre et sans \u00e9quivoque que leurs donn\u00e9es sont n\u00e9cessaires pour r\u00e9pondre \u00e0 leur demande par le prestataire, l&rsquo;inclusion de donn\u00e9es dans les champs restants \u00e9tant volontaire. L&rsquo;Utilisateur garantit que les donn\u00e9es personnelles fournies \u00e0 la FONDATION PRIV\u00c9E \u00c9COLE FRAN\u00c7AISE FERDINAND DE LESSEPS sont v\u00e9ridiques et s&rsquo;engage \u00e0 communiquer toute modification de celles-ci. La FONDATION PRIV\u00c9E \u00c9COLE FRAN\u00c7AISE FERDINAND DE LESSEPS informe et garantit express\u00e9ment aux utilisateurs que leurs donn\u00e9es personnelles ne seront en aucun cas c\u00e9d\u00e9es \u00e0 des tiers, et que chaque fois qu&rsquo;une quelconque cession de donn\u00e9es personnelles sera r\u00e9alis\u00e9e, le consentement pr\u00e9alable, explicite et \u00e9clair\u00e9 de la part des Utilisateurs sera demand\u00e9. Toutes les donn\u00e9es demand\u00e9es via le site Web sont obligatoires, car elles sont n\u00e9cessaires \u00e0 la fourniture d&rsquo;un service optimal \u00e0 l&rsquo;Utilisateur. Si toutes les donn\u00e9es ne sont pas fournies, il n&rsquo;est pas garanti que les informations et services fournis seront enti\u00e8rement adapt\u00e9s \u00e0 leurs besoins.\r\n\r\n<h3>3. MESURES DE S\u00c9CURIT\u00c9<\/h3>\r\n\r\nConform\u00e9ment \u00e0 la r\u00e9glementation en vigueur en mati\u00e8re de protection des donn\u00e9es personnelles, la FONDATION PRIV\u00c9E \u00c9COLE FRAN\u00c7AISE FERDINAND DE LESSEPS se conforme \u00e0 toutes les dispositions des r\u00e9glementations du RGPD pour le traitement des donn\u00e9es personnelles relevant de sa responsabilit\u00e9, et manifestement aux principes d\u00e9crits \u00e0 l&rsquo;article 5 du RGPD, en vertu desquels elles sont trait\u00e9es de mani\u00e8re licite, loyale et transparente \u00e0 l&rsquo;\u00e9gard de la personne concern\u00e9e et ad\u00e9quates, pertinentes et limit\u00e9es \u00e0 ce qui est n\u00e9cessaire au regard des finalit\u00e9s pour lesquelles elles sont trait\u00e9es. La FONDATION PRIV\u00c9E \u00c9COLE FRAN\u00c7AISE FERDINAND DE LESSEPS garantit qu&rsquo;elle a mis en \u0153uvre des politiques techniques et organisationnelles appropri\u00e9es pour appliquer les mesures de s\u00e9curit\u00e9 \u00e9tablies par le RGPD, afin de prot\u00e9ger les droits et libert\u00e9s des Utilisateurs et leur a communiqu\u00e9 les informations n\u00e9cessaires pour qu&rsquo;ils puissent les exercer.\r\n\r\n<h3>4. UTILISATION DU PORTAIL ET DES SERVICES POUR LES UTILISATEURS<\/h3>\r\n\r\nSauf autorisation pr\u00e9alable et expresse sp\u00e9cifiquement accord\u00e9e \u00e0 cet effet par la FONDATION PRIV\u00c9E \u00c9COLE FRAN\u00c7AISE FERDINAND DE LESSEPS, les utilisateurs s&rsquo;abstiendront d&rsquo;obtenir ou de tenter d&rsquo;obtenir tout type de contenu, qu&rsquo;il s&rsquo;agisse de textes, de graphiques, de dessins, de fichiers sonores, d&rsquo;images ou de photographies, de vid\u00e9os, de logiciels et en g\u00e9n\u00e9ral de tout type de mat\u00e9riau accessible via le Portail ou les services qu&rsquo;ils utilisent, par des moyens autres que ceux mis \u00e0 leur disposition \u00e0 cet effet ou que ceux utilis\u00e9s habituellement \u00e0 cet effet sur Internet. La reproduction, la modification, la copie, l&rsquo;utilisation, la distribution, la commercialisation, la communication publique ou toute autre utilisation des informations contenues sur le site Web de la FONDATION PRIV\u00c9E \u00c9COLE FRAN\u00c7AISE FERDINAND DE LESSEPS (y compris sa conception, sa configuration et sa forme d&rsquo;exposition sur le site Web) effectu\u00e9es sans autorisation de la FONDATION PRIV\u00c9E \u00c9COLE FRAN\u00c7AISE FERDINAND DE LESSEPS constitue une violation de la l\u00e9gislation en vigueur en mati\u00e8re de propri\u00e9t\u00e9 intellectuelle. Pour faciliter son acc\u00e8s, la FONDATION PRIV\u00c9E \u00c9COLE FRAN\u00c7AISE FERDINAND DE LESSEPS peut inclure des liens vers des pages Internet appartenant ou g\u00e9r\u00e9es par des tiers. En acc\u00e9dant \u00e0 ces sites, vous examinerez et accepterez les r\u00e8gles d&rsquo;utilisation de cette page avant de l&rsquo;utiliser. Vous accepterez \u00e9galement que la FONDATION PRIV\u00c9E \u00c9COLE FRAN\u00c7AISE FERDINAND DE LESSEPS n&rsquo;a aucun contr\u00f4le sur le contenu de ces pages et ne peut assumer aucune responsabilit\u00e9 pour tout mat\u00e9riel cr\u00e9\u00e9 ou publi\u00e9 par eux. De plus, le lien vers un site externe \u00e0 la FONDATION PRIV\u00c9E \u00c9COLE FRAN\u00c7AISE FERDINAND DE LESSEPS n&rsquo;implique pas qu&rsquo;elle approuve ce site ni les produits ou services auxquels il fait r\u00e9f\u00e9rence.\r\n\r\n<h3>5. POLITIQUE DE COOKIES<\/h3>\r\n\r\nPar le biais de ce site Web, aucune donn\u00e9e \u00e0 caract\u00e8re personnel n&rsquo;est recueillie aupr\u00e8s des utilisateurs \u00e0 leur insu, ni n&rsquo;est transmise \u00e0 des tiers. Afin de vous offrir le meilleur service possible et de faciliter l&rsquo;utilisation, le nombre de pages visit\u00e9es, le nombre de visites, ainsi que l&rsquo;activit\u00e9 des visiteurs et leur fr\u00e9quence d&rsquo;utilisation sont analys\u00e9s. \u00c0 cette fin, la FONDATION PRIV\u00c9E \u00c9COLE FRAN\u00c7AISE FERDINAND DE LESSEPS utilise les informations statistiques \u00e9labor\u00e9es par le fournisseur de services Internet. La FONDATION PRIV\u00c9E \u00c9COLE FRAN\u00c7AISE FERDINAND DE LESSEPS utilise des cookies pour recueillir des informations aupr\u00e8s des utilisateurs et enregistre les adresses IP d&rsquo;acc\u00e8s. Elle utilise des cookies de session propres et des cookies tiers, comme indiqu\u00e9 dans notre politique en mati\u00e8re de cookies, \u00e0 des fins techniques (ceux qui permettent \u00e0 l&rsquo;utilisateur de naviguer sur le site Web et d&rsquo;utiliser les diff\u00e9rentes options et services qui y sont disponibles).\r\n\r\n<h3>6. EXCLUSION DE RESPONSABILIT\u00c9 CONCERNANT LES CONTENUS<\/h3>\r\n\r\nL&rsquo;entreprise n&rsquo;est en aucun cas responsable, ni directement ni indirectement, de tout contenu, information, communication, opinion ou d\u00e9claration de quelque nature que ce soit ayant son origine chez l&rsquo;utilisateur ou toute personne ou entit\u00e9 et qui est communiqu\u00e9, diffus\u00e9, transmis ou affich\u00e9 via ce portail.\r\n\r\n<h3>7. PROPRI\u00c9T\u00c9 INTELLECTUELLE ET INDUSTRIELLE<\/h3>\r\n\r\nTous les contenus ainsi que les noms, logos, marques et bases de donn\u00e9es accessibles sur les pages Web du Portail sont soumis aux droits de propri\u00e9t\u00e9 industrielle et intellectuelle de la FONDATION PRIV\u00c9E \u00c9COLE FRAN\u00c7AISE FERDINAND DE LESSEPS ou de tiers titulaires de ces droits. En aucun cas, l&rsquo;acc\u00e8s aux pages Web du Portail n&rsquo;implique une renonciation, une transmission ou une cession totale ou partielle des droits susmentionn\u00e9s, ni ne conf\u00e8re de droit d&rsquo;utilisation, de modification, d&rsquo;exploitation, de reproduction, de distribution ou de communication publique sur les contenus ou les biens de propri\u00e9t\u00e9 industrielle sans l&rsquo;autorisation pr\u00e9alable et expresse sp\u00e9cifiquement accord\u00e9e \u00e0 cet effet par l&rsquo;entreprise ou par le tiers titulaire des droits, \u00e0 l&rsquo;exception du droit de visualiser et de r\u00e9aliser des copies \u00e0 usage personnel et exclusif de l&rsquo;utilisateur, qui devront toujours \u00eatre exerc\u00e9es conform\u00e9ment aux principes de bonne foi et \u00e0 la l\u00e9gislation applicable. FONDATION PRIV\u00c9E \u00c9COLE FRAN\u00c7AISE FERDINAND DE LESSEPS et d&rsquo;autres d\u00e9nominations de produits, de services, de graphiques et de logos sont des marques prot\u00e9g\u00e9es par la FONDATION PRIV\u00c9E \u00c9COLE FRAN\u00c7AISE FERDINAND DE LESSEPS. Les noms d&rsquo;autres produits, services et soci\u00e9t\u00e9s mentionn\u00e9s dans le pr\u00e9sent document peuvent \u00eatre des marques commerciales de leurs titulaires respectifs.\r\n\r\n<h3>8. LOI APPLICABLE<\/h3>\r\n\r\nLes pr\u00e9sentes Conditions G\u00e9n\u00e9rales sont r\u00e9gies par les lois espagnoles. La langue utilis\u00e9e sera l&rsquo;espagnol. Toute controverse pouvant d\u00e9couler de l&rsquo;acc\u00e8s ou de l&rsquo;utilisation de ce portail est soumise \u00e0 la comp\u00e9tence exclusive des tribunaux de la ville de Barcelone (Espagne). L&rsquo;Utilisateur, en utilisant ce Portail, renonce express\u00e9ment \u00e0 tout autre forum qui pourrait lui correspondre.\t\t\t\t\t\t\t\t<\/div>\n\t\t\t\t<\/div>\n\t\t\t\t\t<\/div>\n\t\t<\/div>\n\t\t\t\t\t<\/div>\n\t\t<\/section>\n\t\t\t\t<section class=\"elementor-section elementor-top-section elementor-element elementor-element-4c7d5f9 elementor-section-boxed elementor-section-height-default elementor-section-height-default\" data-id=\"4c7d5f9\" data-element_type=\"section\" data-e-type=\"section\">\n\t\t\t\t\t\t<div class=\"elementor-container elementor-column-gap-default\">\n\t\t\t\t\t<div class=\"elementor-column elementor-col-100 elementor-top-column elementor-element elementor-element-c57da9d\" data-id=\"c57da9d\" data-element_type=\"column\" data-e-type=\"column\">\n\t\t\t<div class=\"elementor-widget-wrap elementor-element-populated\">\n\t\t\t\t\t\t<div class=\"elementor-element elementor-element-c52cf0f elementor-widget elementor-widget-heading\" data-id=\"c52cf0f\" data-element_type=\"widget\" data-e-type=\"widget\" data-widget_type=\"heading.default\">\n\t\t\t\t<div class=\"elementor-widget-container\">\n\t\t\t\t\t<h2 class=\"elementor-heading-title elementor-size-default\">H\u00e9bergement de ce site<\/h2>\t\t\t\t<\/div>\n\t\t\t\t<\/div>\n\t\t\t\t<div class=\"elementor-element elementor-element-94b75f5 elementor-widget elementor-widget-text-editor\" data-id=\"94b75f5\" data-element_type=\"widget\" data-e-type=\"widget\" data-widget_type=\"text-editor.default\">\n\t\t\t\t<div class=\"elementor-widget-container\">\n\t\t\t\t\t\t\t\t\t<p>ARSYS SL<br \/>\nCalle Madre de Dios 21<br \/>\n26004 Logro\u00f1o (La Rioja) &#8211; Espagne<br \/>\nTelf.: +34 941 620 100<\/p>\n\t\t\t\t\t\t\t\t<\/div>\n\t\t\t\t<\/div>\n\t\t\t\t\t<\/div>\n\t\t<\/div>\n\t\t\t\t\t<\/div>\n\t\t<\/section>\n\t\t\t\t<\/div>\n\t\t","protected":false},"excerpt":{"rendered":"<p>Responsable Qui est le Responsable du traitement de vos donn\u00e9es? Identit\u00e9 : FONDATION PRIV\u00c9E \u00c9COLE FRAN\u00c7AISE FERDINAND DE LESSEPS Adresse postale: Gran V\u00eda de Les Corts Catalanes 707, 08013 Barcelone T\u00e9l\u00e9phone: 932 32 16 12 Adresse \u00e9lectronique : gestion@lesseps.net D\u00e9l\u00e9gu\u00e9 \u00e0 la protection des donn\u00e9es : lopd@msanchez.cat Finalit\u00e9 Les donn\u00e9es seront trait\u00e9es pour la gestion [&hellip;]<\/p>\n","protected":false},"author":1,"featured_media":0,"parent":0,"menu_order":0,"comment_status":"closed","ping_status":"closed","template":"","meta":{"_acf_changed":false,"footnotes":""},"class_list":["post-6146","page","type-page","status-publish","hentry"],"acf":[],"yoast_head":"<!-- This site is optimized with the Yoast SEO plugin v27.4 - https:\/\/yoast.com\/product\/yoast-seo-wordpress\/ -->\n<title>Avis et politique de confidentialit\u00e9 - \u00c9cole fran\u00e7aise FERDINAND DE LESSEPS<\/title>\n<meta name=\"robots\" content=\"noindex, nofollow\" \/>\n<meta property=\"og:locale\" content=\"fr_FR\" \/>\n<meta property=\"og:type\" content=\"article\" \/>\n<meta property=\"og:title\" content=\"Avis et politique de confidentialit\u00e9 - \u00c9cole fran\u00e7aise FERDINAND DE LESSEPS\" \/>\n<meta property=\"og:description\" content=\"Responsable Qui est le Responsable du traitement de vos donn\u00e9es? Identit\u00e9 : FONDATION PRIV\u00c9E \u00c9COLE FRAN\u00c7AISE FERDINAND DE LESSEPS Adresse postale: Gran V\u00eda de Les Corts Catalanes 707, 08013 Barcelone T\u00e9l\u00e9phone: 932 32 16 12 Adresse \u00e9lectronique : gestion@lesseps.net D\u00e9l\u00e9gu\u00e9 \u00e0 la protection des donn\u00e9es : lopd@msanchez.cat Finalit\u00e9 Les donn\u00e9es seront trait\u00e9es pour la gestion [&hellip;]\" \/>\n<meta property=\"og:url\" content=\"https:\/\/www.lesseps.net\/fr\/politica-privacidad\/\" \/>\n<meta property=\"og:site_name\" content=\"\u00c9cole fran\u00e7aise FERDINAND DE LESSEPS\" \/>\n<meta property=\"article:modified_time\" content=\"2024-06-03T12:06:45+00:00\" \/>\n<meta name=\"twitter:card\" content=\"summary_large_image\" \/>\n<meta name=\"twitter:label1\" content=\"Dur\u00e9e de lecture estim\u00e9e\" \/>\n\t<meta name=\"twitter:data1\" content=\"12 minutes\" \/>\n<script type=\"application\/ld+json\" class=\"yoast-schema-graph\">{\"@context\":\"https:\\\/\\\/schema.org\",\"@graph\":[{\"@type\":\"WebPage\",\"@id\":\"https:\\\/\\\/www.lesseps.net\\\/fr\\\/politica-privacidad\\\/\",\"url\":\"https:\\\/\\\/www.lesseps.net\\\/fr\\\/politica-privacidad\\\/\",\"name\":\"Avis et politique de confidentialit\u00e9 - \u00c9cole fran\u00e7aise FERDINAND DE LESSEPS\",\"isPartOf\":{\"@id\":\"https:\\\/\\\/www.lesseps.net\\\/fr\\\/#website\"},\"datePublished\":\"2022-11-17T07:45:19+00:00\",\"dateModified\":\"2024-06-03T12:06:45+00:00\",\"breadcrumb\":{\"@id\":\"https:\\\/\\\/www.lesseps.net\\\/fr\\\/politica-privacidad\\\/#breadcrumb\"},\"inLanguage\":\"fr-FR\",\"potentialAction\":[{\"@type\":\"ReadAction\",\"target\":[\"https:\\\/\\\/www.lesseps.net\\\/fr\\\/politica-privacidad\\\/\"]}]},{\"@type\":\"BreadcrumbList\",\"@id\":\"https:\\\/\\\/www.lesseps.net\\\/fr\\\/politica-privacidad\\\/#breadcrumb\",\"itemListElement\":[{\"@type\":\"ListItem\",\"position\":1,\"name\":\"Portada\",\"item\":\"https:\\\/\\\/www.lesseps.net\\\/fr\\\/\"},{\"@type\":\"ListItem\",\"position\":2,\"name\":\"Avis et politique de confidentialit\u00e9\"}]},{\"@type\":\"WebSite\",\"@id\":\"https:\\\/\\\/www.lesseps.net\\\/fr\\\/#website\",\"url\":\"https:\\\/\\\/www.lesseps.net\\\/fr\\\/\",\"name\":\"\u00c9cole fran\u00e7aise FERDINAND DE LESSEPS\",\"description\":\"Barcelona\",\"publisher\":{\"@id\":\"https:\\\/\\\/www.lesseps.net\\\/fr\\\/#organization\"},\"potentialAction\":[{\"@type\":\"SearchAction\",\"target\":{\"@type\":\"EntryPoint\",\"urlTemplate\":\"https:\\\/\\\/www.lesseps.net\\\/fr\\\/?s={search_term_string}\"},\"query-input\":{\"@type\":\"PropertyValueSpecification\",\"valueRequired\":true,\"valueName\":\"search_term_string\"}}],\"inLanguage\":\"fr-FR\"},{\"@type\":\"Organization\",\"@id\":\"https:\\\/\\\/www.lesseps.net\\\/fr\\\/#organization\",\"name\":\"\u00c9cole fran\u00e7aise FERDINAND DE LESSEPS\",\"url\":\"https:\\\/\\\/www.lesseps.net\\\/fr\\\/\",\"logo\":{\"@type\":\"ImageObject\",\"inLanguage\":\"fr-FR\",\"@id\":\"https:\\\/\\\/www.lesseps.net\\\/fr\\\/#\\\/schema\\\/logo\\\/image\\\/\",\"url\":\"https:\\\/\\\/www.lesseps.net\\\/wp-content\\\/uploads\\\/2023\\\/02\\\/ecole-francaise-ferniand-de-lesseps.svg\",\"contentUrl\":\"https:\\\/\\\/www.lesseps.net\\\/wp-content\\\/uploads\\\/2023\\\/02\\\/ecole-francaise-ferniand-de-lesseps.svg\",\"caption\":\"\u00c9cole fran\u00e7aise FERDINAND DE LESSEPS\"},\"image\":{\"@id\":\"https:\\\/\\\/www.lesseps.net\\\/fr\\\/#\\\/schema\\\/logo\\\/image\\\/\"},\"sameAs\":[\"https:\\\/\\\/www.instagram.com\\\/ecole.lesseps.barcelone\\\/\",\"https:\\\/\\\/vimeo.com\\\/channels\\\/1305370\",\"https:\\\/\\\/soundcloud.com\\\/lecole-2\"]}]}<\/script>\n<!-- \/ Yoast SEO plugin. -->","yoast_head_json":{"title":"Avis et politique de confidentialit\u00e9 - \u00c9cole fran\u00e7aise FERDINAND DE LESSEPS","robots":{"index":"noindex","follow":"nofollow"},"og_locale":"fr_FR","og_type":"article","og_title":"Avis et politique de confidentialit\u00e9 - \u00c9cole fran\u00e7aise FERDINAND DE LESSEPS","og_description":"Responsable Qui est le Responsable du traitement de vos donn\u00e9es? Identit\u00e9 : FONDATION PRIV\u00c9E \u00c9COLE FRAN\u00c7AISE FERDINAND DE LESSEPS Adresse postale: Gran V\u00eda de Les Corts Catalanes 707, 08013 Barcelone T\u00e9l\u00e9phone: 932 32 16 12 Adresse \u00e9lectronique : gestion@lesseps.net D\u00e9l\u00e9gu\u00e9 \u00e0 la protection des donn\u00e9es : lopd@msanchez.cat Finalit\u00e9 Les donn\u00e9es seront trait\u00e9es pour la gestion [&hellip;]","og_url":"https:\/\/www.lesseps.net\/fr\/politica-privacidad\/","og_site_name":"\u00c9cole fran\u00e7aise FERDINAND DE LESSEPS","article_modified_time":"2024-06-03T12:06:45+00:00","twitter_card":"summary_large_image","twitter_misc":{"Dur\u00e9e de lecture estim\u00e9e":"12 minutes"},"schema":{"@context":"https:\/\/schema.org","@graph":[{"@type":"WebPage","@id":"https:\/\/www.lesseps.net\/fr\/politica-privacidad\/","url":"https:\/\/www.lesseps.net\/fr\/politica-privacidad\/","name":"Avis et politique de confidentialit\u00e9 - \u00c9cole fran\u00e7aise FERDINAND DE LESSEPS","isPartOf":{"@id":"https:\/\/www.lesseps.net\/fr\/#website"},"datePublished":"2022-11-17T07:45:19+00:00","dateModified":"2024-06-03T12:06:45+00:00","breadcrumb":{"@id":"https:\/\/www.lesseps.net\/fr\/politica-privacidad\/#breadcrumb"},"inLanguage":"fr-FR","potentialAction":[{"@type":"ReadAction","target":["https:\/\/www.lesseps.net\/fr\/politica-privacidad\/"]}]},{"@type":"BreadcrumbList","@id":"https:\/\/www.lesseps.net\/fr\/politica-privacidad\/#breadcrumb","itemListElement":[{"@type":"ListItem","position":1,"name":"Portada","item":"https:\/\/www.lesseps.net\/fr\/"},{"@type":"ListItem","position":2,"name":"Avis et politique de confidentialit\u00e9"}]},{"@type":"WebSite","@id":"https:\/\/www.lesseps.net\/fr\/#website","url":"https:\/\/www.lesseps.net\/fr\/","name":"\u00c9cole fran\u00e7aise FERDINAND DE LESSEPS","description":"Barcelona","publisher":{"@id":"https:\/\/www.lesseps.net\/fr\/#organization"},"potentialAction":[{"@type":"SearchAction","target":{"@type":"EntryPoint","urlTemplate":"https:\/\/www.lesseps.net\/fr\/?s={search_term_string}"},"query-input":{"@type":"PropertyValueSpecification","valueRequired":true,"valueName":"search_term_string"}}],"inLanguage":"fr-FR"},{"@type":"Organization","@id":"https:\/\/www.lesseps.net\/fr\/#organization","name":"\u00c9cole fran\u00e7aise FERDINAND DE LESSEPS","url":"https:\/\/www.lesseps.net\/fr\/","logo":{"@type":"ImageObject","inLanguage":"fr-FR","@id":"https:\/\/www.lesseps.net\/fr\/#\/schema\/logo\/image\/","url":"https:\/\/www.lesseps.net\/wp-content\/uploads\/2023\/02\/ecole-francaise-ferniand-de-lesseps.svg","contentUrl":"https:\/\/www.lesseps.net\/wp-content\/uploads\/2023\/02\/ecole-francaise-ferniand-de-lesseps.svg","caption":"\u00c9cole fran\u00e7aise FERDINAND DE LESSEPS"},"image":{"@id":"https:\/\/www.lesseps.net\/fr\/#\/schema\/logo\/image\/"},"sameAs":["https:\/\/www.instagram.com\/ecole.lesseps.barcelone\/","https:\/\/vimeo.com\/channels\/1305370","https:\/\/soundcloud.com\/lecole-2"]}]}},"_links":{"self":[{"href":"https:\/\/www.lesseps.net\/fr\/wp-json\/wp\/v2\/pages\/6146","targetHints":{"allow":["GET"]}}],"collection":[{"href":"https:\/\/www.lesseps.net\/fr\/wp-json\/wp\/v2\/pages"}],"about":[{"href":"https:\/\/www.lesseps.net\/fr\/wp-json\/wp\/v2\/types\/page"}],"author":[{"embeddable":true,"href":"https:\/\/www.lesseps.net\/fr\/wp-json\/wp\/v2\/users\/1"}],"replies":[{"embeddable":true,"href":"https:\/\/www.lesseps.net\/fr\/wp-json\/wp\/v2\/comments?post=6146"}],"version-history":[{"count":2,"href":"https:\/\/www.lesseps.net\/fr\/wp-json\/wp\/v2\/pages\/6146\/revisions"}],"predecessor-version":[{"id":10321,"href":"https:\/\/www.lesseps.net\/fr\/wp-json\/wp\/v2\/pages\/6146\/revisions\/10321"}],"wp:attachment":[{"href":"https:\/\/www.lesseps.net\/fr\/wp-json\/wp\/v2\/media?parent=6146"}],"curies":[{"name":"wp","href":"https:\/\/api.w.org\/{rel}","templated":true}]}}